{"id":5,"date":"2021-03-03T11:19:44","date_gmt":"2021-03-03T10:19:44","guid":{"rendered":"https:\/\/www.wir-im-nordquartier.de\/?page_id=5"},"modified":"2026-04-17T10:20:52","modified_gmt":"2026-04-17T08:20:52","slug":"homepage","status":"publish","type":"page","link":"https:\/\/www.wir-im-nordquartier.de\/","title":{"rendered":"Homepage"},"content":{"rendered":"\t\t<div data-elementor-type=\"wp-page\" data-elementor-id=\"5\" class=\"elementor elementor-5\">\n\t\t\t\t\t\t<section class=\"elementor-section elementor-top-section elementor-element elementor-element-be76a3c elementor-section-full_width elementor-section-content-middle elementor-section-height-default elementor-section-height-default\" data-id=\"be76a3c\" data-element_type=\"section\" data-e-type=\"section\" data-settings=\"{&quot;background_background&quot;:&quot;classic&quot;}\">\n\t\t\t\t\t\t<div class=\"elementor-container elementor-column-gap-default\">\n\t\t\t\t\t<div class=\"elementor-column elementor-col-100 elementor-top-column elementor-element elementor-element-8179d59\" data-id=\"8179d59\" data-element_type=\"column\" data-e-type=\"column\">\n\t\t\t<div class=\"elementor-widget-wrap elementor-element-populated\">\n\t\t\t\t\t\t<div class=\"elementor-element elementor-element-6931c33 elementor-widget__width-inherit elementor-widget elementor-widget-image\" data-id=\"6931c33\" data-element_type=\"widget\" data-e-type=\"widget\" data-widget_type=\"image.default\">\n\t\t\t\t<div class=\"elementor-widget-container\">\n\t\t\t\t\t\t\t\t\t\t\t\t\t\t\t<img fetchpriority=\"high\" decoding=\"async\" width=\"2560\" height=\"1707\" src=\"https:\/\/www.wir-im-nordquartier.de\/wp-content\/uploads\/2021\/11\/4BFB8BD9-C885-4C73-A327-B3C9CFA0481E-scaled.jpeg\" class=\"attachment-full size-full wp-image-782\" alt=\"\" srcset=\"https:\/\/www.wir-im-nordquartier.de\/wp-content\/uploads\/2021\/11\/4BFB8BD9-C885-4C73-A327-B3C9CFA0481E-scaled.jpeg 2560w, https:\/\/www.wir-im-nordquartier.de\/wp-content\/uploads\/2021\/11\/4BFB8BD9-C885-4C73-A327-B3C9CFA0481E-300x200.jpeg 300w, https:\/\/www.wir-im-nordquartier.de\/wp-content\/uploads\/2021\/11\/4BFB8BD9-C885-4C73-A327-B3C9CFA0481E-1024x683.jpeg 1024w, https:\/\/www.wir-im-nordquartier.de\/wp-content\/uploads\/2021\/11\/4BFB8BD9-C885-4C73-A327-B3C9CFA0481E-768x512.jpeg 768w, https:\/\/www.wir-im-nordquartier.de\/wp-content\/uploads\/2021\/11\/4BFB8BD9-C885-4C73-A327-B3C9CFA0481E-1536x1024.jpeg 1536w, https:\/\/www.wir-im-nordquartier.de\/wp-content\/uploads\/2021\/11\/4BFB8BD9-C885-4C73-A327-B3C9CFA0481E-2048x1365.jpeg 2048w\" sizes=\"(max-width: 2560px) 100vw, 2560px\" \/>\t\t\t\t\t\t\t\t\t\t\t\t\t\t\t<\/div>\n\t\t\t\t<\/div>\n\t\t\t\t\t<\/div>\n\t\t<\/div>\n\t\t\t\t\t<\/div>\n\t\t<\/section>\n\t\t\t\t<section class=\"elementor-section elementor-top-section elementor-element elementor-element-444a216 elementor-hidden-phone elementor-section-boxed elementor-section-height-default elementor-section-height-default\" data-id=\"444a216\" data-element_type=\"section\" data-e-type=\"section\" data-settings=\"{&quot;background_background&quot;:&quot;classic&quot;}\">\n\t\t\t\t\t\t<div class=\"elementor-container elementor-column-gap-default\">\n\t\t\t\t\t<div class=\"elementor-column elementor-col-33 elementor-top-column elementor-element elementor-element-ae6b2de\" data-id=\"ae6b2de\" data-element_type=\"column\" data-e-type=\"column\">\n\t\t\t<div class=\"elementor-widget-wrap elementor-element-populated\">\n\t\t\t\t\t\t<div class=\"elementor-element elementor-element-bf34d89 elementor-widget elementor-widget-heading\" data-id=\"bf34d89\" data-element_type=\"widget\" data-e-type=\"widget\" data-widget_type=\"heading.default\">\n\t\t\t\t<div class=\"elementor-widget-container\">\n\t\t\t\t\t<h2 class=\"elementor-heading-title elementor-size-default\">K\u00f6ln M\u00fclheim-Nord<\/h2>\t\t\t\t<\/div>\n\t\t\t\t<\/div>\n\t\t\t\t\t<\/div>\n\t\t<\/div>\n\t\t\t\t<div class=\"elementor-column elementor-col-33 elementor-top-column elementor-element elementor-element-c83257e\" data-id=\"c83257e\" data-element_type=\"column\" data-e-type=\"column\">\n\t\t\t<div class=\"elementor-widget-wrap elementor-element-populated\">\n\t\t\t\t\t\t<div class=\"elementor-element elementor-element-4c74f43 elementor-widget elementor-widget-heading\" data-id=\"4c74f43\" data-element_type=\"widget\" data-e-type=\"widget\" data-widget_type=\"heading.default\">\n\t\t\t\t<div class=\"elementor-widget-container\">\n\t\t\t\t\t<h2 class=\"elementor-heading-title elementor-size-default\">Regelm\u00e4\u00dfig<\/h2>\t\t\t\t<\/div>\n\t\t\t\t<\/div>\n\t\t\t\t\t<\/div>\n\t\t<\/div>\n\t\t\t\t<div class=\"elementor-column elementor-col-33 elementor-top-column elementor-element elementor-element-68c0ca7\" data-id=\"68c0ca7\" data-element_type=\"column\" data-e-type=\"column\">\n\t\t\t<div class=\"elementor-widget-wrap elementor-element-populated\">\n\t\t\t\t\t\t<div class=\"elementor-element elementor-element-0402cb1 elementor-widget elementor-widget-heading\" data-id=\"0402cb1\" data-element_type=\"widget\" data-e-type=\"widget\" data-widget_type=\"heading.default\">\n\t\t\t\t<div class=\"elementor-widget-container\">\n\t\t\t\t\t<h2 class=\"elementor-heading-title elementor-size-default\">K\u00fcchenmobil<\/h2>\t\t\t\t<\/div>\n\t\t\t\t<\/div>\n\t\t\t\t\t<\/div>\n\t\t<\/div>\n\t\t\t\t\t<\/div>\n\t\t<\/section>\n\t\t\t\t<section class=\"elementor-section elementor-top-section elementor-element elementor-element-6caec26 elementor-section-full_width elementor-section-height-default elementor-section-height-default\" data-id=\"6caec26\" data-element_type=\"section\" data-e-type=\"section\" data-settings=\"{&quot;background_background&quot;:&quot;classic&quot;}\">\n\t\t\t\t\t\t<div class=\"elementor-container elementor-column-gap-default\">\n\t\t\t\t\t<div class=\"elementor-column elementor-col-100 elementor-top-column elementor-element elementor-element-f607462\" data-id=\"f607462\" data-element_type=\"column\" data-e-type=\"column\">\n\t\t\t<div class=\"elementor-widget-wrap elementor-element-populated\">\n\t\t\t\t\t\t<div class=\"elementor-element elementor-element-aacfe9f elementor-widget elementor-widget-heading\" data-id=\"aacfe9f\" data-element_type=\"widget\" data-e-type=\"widget\" data-widget_type=\"heading.default\">\n\t\t\t\t<div class=\"elementor-widget-container\">\n\t\t\t\t\t<h2 class=\"elementor-heading-title elementor-size-default\">Aktuelle Angebote<\/h2>\t\t\t\t<\/div>\n\t\t\t\t<\/div>\n\t\t\t\t<section class=\"elementor-section elementor-inner-section elementor-element elementor-element-9cfc799 elementor-section-full_width elementor-section-height-default elementor-section-height-default\" data-id=\"9cfc799\" data-element_type=\"section\" data-e-type=\"section\">\n\t\t\t\t\t\t<div class=\"elementor-container elementor-column-gap-default\">\n\t\t\t\t\t<div class=\"elementor-column elementor-col-33 elementor-inner-column elementor-element elementor-element-ddbf8c5\" data-id=\"ddbf8c5\" data-element_type=\"column\" data-e-type=\"column\">\n\t\t\t<div class=\"elementor-widget-wrap elementor-element-populated\">\n\t\t\t\t\t\t<div class=\"elementor-element elementor-element-3ad87cd elementor-widget elementor-widget-image\" data-id=\"3ad87cd\" data-element_type=\"widget\" data-e-type=\"widget\" data-widget_type=\"image.default\">\n\t\t\t\t<div class=\"elementor-widget-container\">\n\t\t\t\t\t\t\t\t\t\t\t\t\t\t\t<img decoding=\"async\" width=\"842\" height=\"1191\" src=\"https:\/\/www.wir-im-nordquartier.de\/wp-content\/uploads\/2023\/02\/DienstagsPlakat2_Zeichenflaeche-1.jpg\" class=\"attachment-full size-full wp-image-792\" alt=\"\" srcset=\"https:\/\/www.wir-im-nordquartier.de\/wp-content\/uploads\/2023\/02\/DienstagsPlakat2_Zeichenflaeche-1.jpg 842w, https:\/\/www.wir-im-nordquartier.de\/wp-content\/uploads\/2023\/02\/DienstagsPlakat2_Zeichenflaeche-1-212x300.jpg 212w, https:\/\/www.wir-im-nordquartier.de\/wp-content\/uploads\/2023\/02\/DienstagsPlakat2_Zeichenflaeche-1-724x1024.jpg 724w, https:\/\/www.wir-im-nordquartier.de\/wp-content\/uploads\/2023\/02\/DienstagsPlakat2_Zeichenflaeche-1-768x1086.jpg 768w\" sizes=\"(max-width: 842px) 100vw, 842px\" \/>\t\t\t\t\t\t\t\t\t\t\t\t\t\t\t<\/div>\n\t\t\t\t<\/div>\n\t\t\t\t<div class=\"elementor-element elementor-element-8638317 elementor-icon-list--layout-inline elementor-align-center elementor-list-item-link-full_width elementor-widget elementor-widget-icon-list\" data-id=\"8638317\" data-element_type=\"widget\" data-e-type=\"widget\" data-widget_type=\"icon-list.default\">\n\t\t\t\t<div class=\"elementor-widget-container\">\n\t\t\t\t\t\t\t<ul class=\"elementor-icon-list-items elementor-inline-items\">\n\t\t\t\t\t\t\t<li class=\"elementor-icon-list-item elementor-inline-item\">\n\t\t\t\t\t\t\t\t\t\t\t<span class=\"elementor-icon-list-icon\">\n\t\t\t\t\t\t\t<i aria-hidden=\"true\" class=\"fas fa-check\"><\/i>\t\t\t\t\t\t<\/span>\n\t\t\t\t\t\t\t\t\t\t<span class=\"elementor-icon-list-text\">Frische K\u00fcche<\/span>\n\t\t\t\t\t\t\t\t\t<\/li>\n\t\t\t\t\t\t\t\t<li class=\"elementor-icon-list-item elementor-inline-item\">\n\t\t\t\t\t\t\t\t\t\t\t<span class=\"elementor-icon-list-icon\">\n\t\t\t\t\t\t\t<i aria-hidden=\"true\" class=\"fas fa-euro-sign\"><\/i>\t\t\t\t\t\t<\/span>\n\t\t\t\t\t\t\t\t\t\t<span class=\"elementor-icon-list-text\">3-5 Euro pro Mahlzeit<\/span>\n\t\t\t\t\t\t\t\t\t<\/li>\n\t\t\t\t\t\t\t\t<li class=\"elementor-icon-list-item elementor-inline-item\">\n\t\t\t\t\t\t\t\t\t\t\t<span class=\"elementor-icon-list-icon\">\n\t\t\t\t\t\t\t<i aria-hidden=\"true\" class=\"far fa-hand-peace\"><\/i>\t\t\t\t\t\t<\/span>\n\t\t\t\t\t\t\t\t\t\t<span class=\"elementor-icon-list-text\">optional vegetarisch<\/span>\n\t\t\t\t\t\t\t\t\t<\/li>\n\t\t\t\t\t\t<\/ul>\n\t\t\t\t\t\t<\/div>\n\t\t\t\t<\/div>\n\t\t\t\t\t<\/div>\n\t\t<\/div>\n\t\t\t\t<div class=\"elementor-column elementor-col-33 elementor-inner-column elementor-element elementor-element-f3e2668\" data-id=\"f3e2668\" data-element_type=\"column\" data-e-type=\"column\">\n\t\t\t<div class=\"elementor-widget-wrap elementor-element-populated\">\n\t\t\t\t\t\t<div class=\"elementor-element elementor-element-eb249ad elementor-widget elementor-widget-image\" data-id=\"eb249ad\" data-element_type=\"widget\" data-e-type=\"widget\" data-widget_type=\"image.default\">\n\t\t\t\t<div class=\"elementor-widget-container\">\n\t\t\t\t\t\t\t\t\t\t\t\t\t\t\t<img decoding=\"async\" width=\"1789\" height=\"2516\" src=\"https:\/\/www.wir-im-nordquartier.de\/wp-content\/uploads\/2025\/08\/20250801_Plakat_Familienkochen_ZweitesProjektjahr.jpg\" class=\"attachment-full size-full wp-image-1350\" alt=\"Familien illustriert stehen um Tisch und bereiten Essen zu\" srcset=\"https:\/\/www.wir-im-nordquartier.de\/wp-content\/uploads\/2025\/08\/20250801_Plakat_Familienkochen_ZweitesProjektjahr.jpg 1789w, https:\/\/www.wir-im-nordquartier.de\/wp-content\/uploads\/2025\/08\/20250801_Plakat_Familienkochen_ZweitesProjektjahr-213x300.jpg 213w, https:\/\/www.wir-im-nordquartier.de\/wp-content\/uploads\/2025\/08\/20250801_Plakat_Familienkochen_ZweitesProjektjahr-728x1024.jpg 728w, https:\/\/www.wir-im-nordquartier.de\/wp-content\/uploads\/2025\/08\/20250801_Plakat_Familienkochen_ZweitesProjektjahr-768x1080.jpg 768w, https:\/\/www.wir-im-nordquartier.de\/wp-content\/uploads\/2025\/08\/20250801_Plakat_Familienkochen_ZweitesProjektjahr-1092x1536.jpg 1092w, https:\/\/www.wir-im-nordquartier.de\/wp-content\/uploads\/2025\/08\/20250801_Plakat_Familienkochen_ZweitesProjektjahr-1456x2048.jpg 1456w\" sizes=\"(max-width: 1789px) 100vw, 1789px\" \/>\t\t\t\t\t\t\t\t\t\t\t\t\t\t\t<\/div>\n\t\t\t\t<\/div>\n\t\t\t\t<div class=\"elementor-element elementor-element-b23b408 elementor-icon-list--layout-inline elementor-align-center elementor-list-item-link-full_width elementor-widget elementor-widget-icon-list\" data-id=\"b23b408\" data-element_type=\"widget\" data-e-type=\"widget\" data-widget_type=\"icon-list.default\">\n\t\t\t\t<div class=\"elementor-widget-container\">\n\t\t\t\t\t\t\t<ul class=\"elementor-icon-list-items elementor-inline-items\">\n\t\t\t\t\t\t\t<li class=\"elementor-icon-list-item elementor-inline-item\">\n\t\t\t\t\t\t\t\t\t\t\t<span class=\"elementor-icon-list-icon\">\n\t\t\t\t\t\t\t<i aria-hidden=\"true\" class=\"far fa-calendar-alt\"><\/i>\t\t\t\t\t\t<\/span>\n\t\t\t\t\t\t\t\t\t\t<span class=\"elementor-icon-list-text\">alle zwei Wochen<\/span>\n\t\t\t\t\t\t\t\t\t<\/li>\n\t\t\t\t\t\t\t\t<li class=\"elementor-icon-list-item elementor-inline-item\">\n\t\t\t\t\t\t\t\t\t\t\t<span class=\"elementor-icon-list-icon\">\n\t\t\t\t\t\t\t<i aria-hidden=\"true\" class=\"fas fa-euro-sign\"><\/i>\t\t\t\t\t\t<\/span>\n\t\t\t\t\t\t\t\t\t\t<span class=\"elementor-icon-list-text\">kostenlos<\/span>\n\t\t\t\t\t\t\t\t\t<\/li>\n\t\t\t\t\t\t\t\t<li class=\"elementor-icon-list-item elementor-inline-item\">\n\t\t\t\t\t\t\t\t\t\t\t<span class=\"elementor-icon-list-icon\">\n\t\t\t\t\t\t\t<i aria-hidden=\"true\" class=\"far fa-hand-peace\"><\/i>\t\t\t\t\t\t<\/span>\n\t\t\t\t\t\t\t\t\t\t<span class=\"elementor-icon-list-text\">F\u00fcr Familien der Grundschule Langema\u00df<\/span>\n\t\t\t\t\t\t\t\t\t<\/li>\n\t\t\t\t\t\t<\/ul>\n\t\t\t\t\t\t<\/div>\n\t\t\t\t<\/div>\n\t\t\t\t\t<\/div>\n\t\t<\/div>\n\t\t\t\t<div class=\"elementor-column elementor-col-33 elementor-inner-column elementor-element elementor-element-3b7171f\" data-id=\"3b7171f\" data-element_type=\"column\" data-e-type=\"column\">\n\t\t\t<div class=\"elementor-widget-wrap elementor-element-populated\">\n\t\t\t\t\t\t<div class=\"elementor-element elementor-element-cff03a5 elementor-widget elementor-widget-image\" data-id=\"cff03a5\" data-element_type=\"widget\" data-e-type=\"widget\" data-widget_type=\"image.default\">\n\t\t\t\t<div class=\"elementor-widget-container\">\n\t\t\t\t\t\t\t\t\t\t\t\t\t\t\t<img loading=\"lazy\" decoding=\"async\" width=\"1754\" height=\"2481\" src=\"https:\/\/www.wir-im-nordquartier.de\/wp-content\/uploads\/2024\/02\/SpielzeitRixdorfDigital.jpg\" class=\"attachment-full size-full wp-image-817\" alt=\"\" srcset=\"https:\/\/www.wir-im-nordquartier.de\/wp-content\/uploads\/2024\/02\/SpielzeitRixdorfDigital.jpg 1754w, https:\/\/www.wir-im-nordquartier.de\/wp-content\/uploads\/2024\/02\/SpielzeitRixdorfDigital-212x300.jpg 212w, https:\/\/www.wir-im-nordquartier.de\/wp-content\/uploads\/2024\/02\/SpielzeitRixdorfDigital-724x1024.jpg 724w, https:\/\/www.wir-im-nordquartier.de\/wp-content\/uploads\/2024\/02\/SpielzeitRixdorfDigital-768x1086.jpg 768w, https:\/\/www.wir-im-nordquartier.de\/wp-content\/uploads\/2024\/02\/SpielzeitRixdorfDigital-1086x1536.jpg 1086w, https:\/\/www.wir-im-nordquartier.de\/wp-content\/uploads\/2024\/02\/SpielzeitRixdorfDigital-1448x2048.jpg 1448w\" sizes=\"(max-width: 1754px) 100vw, 1754px\" \/>\t\t\t\t\t\t\t\t\t\t\t\t\t\t\t<\/div>\n\t\t\t\t<\/div>\n\t\t\t\t<div class=\"elementor-element elementor-element-9454ece elementor-icon-list--layout-inline elementor-align-center elementor-list-item-link-full_width elementor-widget elementor-widget-icon-list\" data-id=\"9454ece\" data-element_type=\"widget\" data-e-type=\"widget\" data-widget_type=\"icon-list.default\">\n\t\t\t\t<div class=\"elementor-widget-container\">\n\t\t\t\t\t\t\t<ul class=\"elementor-icon-list-items elementor-inline-items\">\n\t\t\t\t\t\t\t<li class=\"elementor-icon-list-item elementor-inline-item\">\n\t\t\t\t\t\t\t\t\t\t\t<span class=\"elementor-icon-list-icon\">\n\t\t\t\t\t\t\t<i aria-hidden=\"true\" class=\"far fa-calendar-alt\"><\/i>\t\t\t\t\t\t<\/span>\n\t\t\t\t\t\t\t\t\t\t<span class=\"elementor-icon-list-text\">jeden 2. und 4. Freitag.<\/span>\n\t\t\t\t\t\t\t\t\t<\/li>\n\t\t\t\t\t\t\t\t<li class=\"elementor-icon-list-item elementor-inline-item\">\n\t\t\t\t\t\t\t\t\t\t\t<span class=\"elementor-icon-list-icon\">\n\t\t\t\t\t\t\t<i aria-hidden=\"true\" class=\"fas fa-euro-sign\"><\/i>\t\t\t\t\t\t<\/span>\n\t\t\t\t\t\t\t\t\t\t<span class=\"elementor-icon-list-text\">Kostenlos<\/span>\n\t\t\t\t\t\t\t\t\t<\/li>\n\t\t\t\t\t\t\t\t<li class=\"elementor-icon-list-item elementor-inline-item\">\n\t\t\t\t\t\t\t\t\t\t\t<span class=\"elementor-icon-list-icon\">\n\t\t\t\t\t\t\t<i aria-hidden=\"true\" class=\"far fa-sun\"><\/i>\t\t\t\t\t\t<\/span>\n\t\t\t\t\t\t\t\t\t\t<span class=\"elementor-icon-list-text\">Nur bei gutem Wetter<\/span>\n\t\t\t\t\t\t\t\t\t<\/li>\n\t\t\t\t\t\t<\/ul>\n\t\t\t\t\t\t<\/div>\n\t\t\t\t<\/div>\n\t\t\t\t\t<\/div>\n\t\t<\/div>\n\t\t\t\t\t<\/div>\n\t\t<\/section>\n\t\t\t\t<div class=\"elementor-element elementor-element-3ffb04b elementor-widget elementor-widget-spacer\" data-id=\"3ffb04b\" data-element_type=\"widget\" data-e-type=\"widget\" data-widget_type=\"spacer.default\">\n\t\t\t\t<div class=\"elementor-widget-container\">\n\t\t\t\t\t\t\t<div class=\"elementor-spacer\">\n\t\t\t<div class=\"elementor-spacer-inner\"><\/div>\n\t\t<\/div>\n\t\t\t\t\t\t<\/div>\n\t\t\t\t<\/div>\n\t\t\t\t<div class=\"elementor-element elementor-element-38482cd elementor-widget elementor-widget-spacer\" data-id=\"38482cd\" data-element_type=\"widget\" data-e-type=\"widget\" data-widget_type=\"spacer.default\">\n\t\t\t\t<div class=\"elementor-widget-container\">\n\t\t\t\t\t\t\t<div class=\"elementor-spacer\">\n\t\t\t<div class=\"elementor-spacer-inner\"><\/div>\n\t\t<\/div>\n\t\t\t\t\t\t<\/div>\n\t\t\t\t<\/div>\n\t\t\t\t\t<\/div>\n\t\t<\/div>\n\t\t\t\t\t<\/div>\n\t\t<\/section>\n\t\t\t\t<section class=\"elementor-section elementor-top-section elementor-element elementor-element-f5e1386 elementor-hidden-phone elementor-section-boxed elementor-section-height-default elementor-section-height-default\" data-id=\"f5e1386\" data-element_type=\"section\" data-e-type=\"section\" data-settings=\"{&quot;background_background&quot;:&quot;classic&quot;}\">\n\t\t\t\t\t\t<div class=\"elementor-container elementor-column-gap-default\">\n\t\t\t\t\t<div class=\"elementor-column elementor-col-33 elementor-top-column elementor-element elementor-element-7ef33f8\" data-id=\"7ef33f8\" data-element_type=\"column\" data-e-type=\"column\">\n\t\t\t<div class=\"elementor-widget-wrap elementor-element-populated\">\n\t\t\t\t\t\t<div class=\"elementor-element elementor-element-53ce2b1 elementor-widget elementor-widget-heading\" data-id=\"53ce2b1\" data-element_type=\"widget\" data-e-type=\"widget\" data-widget_type=\"heading.default\">\n\t\t\t\t<div class=\"elementor-widget-container\">\n\t\t\t\t\t<h2 class=\"elementor-heading-title elementor-size-default\">Projekt<\/h2>\t\t\t\t<\/div>\n\t\t\t\t<\/div>\n\t\t\t\t\t<\/div>\n\t\t<\/div>\n\t\t\t\t<div class=\"elementor-column elementor-col-33 elementor-top-column elementor-element elementor-element-1716ddf\" data-id=\"1716ddf\" data-element_type=\"column\" data-e-type=\"column\">\n\t\t\t<div class=\"elementor-widget-wrap elementor-element-populated\">\n\t\t\t\t\t\t<div class=\"elementor-element elementor-element-554b0b2 elementor-widget elementor-widget-heading\" data-id=\"554b0b2\" data-element_type=\"widget\" data-e-type=\"widget\" data-widget_type=\"heading.default\">\n\t\t\t\t<div class=\"elementor-widget-container\">\n\t\t\t\t\t<h2 class=\"elementor-heading-title elementor-size-default\">FamilienNetz+<\/h2>\t\t\t\t<\/div>\n\t\t\t\t<\/div>\n\t\t\t\t\t<\/div>\n\t\t<\/div>\n\t\t\t\t<div class=\"elementor-column elementor-col-33 elementor-top-column elementor-element elementor-element-3aaf065\" data-id=\"3aaf065\" data-element_type=\"column\" data-e-type=\"column\">\n\t\t\t<div class=\"elementor-widget-wrap elementor-element-populated\">\n\t\t\t\t\t\t<div class=\"elementor-element elementor-element-61c8280 elementor-widget elementor-widget-heading\" data-id=\"61c8280\" data-element_type=\"widget\" data-e-type=\"widget\" data-widget_type=\"heading.default\">\n\t\t\t\t<div class=\"elementor-widget-container\">\n\t\t\t\t\t<h2 class=\"elementor-heading-title elementor-size-default\">Beschreibung<\/h2>\t\t\t\t<\/div>\n\t\t\t\t<\/div>\n\t\t\t\t\t<\/div>\n\t\t<\/div>\n\t\t\t\t\t<\/div>\n\t\t<\/section>\n\t\t\t\t<section class=\"elementor-section elementor-top-section elementor-element elementor-element-2278be0 elementor-section-full_width elementor-section-height-default elementor-section-height-default\" data-id=\"2278be0\" data-element_type=\"section\" data-e-type=\"section\" data-settings=\"{&quot;background_background&quot;:&quot;classic&quot;}\">\n\t\t\t\t\t\t<div class=\"elementor-container elementor-column-gap-default\">\n\t\t\t\t\t<div class=\"elementor-column elementor-col-100 elementor-top-column elementor-element elementor-element-429e4b9\" data-id=\"429e4b9\" data-element_type=\"column\" data-e-type=\"column\">\n\t\t\t<div class=\"elementor-widget-wrap elementor-element-populated\">\n\t\t\t\t\t\t<div class=\"elementor-element elementor-element-ca5e7f8 elementor-widget-divider--separator-type-pattern elementor-widget-divider--view-line elementor-widget elementor-widget-divider\" data-id=\"ca5e7f8\" data-element_type=\"widget\" data-e-type=\"widget\" data-widget_type=\"divider.default\">\n\t\t\t\t<div class=\"elementor-widget-container\">\n\t\t\t\t\t\t\t<div class=\"elementor-divider\" style=\"--divider-pattern-url: url(&quot;data:image\/svg+xml,%3Csvg xmlns=&#039;http:\/\/www.w3.org\/2000\/svg&#039; preserveAspectRatio=&#039;none&#039; overflow=&#039;visible&#039; height=&#039;100%&#039; viewBox=&#039;0 0 24 24&#039; fill=&#039;none&#039; stroke=&#039;black&#039; stroke-width=&#039;1.6&#039; stroke-linecap=&#039;square&#039; stroke-miterlimit=&#039;10&#039;%3E%3Cpath d=&#039;M0,21c3.3,0,8.3-0.9,15.7-7.1c6.6-5.4,4.4-9.3,2.4-10.3c-3.4-1.8-7.7,1.3-7.3,8.8C11.2,20,17.1,21,24,21&#039;\/%3E%3C\/svg%3E&quot;);\">\n\t\t\t<span class=\"elementor-divider-separator\">\n\t\t\t\t\t\t<\/span>\n\t\t<\/div>\n\t\t\t\t\t\t<\/div>\n\t\t\t\t<\/div>\n\t\t\t\t<section class=\"elementor-section elementor-inner-section elementor-element elementor-element-0671185 elementor-section-full_width elementor-section-height-default elementor-section-height-default\" data-id=\"0671185\" data-element_type=\"section\" data-e-type=\"section\">\n\t\t\t\t\t\t<div class=\"elementor-container elementor-column-gap-default\">\n\t\t\t\t\t<div class=\"elementor-column elementor-col-50 elementor-inner-column elementor-element elementor-element-c3fc285\" data-id=\"c3fc285\" data-element_type=\"column\" data-e-type=\"column\">\n\t\t\t<div class=\"elementor-widget-wrap\">\n\t\t\t\t\t\t\t<\/div>\n\t\t<\/div>\n\t\t\t\t<div class=\"elementor-column elementor-col-50 elementor-inner-column elementor-element elementor-element-07d9d65\" data-id=\"07d9d65\" data-element_type=\"column\" data-e-type=\"column\">\n\t\t\t<div class=\"elementor-widget-wrap\">\n\t\t\t\t\t\t\t<\/div>\n\t\t<\/div>\n\t\t\t\t\t<\/div>\n\t\t<\/section>\n\t\t\t\t\t<\/div>\n\t\t<\/div>\n\t\t\t\t\t<\/div>\n\t\t<\/section>\n\t\t\t\t<section class=\"elementor-section elementor-top-section elementor-element elementor-element-3d4e012 elementor-section-full_width elementor-section-height-default elementor-section-height-default\" data-id=\"3d4e012\" data-element_type=\"section\" data-e-type=\"section\" data-settings=\"{&quot;background_background&quot;:&quot;classic&quot;}\">\n\t\t\t\t\t\t<div class=\"elementor-container elementor-column-gap-default\">\n\t\t\t\t\t<div class=\"elementor-column elementor-col-33 elementor-top-column elementor-element elementor-element-7e693f1\" data-id=\"7e693f1\" data-element_type=\"column\" data-e-type=\"column\">\n\t\t\t<div class=\"elementor-widget-wrap elementor-element-populated\">\n\t\t\t\t\t\t<div class=\"elementor-element elementor-element-80049e7 elementor-widget elementor-widget-image\" data-id=\"80049e7\" data-element_type=\"widget\" data-e-type=\"widget\" data-widget_type=\"image.default\">\n\t\t\t\t<div class=\"elementor-widget-container\">\n\t\t\t\t\t\t\t\t\t\t\t\t\t\t\t<img loading=\"lazy\" decoding=\"async\" width=\"768\" height=\"1024\" src=\"https:\/\/www.wir-im-nordquartier.de\/wp-content\/uploads\/2025\/08\/IMG_4661-768x1024.jpg\" class=\"attachment-large size-large wp-image-1352\" alt=\"Viele Menschen sitzen am Tisch und bereiten Mahlzeit zu\" srcset=\"https:\/\/www.wir-im-nordquartier.de\/wp-content\/uploads\/2025\/08\/IMG_4661-768x1024.jpg 768w, https:\/\/www.wir-im-nordquartier.de\/wp-content\/uploads\/2025\/08\/IMG_4661-225x300.jpg 225w, https:\/\/www.wir-im-nordquartier.de\/wp-content\/uploads\/2025\/08\/IMG_4661-1152x1536.jpg 1152w, https:\/\/www.wir-im-nordquartier.de\/wp-content\/uploads\/2025\/08\/IMG_4661-1536x2048.jpg 1536w, https:\/\/www.wir-im-nordquartier.de\/wp-content\/uploads\/2025\/08\/IMG_4661-scaled.jpg 1920w\" sizes=\"(max-width: 768px) 100vw, 768px\" \/>\t\t\t\t\t\t\t\t\t\t\t\t\t\t\t<\/div>\n\t\t\t\t<\/div>\n\t\t\t\t\t<\/div>\n\t\t<\/div>\n\t\t\t\t<div class=\"elementor-column elementor-col-33 elementor-top-column elementor-element elementor-element-5745d85\" data-id=\"5745d85\" data-element_type=\"column\" data-e-type=\"column\">\n\t\t\t<div class=\"elementor-widget-wrap elementor-element-populated\">\n\t\t\t\t\t\t<div class=\"elementor-element elementor-element-9ac9a15 elementor-widget elementor-widget-heading\" data-id=\"9ac9a15\" data-element_type=\"widget\" data-e-type=\"widget\" data-widget_type=\"heading.default\">\n\t\t\t\t<div class=\"elementor-widget-container\">\n\t\t\t\t\t<h2 class=\"elementor-heading-title elementor-size-default\">Familien kochen und vernetzen<\/h2>\t\t\t\t<\/div>\n\t\t\t\t<\/div>\n\t\t\t\t<div class=\"elementor-element elementor-element-ef5b8cb elementor-widget elementor-widget-text-editor\" data-id=\"ef5b8cb\" data-element_type=\"widget\" data-e-type=\"widget\" data-widget_type=\"text-editor.default\">\n\t\t\t\t<div class=\"elementor-widget-container\">\n\t\t\t\t\t\t\t\t\t<p>Projekt &#8222;FamilienNetz+&#8220; geht ins zweite Jahr! Wir freuen uns sehr:<\/p><p>Unser gemeinsames Projekt &#8222;FamilienNetz+&#8220; mit dem Familiengrundschulzentrum GGS Langema\u00df geht ab dem 26.09.2025 in die n\u00e4chste Runde!<\/p><p>Auch im neuen Projektjahr erwartet Familien wieder ein buntes Programm:<\/p><p><strong>Gemeinsam kochen<\/strong> \u2013 an wechselnden Orten im Stadtteil <strong>Austausch &amp; Begegnung<\/strong> \u2013 in gem\u00fctlicher Runde <br \/><strong>Ausfl\u00fcge &amp; Stadtteilerkundungen<\/strong> \u2013 wir entdecken neue Ecken und Angebote<\/p><p>Das Projekt bringt Familien zusammen, st\u00e4rkt den Austausch im Viertel und schafft neue Kontakte. Gef\u00f6rdert wird das Projekt von der RheinEnergie Stiftung Familie.<\/p><p>Neugierig geworden? Eine Anmeldung ist ab sofort bei Frau Ehrig m\u00f6glich. Einen Einblick ins erste Projektjahr gibt es auf unserem Instagram-Kanal (Highlight \u201eFamilienNetz+\u201c)<\/p><p>Die Termine k\u00f6nnen Sie dem Kalender entnehmen. Wir freuen uns auf viele neue und bekannte Gesichter!<\/p>\t\t\t\t\t\t\t\t<\/div>\n\t\t\t\t<\/div>\n\t\t\t\t\t<\/div>\n\t\t<\/div>\n\t\t\t\t<div class=\"elementor-column elementor-col-33 elementor-top-column elementor-element elementor-element-b090c24\" data-id=\"b090c24\" data-element_type=\"column\" data-e-type=\"column\">\n\t\t\t<div class=\"elementor-widget-wrap elementor-element-populated\">\n\t\t\t\t\t\t<div class=\"elementor-element elementor-element-db76507 elementor-hidden-tablet elementor-hidden-mobile elementor-widget elementor-widget-spacer\" data-id=\"db76507\" data-element_type=\"widget\" data-e-type=\"widget\" data-widget_type=\"spacer.default\">\n\t\t\t\t<div class=\"elementor-widget-container\">\n\t\t\t\t\t\t\t<div class=\"elementor-spacer\">\n\t\t\t<div class=\"elementor-spacer-inner\"><\/div>\n\t\t<\/div>\n\t\t\t\t\t\t<\/div>\n\t\t\t\t<\/div>\n\t\t\t\t<div class=\"elementor-element elementor-element-6131228 elementor-widget elementor-widget-text-editor\" data-id=\"6131228\" data-element_type=\"widget\" data-e-type=\"widget\" data-widget_type=\"text-editor.default\">\n\t\t\t\t<div class=\"elementor-widget-container\">\n\t\t\t\t\t\t\t\t\t<div class=\"page\" title=\"Page 1\"><div class=\"section\"><div class=\"layoutArea\"><div class=\"column\"><p><strong>Termine f\u00fcr 2026 sind immer freitags von 16 bis 19 Uhr<br \/><\/strong>Treffpunkt ist um 16 Uhr am Schultor der GGS Langema\u00df<\/p><p>17.04.<br \/>08.05.<br \/>22.05.<br \/>05.06.<br \/>19.06.<br \/>03.07.<br \/>10.07. Abschluss<\/p><p><em>Hinweis: Inhalt der Termine wechselnd.<\/em><\/p><p><strong>Anmeldungen per Mail oder Nachricht an<\/strong><\/p><p>Madeleine Ehrig <br \/><a href=\"http:\/\/www.ggs-langemass.de\/seite\/496801\/familiengrundschulzentrum.html\">Grundschule Langema\u00df<\/a> | Familiengrundschulzentrum GGS Langema\u00df<br \/>0157 36 62 64 64 <br \/><a href=\"mailto:ehrig@awo-koeln.de\">ehrig@awo-koeln.de<\/a><\/p><\/div><\/div><\/div><\/div>\t\t\t\t\t\t\t\t<\/div>\n\t\t\t\t<\/div>\n\t\t\t\t\t<\/div>\n\t\t<\/div>\n\t\t\t\t\t<\/div>\n\t\t<\/section>\n\t\t\t\t<section class=\"elementor-section elementor-top-section elementor-element elementor-element-2b82717 elementor-hidden-phone elementor-section-boxed elementor-section-height-default elementor-section-height-default\" data-id=\"2b82717\" data-element_type=\"section\" data-e-type=\"section\" data-settings=\"{&quot;background_background&quot;:&quot;classic&quot;}\">\n\t\t\t\t\t\t<div class=\"elementor-container elementor-column-gap-default\">\n\t\t\t\t\t<div class=\"elementor-column elementor-col-33 elementor-top-column elementor-element elementor-element-51f2ace\" data-id=\"51f2ace\" data-element_type=\"column\" data-e-type=\"column\">\n\t\t\t<div class=\"elementor-widget-wrap elementor-element-populated\">\n\t\t\t\t\t\t<div class=\"elementor-element elementor-element-e777f41 elementor-widget elementor-widget-heading\" data-id=\"e777f41\" data-element_type=\"widget\" data-e-type=\"widget\" data-widget_type=\"heading.default\">\n\t\t\t\t<div class=\"elementor-widget-container\">\n\t\t\t\t\t<h2 class=\"elementor-heading-title elementor-size-default\">Aktuelles<\/h2>\t\t\t\t<\/div>\n\t\t\t\t<\/div>\n\t\t\t\t\t<\/div>\n\t\t<\/div>\n\t\t\t\t<div class=\"elementor-column elementor-col-33 elementor-top-column elementor-element elementor-element-1039e58\" data-id=\"1039e58\" data-element_type=\"column\" data-e-type=\"column\">\n\t\t\t<div class=\"elementor-widget-wrap elementor-element-populated\">\n\t\t\t\t\t\t<div class=\"elementor-element elementor-element-3645eb4 elementor-widget elementor-widget-heading\" data-id=\"3645eb4\" data-element_type=\"widget\" data-e-type=\"widget\" data-widget_type=\"heading.default\">\n\t\t\t\t<div class=\"elementor-widget-container\">\n\t\t\t\t\t<h2 class=\"elementor-heading-title elementor-size-default\">Kalender<\/h2>\t\t\t\t<\/div>\n\t\t\t\t<\/div>\n\t\t\t\t\t<\/div>\n\t\t<\/div>\n\t\t\t\t<div class=\"elementor-column elementor-col-33 elementor-top-column elementor-element elementor-element-edfec0f\" data-id=\"edfec0f\" data-element_type=\"column\" data-e-type=\"column\">\n\t\t\t<div class=\"elementor-widget-wrap elementor-element-populated\">\n\t\t\t\t\t\t<div class=\"elementor-element elementor-element-554a312 elementor-widget elementor-widget-heading\" data-id=\"554a312\" data-element_type=\"widget\" data-e-type=\"widget\" data-widget_type=\"heading.default\">\n\t\t\t\t<div class=\"elementor-widget-container\">\n\t\t\t\t\t<h2 class=\"elementor-heading-title elementor-size-default\">Aktionen, Projekte &amp; Beteiligung<\/h2>\t\t\t\t<\/div>\n\t\t\t\t<\/div>\n\t\t\t\t\t<\/div>\n\t\t<\/div>\n\t\t\t\t\t<\/div>\n\t\t<\/section>\n\t\t\t\t<section class=\"elementor-section elementor-top-section elementor-element elementor-element-5e52f82 elementor-section-full_width elementor-section-height-default elementor-section-height-default\" data-id=\"5e52f82\" data-element_type=\"section\" data-e-type=\"section\" data-settings=\"{&quot;background_background&quot;:&quot;classic&quot;}\">\n\t\t\t\t\t\t<div class=\"elementor-container elementor-column-gap-default\">\n\t\t\t\t\t<div class=\"elementor-column elementor-col-100 elementor-top-column elementor-element elementor-element-31ab05d\" data-id=\"31ab05d\" data-element_type=\"column\" data-e-type=\"column\">\n\t\t\t<div class=\"elementor-widget-wrap elementor-element-populated\">\n\t\t\t\t\t\t<div class=\"elementor-element elementor-element-bfb7c5f elementor-widget__width-inherit elementor-widget-divider--separator-type-pattern elementor-widget-divider--view-line elementor-widget elementor-widget-divider\" data-id=\"bfb7c5f\" data-element_type=\"widget\" data-e-type=\"widget\" data-widget_type=\"divider.default\">\n\t\t\t\t<div class=\"elementor-widget-container\">\n\t\t\t\t\t\t\t<div class=\"elementor-divider\" style=\"--divider-pattern-url: url(&quot;data:image\/svg+xml,%3Csvg xmlns=&#039;http:\/\/www.w3.org\/2000\/svg&#039; preserveAspectRatio=&#039;none&#039; overflow=&#039;visible&#039; height=&#039;100%&#039; viewBox=&#039;0 0 24 24&#039; fill=&#039;none&#039; stroke=&#039;black&#039; stroke-width=&#039;1.6&#039; stroke-linecap=&#039;square&#039; stroke-miterlimit=&#039;10&#039;%3E%3Cpath d=&#039;M0,21c3.3,0,8.3-0.9,15.7-7.1c6.6-5.4,4.4-9.3,2.4-10.3c-3.4-1.8-7.7,1.3-7.3,8.8C11.2,20,17.1,21,24,21&#039;\/%3E%3C\/svg%3E&quot;);\">\n\t\t\t<span class=\"elementor-divider-separator\">\n\t\t\t\t\t\t<\/span>\n\t\t<\/div>\n\t\t\t\t\t\t<\/div>\n\t\t\t\t<\/div>\n\t\t\t\t\t<\/div>\n\t\t<\/div>\n\t\t\t\t\t<\/div>\n\t\t<\/section>\n\t\t\t\t<section class=\"elementor-section elementor-top-section elementor-element elementor-element-36fe1b3 elementor-section-boxed elementor-section-height-default elementor-section-height-default\" data-id=\"36fe1b3\" data-element_type=\"section\" data-e-type=\"section\" data-settings=\"{&quot;background_background&quot;:&quot;classic&quot;}\">\n\t\t\t\t\t\t<div class=\"elementor-container elementor-column-gap-narrow\">\n\t\t\t\t\t<div class=\"elementor-column elementor-col-100 elementor-top-column elementor-element elementor-element-c5dda45\" data-id=\"c5dda45\" data-element_type=\"column\" data-e-type=\"column\">\n\t\t\t<div class=\"elementor-widget-wrap elementor-element-populated\">\n\t\t\t\t\t\t<div class=\"elementor-element elementor-element-e882d6c elementor-widget elementor-widget-eael-event-calendar\" data-id=\"e882d6c\" data-element_type=\"widget\" data-e-type=\"widget\" data-widget_type=\"eael-event-calendar.default\">\n\t\t\t\t<div class=\"elementor-widget-container\">\n\t\t\t\t\t<div class=\"eael-event-calendar-wrapper layout-calendar\"><div id=\"eael-event-calendar-e882d6c\" class=\"eael-event-calendar-cls\"\n            data-cal_id = \"e882d6c\"\n            data-locale = \"de\"\n            data-translate = \"{&quot;today&quot;:&quot;Today&quot;,&quot;tomorrow&quot;:&quot;Tomorrow&quot;}\"\n            data-defaultview = \"dayGridMonth\"\n            data-defaultdate = \"2026-05-02\"\n            data-time_format = \"yes\"\n            data-event_limit = \"3\"\n            data-popup_date_format = \"MMM Do\"\n            data-multidays_event_day_count= \"0\"\n            data-monthColumnHeaderFormat = \"\"\n            data-weekColumnHeaderFormat = \"\"\n            data-hideDetailsLink= \"\"\n            data-detailsButtonText = \"Event Details\"\n            data-location-display = \"\"\n            data-events=\"[{&quot;id&quot;:1,&quot;title&quot;:&quot;Mittagsk\\u00fcche&quot;,&quot;description&quot;:&quot;Wir sind wieder da! Erholt nach der Winterpause und mit frischem Tatendrang.\\r\\n\\r\\n&amp;nbsp;\\r\\n\\r\\nDas Team von Wir im Nordquartier e.V. kocht f\\u00fcr Euch jede Woche leckere Mahlzeiten frisch vor Ort mit dem K\\u00fcchenmobil namens \\&quot;Wie geht&#039;s?\\&quot;. Kommt vorbei und holt Euch ein Mittagsgericht und Nachtisch ab. Bringt gerne Eure eigenen Beh\\u00e4ltnisse mit!&quot;,&quot;start&quot;:&quot;2026-03-03 13:00&quot;,&quot;end&quot;:&quot;2026-03-03 15:00:01&quot;,&quot;borderColor&quot;:&quot;var( --e-global-color-accent )&quot;,&quot;textColor&quot;:&quot;var( --e-global-color-cdcd0a0 )&quot;,&quot;color&quot;:&quot;var( --e-global-color-accent )&quot;,&quot;url&quot;:&quot;https:\\\/\\\/www.wir-im-nordquartier.de\\\/?tribe_events=mittagskueche-49&quot;,&quot;allDay&quot;:&quot;&quot;,&quot;external&quot;:&quot;on&quot;,&quot;nofollow&quot;:&quot;on&quot;,&quot;imageUrl&quot;:&quot;https:\\\/\\\/www.wir-im-nordquartier.de\\\/wp-content\\\/uploads\\\/2023\\\/02\\\/DienstagsPlakat2_Zeichenflaeche-1.jpg&quot;,&quot;location&quot;:null,&quot;category&quot;:&quot;&quot;},{&quot;id&quot;:2,&quot;title&quot;:&quot;Mittagsk\\u00fcche&quot;,&quot;description&quot;:&quot;Wir sind wieder da! Erholt nach der Winterpause und mit frischem Tatendrang.\\r\\n\\r\\n&amp;nbsp;\\r\\n\\r\\nDas Team von Wir im Nordquartier e.V. kocht f\\u00fcr Euch jede Woche leckere Mahlzeiten frisch vor Ort mit dem K\\u00fcchenmobil namens \\&quot;Wie geht&#039;s?\\&quot;. Kommt vorbei und holt Euch ein Mittagsgericht und Nachtisch ab. Bringt gerne Eure eigenen Beh\\u00e4ltnisse mit!&quot;,&quot;start&quot;:&quot;2026-03-10 13:00&quot;,&quot;end&quot;:&quot;2026-03-10 15:00:01&quot;,&quot;borderColor&quot;:&quot;var( --e-global-color-accent )&quot;,&quot;textColor&quot;:&quot;var( --e-global-color-cdcd0a0 )&quot;,&quot;color&quot;:&quot;var( --e-global-color-accent )&quot;,&quot;url&quot;:&quot;https:\\\/\\\/www.wir-im-nordquartier.de\\\/?tribe_events=mittagskueche-62&quot;,&quot;allDay&quot;:&quot;&quot;,&quot;external&quot;:&quot;on&quot;,&quot;nofollow&quot;:&quot;on&quot;,&quot;imageUrl&quot;:&quot;https:\\\/\\\/www.wir-im-nordquartier.de\\\/wp-content\\\/uploads\\\/2023\\\/02\\\/DienstagsPlakat2_Zeichenflaeche-1.jpg&quot;,&quot;location&quot;:null,&quot;category&quot;:&quot;&quot;},{&quot;id&quot;:3,&quot;title&quot;:&quot;Mittagsk\\u00fcche&quot;,&quot;description&quot;:&quot;Das Team von Wir im Nordquartier e.V. kocht f\\u00fcr Euch jede Woche leckere Mahlzeiten frisch vor Ort mit dem K\\u00fcchenmobil namens \\&quot;Wie geht&#039;s?\\&quot;. Kommt vorbei und holt Euch ein Mittagsgericht und Nachtisch ab. Bringt gerne Eure eigenen Beh\\u00e4ltnisse mit!&quot;,&quot;start&quot;:&quot;2026-03-17 13:00&quot;,&quot;end&quot;:&quot;2026-03-17 15:00:01&quot;,&quot;borderColor&quot;:&quot;var( --e-global-color-accent )&quot;,&quot;textColor&quot;:&quot;var( --e-global-color-cdcd0a0 )&quot;,&quot;color&quot;:&quot;var( --e-global-color-accent )&quot;,&quot;url&quot;:&quot;https:\\\/\\\/www.wir-im-nordquartier.de\\\/?tribe_events=mittagskueche-51&quot;,&quot;allDay&quot;:&quot;&quot;,&quot;external&quot;:&quot;on&quot;,&quot;nofollow&quot;:&quot;on&quot;,&quot;imageUrl&quot;:&quot;https:\\\/\\\/www.wir-im-nordquartier.de\\\/wp-content\\\/uploads\\\/2023\\\/02\\\/DienstagsPlakat2_Zeichenflaeche-1.jpg&quot;,&quot;location&quot;:null,&quot;category&quot;:&quot;&quot;},{&quot;id&quot;:4,&quot;title&quot;:&quot;Mittagsk\\u00fcche&quot;,&quot;description&quot;:&quot;Das Team von Wir im Nordquartier e.V. kocht f\\u00fcr Euch jede Woche leckere Mahlzeiten frisch vor Ort mit dem K\\u00fcchenmobil namens \\&quot;Wie geht&#039;s?\\&quot;. Kommt vorbei und holt Euch ein Mittagsgericht und Nachtisch ab. Bringt gerne Eure eigenen Beh\\u00e4ltnisse mit!&quot;,&quot;start&quot;:&quot;2026-03-24 13:00&quot;,&quot;end&quot;:&quot;2026-03-24 15:00:01&quot;,&quot;borderColor&quot;:&quot;var( --e-global-color-accent )&quot;,&quot;textColor&quot;:&quot;var( --e-global-color-cdcd0a0 )&quot;,&quot;color&quot;:&quot;var( --e-global-color-accent )&quot;,&quot;url&quot;:&quot;https:\\\/\\\/www.wir-im-nordquartier.de\\\/?tribe_events=mittagskueche-52&quot;,&quot;allDay&quot;:&quot;&quot;,&quot;external&quot;:&quot;on&quot;,&quot;nofollow&quot;:&quot;on&quot;,&quot;imageUrl&quot;:&quot;https:\\\/\\\/www.wir-im-nordquartier.de\\\/wp-content\\\/uploads\\\/2023\\\/02\\\/DienstagsPlakat2_Zeichenflaeche-1.jpg&quot;,&quot;location&quot;:null,&quot;category&quot;:&quot;&quot;},{&quot;id&quot;:5,&quot;title&quot;:&quot;Mittagsk\\u00fcche&quot;,&quot;description&quot;:&quot;Das Team von Wir im Nordquartier e.V. kocht f\\u00fcr Euch jede Woche leckere Mahlzeiten frisch vor Ort mit dem K\\u00fcchenmobil namens \\&quot;Wie geht&#039;s?\\&quot;. Kommt vorbei und holt Euch ein Mittagsgericht und Nachtisch ab. Bringt gerne Eure eigenen Beh\\u00e4ltnisse mit!&quot;,&quot;start&quot;:&quot;2026-03-31 13:00&quot;,&quot;end&quot;:&quot;2026-03-31 15:00:01&quot;,&quot;borderColor&quot;:&quot;var( --e-global-color-accent )&quot;,&quot;textColor&quot;:&quot;var( --e-global-color-cdcd0a0 )&quot;,&quot;color&quot;:&quot;var( --e-global-color-accent )&quot;,&quot;url&quot;:&quot;https:\\\/\\\/www.wir-im-nordquartier.de\\\/?tribe_events=mittagskueche-53&quot;,&quot;allDay&quot;:&quot;&quot;,&quot;external&quot;:&quot;on&quot;,&quot;nofollow&quot;:&quot;on&quot;,&quot;imageUrl&quot;:&quot;https:\\\/\\\/www.wir-im-nordquartier.de\\\/wp-content\\\/uploads\\\/2023\\\/02\\\/DienstagsPlakat2_Zeichenflaeche-1.jpg&quot;,&quot;location&quot;:null,&quot;category&quot;:&quot;&quot;},{&quot;id&quot;:6,&quot;title&quot;:&quot;WiN @ Osterkaffee bei der Tafelausgabe&quot;,&quot;description&quot;:&quot;Wir unterst\\u00fctzen die K\\u00f6lner Tafel bei der Ausgabe und w\\u00fcnschen ein paar sch\\u00f6ne Feiertage.&quot;,&quot;start&quot;:&quot;2026-04-02 15:00&quot;,&quot;end&quot;:&quot;2026-04-02 17:00:01&quot;,&quot;borderColor&quot;:&quot;var( --e-global-color-accent )&quot;,&quot;textColor&quot;:&quot;var( --e-global-color-cdcd0a0 )&quot;,&quot;color&quot;:&quot;var( --e-global-color-accent )&quot;,&quot;url&quot;:&quot;https:\\\/\\\/www.wir-im-nordquartier.de\\\/?tribe_events=win-osterkaffee-bei-der-tafelausgabe&quot;,&quot;allDay&quot;:&quot;&quot;,&quot;external&quot;:&quot;on&quot;,&quot;nofollow&quot;:&quot;on&quot;,&quot;imageUrl&quot;:false,&quot;location&quot;:&quot;Kirchplatz St. Antonius&quot;,&quot;category&quot;:&quot;&quot;},{&quot;id&quot;:7,&quot;title&quot;:&quot;Mittagsk\\u00fcche&quot;,&quot;description&quot;:&quot;Das Team von Wir im Nordquartier e.V. kocht f\\u00fcr Euch jede Woche leckere Mahlzeiten frisch vor Ort mit dem K\\u00fcchenmobil namens \\&quot;Wie geht&#039;s?\\&quot;. Kommt vorbei und holt Euch ein Mittagsgericht und Nachtisch ab. Bringt gerne Eure eigenen Beh\\u00e4ltnisse mit!&quot;,&quot;start&quot;:&quot;2026-04-07 13:00&quot;,&quot;end&quot;:&quot;2026-04-07 15:00:01&quot;,&quot;borderColor&quot;:&quot;var( --e-global-color-accent )&quot;,&quot;textColor&quot;:&quot;var( --e-global-color-cdcd0a0 )&quot;,&quot;color&quot;:&quot;var( --e-global-color-accent )&quot;,&quot;url&quot;:&quot;https:\\\/\\\/www.wir-im-nordquartier.de\\\/?tribe_events=mittagskueche-54&quot;,&quot;allDay&quot;:&quot;&quot;,&quot;external&quot;:&quot;on&quot;,&quot;nofollow&quot;:&quot;on&quot;,&quot;imageUrl&quot;:&quot;https:\\\/\\\/www.wir-im-nordquartier.de\\\/wp-content\\\/uploads\\\/2023\\\/02\\\/DienstagsPlakat2_Zeichenflaeche-1.jpg&quot;,&quot;location&quot;:null,&quot;category&quot;:&quot;&quot;},{&quot;id&quot;:8,&quot;title&quot;:&quot;Spielzeit&quot;,&quot;description&quot;:&quot;&lt;strong&gt;Jeden 2. und 4. Freitag im Monat&lt;\\\/strong&gt;\\r\\n\\r\\nWir sind am Rixdorfer Spielplatz mit unserer Spielekiste. Kommt vorbei mit Euren Kids!\\r\\n\\r\\nWir freuen uns auf Euch und mit frischen Waffeln, Saftschorlen, Kaffee und Tee den Nachmittag zu verbringen.\\r\\n\\r\\nFindet statt bei jedem Wetter (au\\u00dfer Starkregen und Sturm). Aktuelle Infos auch immer auf Instagram&quot;,&quot;start&quot;:&quot;2026-04-10 16:00&quot;,&quot;end&quot;:&quot;2026-04-10 18:00:01&quot;,&quot;borderColor&quot;:&quot;var( --e-global-color-accent )&quot;,&quot;textColor&quot;:&quot;var( --e-global-color-cdcd0a0 )&quot;,&quot;color&quot;:&quot;var( --e-global-color-accent )&quot;,&quot;url&quot;:&quot;https:\\\/\\\/www.wir-im-nordquartier.de\\\/?tribe_events=spielzeit-13&quot;,&quot;allDay&quot;:&quot;&quot;,&quot;external&quot;:&quot;on&quot;,&quot;nofollow&quot;:&quot;on&quot;,&quot;imageUrl&quot;:&quot;https:\\\/\\\/www.wir-im-nordquartier.de\\\/wp-content\\\/uploads\\\/2024\\\/02\\\/SpielzeitRixdorfDigital.jpg&quot;,&quot;location&quot;:&quot;Rixdorfer Spielplatz&quot;,&quot;category&quot;:&quot;&quot;},{&quot;id&quot;:9,&quot;title&quot;:&quot;Mittagsk\\u00fcche&quot;,&quot;description&quot;:&quot;Das Team von Wir im Nordquartier e.V. kocht f\\u00fcr Euch jede Woche leckere Mahlzeiten frisch vor Ort mit dem K\\u00fcchenmobil namens \\&quot;Wie geht&#039;s?\\&quot;. Kommt vorbei und holt Euch ein Mittagsgericht und Nachtisch ab. Bringt gerne Eure eigenen Beh\\u00e4ltnisse mit!&quot;,&quot;start&quot;:&quot;2026-04-14 13:00&quot;,&quot;end&quot;:&quot;2026-04-14 15:00:01&quot;,&quot;borderColor&quot;:&quot;var( --e-global-color-accent )&quot;,&quot;textColor&quot;:&quot;var( --e-global-color-cdcd0a0 )&quot;,&quot;color&quot;:&quot;var( --e-global-color-accent )&quot;,&quot;url&quot;:&quot;https:\\\/\\\/www.wir-im-nordquartier.de\\\/?tribe_events=mittagskueche-55&quot;,&quot;allDay&quot;:&quot;&quot;,&quot;external&quot;:&quot;on&quot;,&quot;nofollow&quot;:&quot;on&quot;,&quot;imageUrl&quot;:&quot;https:\\\/\\\/www.wir-im-nordquartier.de\\\/wp-content\\\/uploads\\\/2023\\\/02\\\/DienstagsPlakat2_Zeichenflaeche-1.jpg&quot;,&quot;location&quot;:null,&quot;category&quot;:&quot;&quot;},{&quot;id&quot;:10,&quot;title&quot;:&quot;WiN @ Ach wie sch\\u00f6n - der Wiener Platz macht sich sch\\u00f6n!&quot;,&quot;description&quot;:&quot;IniMacht mit bei der Auftaktveranstaltung am 15.04.2026 von 17 bis 19 Uhr auf dem Wiener Platz. Das Material wird gestellt. F\\u00fcr das leibliche Wohl wird gesorgt.\\r\\n\\r\\nWir treffen uns jeden letzten Mittwoch im Monat von 17 bis 19 Uhr vor dem Eingang des Bezirksrathauses am Wiener Platz:\\r\\n&lt;ul&gt;\\r\\n \\t&lt;li&gt;&lt;strong&gt;15.04.&lt;\\\/strong&gt;&lt;\\\/li&gt;\\r\\n \\t&lt;li&gt;29.04.&lt;\\\/li&gt;\\r\\n \\t&lt;li&gt;27.05.&lt;\\\/li&gt;\\r\\n \\t&lt;li&gt;24.06.&lt;\\\/li&gt;\\r\\n \\t&lt;li&gt;29.07.&lt;\\\/li&gt;\\r\\n \\t&lt;li&gt;26.08.&lt;\\\/li&gt;\\r\\n \\t&lt;li&gt;30.09.&lt;\\\/li&gt;\\r\\n&lt;\\\/ul&gt;\\r\\n&amp;nbsp;\\r\\n\\r\\nInitiativkreis Wiener Platz\\u00a0in Kooperation mit der K\\u00f6lner VHS.&quot;,&quot;start&quot;:&quot;2026-04-15 17:00&quot;,&quot;end&quot;:&quot;2026-04-15 19:00:01&quot;,&quot;borderColor&quot;:&quot;var( --e-global-color-accent )&quot;,&quot;textColor&quot;:&quot;var( --e-global-color-cdcd0a0 )&quot;,&quot;color&quot;:&quot;var( --e-global-color-accent )&quot;,&quot;url&quot;:&quot;https:\\\/\\\/www.wir-im-nordquartier.de\\\/?tribe_events=win-ach-wie-schoen-der-wiener-platz-macht-sich-schoen&quot;,&quot;allDay&quot;:&quot;&quot;,&quot;external&quot;:&quot;on&quot;,&quot;nofollow&quot;:&quot;on&quot;,&quot;imageUrl&quot;:false,&quot;location&quot;:&quot;Wiener Platz&quot;,&quot;category&quot;:&quot;&quot;},{&quot;id&quot;:11,&quot;title&quot;:&quot;Mittagsk\\u00fcche&quot;,&quot;description&quot;:&quot;Das Team von Wir im Nordquartier e.V. kocht f\\u00fcr Euch jede Woche leckere Mahlzeiten frisch vor Ort mit dem K\\u00fcchenmobil namens \\&quot;Wie geht&#039;s?\\&quot;. Kommt vorbei und holt Euch ein Mittagsgericht und Nachtisch ab. Bringt gerne Eure eigenen Beh\\u00e4ltnisse mit!&quot;,&quot;start&quot;:&quot;2026-04-21 13:00&quot;,&quot;end&quot;:&quot;2026-04-21 15:00:01&quot;,&quot;borderColor&quot;:&quot;var( --e-global-color-accent )&quot;,&quot;textColor&quot;:&quot;var( --e-global-color-cdcd0a0 )&quot;,&quot;color&quot;:&quot;var( --e-global-color-accent )&quot;,&quot;url&quot;:&quot;https:\\\/\\\/www.wir-im-nordquartier.de\\\/?tribe_events=mittagskueche-56&quot;,&quot;allDay&quot;:&quot;&quot;,&quot;external&quot;:&quot;on&quot;,&quot;nofollow&quot;:&quot;on&quot;,&quot;imageUrl&quot;:&quot;https:\\\/\\\/www.wir-im-nordquartier.de\\\/wp-content\\\/uploads\\\/2023\\\/02\\\/DienstagsPlakat2_Zeichenflaeche-1.jpg&quot;,&quot;location&quot;:null,&quot;category&quot;:&quot;&quot;},{&quot;id&quot;:12,&quot;title&quot;:&quot;WiN @ Tiefental Putzmunter (K\\u00f6lle Putzmunter)&quot;,&quot;description&quot;:&quot;GHS&quot;,&quot;start&quot;:&quot;2026-04-24 08:00&quot;,&quot;end&quot;:&quot;2026-04-24 11:30:01&quot;,&quot;borderColor&quot;:&quot;var( --e-global-color-accent )&quot;,&quot;textColor&quot;:&quot;var( --e-global-color-cdcd0a0 )&quot;,&quot;color&quot;:&quot;var( --e-global-color-accent )&quot;,&quot;url&quot;:&quot;https:\\\/\\\/www.wir-im-nordquartier.de\\\/?tribe_events=win-tiefental-putzmunter-koelle-putzmunter&quot;,&quot;allDay&quot;:&quot;&quot;,&quot;external&quot;:&quot;on&quot;,&quot;nofollow&quot;:&quot;on&quot;,&quot;imageUrl&quot;:&quot;https:\\\/\\\/www.wir-im-nordquartier.de\\\/wp-content\\\/uploads\\\/2026\\\/04\\\/csm_Koelle-Putzmunter_bc1ac1c8f6.jpg&quot;,&quot;location&quot;:&quot;GHS Tiefentalstra\\u00dfe&quot;,&quot;category&quot;:&quot;&quot;},{&quot;id&quot;:13,&quot;title&quot;:&quot;Spielzeit&quot;,&quot;description&quot;:&quot;&lt;strong&gt;Jeden 2. und 4. Freitag im Monat&lt;\\\/strong&gt;\\r\\n\\r\\nWir sind am Rixdorfer Spielplatz mit unserer Spielekiste. Kommt vorbei mit Euren Kids!\\r\\n\\r\\nWir freuen uns auf Euch und mit frischen Waffeln, Saftschorlen, Kaffee und Tee den Nachmittag zu verbringen.\\r\\n\\r\\nFindet statt bei jedem Wetter (au\\u00dfer Starkregen und Sturm). Aktuelle Infos auch immer auf Instagram&quot;,&quot;start&quot;:&quot;2026-04-24 16:00&quot;,&quot;end&quot;:&quot;2026-04-24 18:00:01&quot;,&quot;borderColor&quot;:&quot;var( --e-global-color-accent )&quot;,&quot;textColor&quot;:&quot;var( --e-global-color-cdcd0a0 )&quot;,&quot;color&quot;:&quot;var( --e-global-color-accent )&quot;,&quot;url&quot;:&quot;https:\\\/\\\/www.wir-im-nordquartier.de\\\/?tribe_events=spielzeit-14&quot;,&quot;allDay&quot;:&quot;&quot;,&quot;external&quot;:&quot;on&quot;,&quot;nofollow&quot;:&quot;on&quot;,&quot;imageUrl&quot;:&quot;https:\\\/\\\/www.wir-im-nordquartier.de\\\/wp-content\\\/uploads\\\/2024\\\/02\\\/SpielzeitRixdorfDigital.jpg&quot;,&quot;location&quot;:&quot;Rixdorfer Spielplatz&quot;,&quot;category&quot;:&quot;&quot;},{&quot;id&quot;:14,&quot;title&quot;:&quot;Flohmarkt 2026 2. Planungstreffen&quot;,&quot;description&quot;:&quot;&lt;!-- wp:tribe\\\/event-datetime \\\/--&gt;\\n\\n&lt;!-- wp:paragraph {\\&quot;placeholder\\&quot;:\\&quot;Beschreibung hinzuf\\u00fcgen...\\&quot;} --&gt;\\n&lt;p&gt;&lt;strong&gt;Flohmarkt auf dem Marktplatz in der Berliner Stra\\u00dfe 29!&lt;\\\/strong&gt;&lt;br&gt;&lt;br&gt;In 2026 soll es wieder soweit sein: Wir wollen wieder gemeinsam mit euch einen bunten, lebendigen Flohmarkt unter der Markthalle auf die Beine stellen! &lt;br&gt;&lt;br&gt;Lust mitzuplanen? Ideen einbringen? Einen Stand gestalten? Dann kommt zum Planungstreffen. Schreibt uns eine Mail an flohmarkt@wir-im-nordquartier.de, ob ihr kommen m\\u00f6chtet oder auch Lust habt aber an dem Planungstreffen keine Zeit habt. &lt;br&gt;&lt;br&gt;Wenn ihr noch nicht wisst, ob ihr am Montag dabei sein k\\u00f6nnt, freuen wir uns auch \\u00fcber Spontanbesuch. &lt;br&gt;&lt;\\\/p&gt;\\n&lt;!-- \\\/wp:paragraph --&gt;\\n\\n&lt;!-- wp:tribe\\\/event-price \\\/--&gt;\\n\\n&lt;!-- wp:tribe\\\/event-organizer \\\/--&gt;\\n\\n&lt;!-- wp:tribe\\\/event-venue {\\&quot;venue\\&quot;:1684} \\\/--&gt;\\n\\n&lt;!-- wp:tribe\\\/event-website \\\/--&gt;\\n\\n&lt;!-- wp:tribe\\\/event-links \\\/--&gt;&quot;,&quot;start&quot;:&quot;2026-04-27 18:30&quot;,&quot;end&quot;:&quot;2026-04-27 19:30:01&quot;,&quot;borderColor&quot;:&quot;var( --e-global-color-accent )&quot;,&quot;textColor&quot;:&quot;var( --e-global-color-cdcd0a0 )&quot;,&quot;color&quot;:&quot;var( --e-global-color-accent )&quot;,&quot;url&quot;:&quot;https:\\\/\\\/www.wir-im-nordquartier.de\\\/?tribe_events=2-planungstreffen-flohmarkt-2026&quot;,&quot;allDay&quot;:&quot;&quot;,&quot;external&quot;:&quot;on&quot;,&quot;nofollow&quot;:&quot;on&quot;,&quot;imageUrl&quot;:&quot;https:\\\/\\\/www.wir-im-nordquartier.de\\\/wp-content\\\/uploads\\\/2024\\\/10\\\/DSC08690_1-scaled.jpg&quot;,&quot;location&quot;:&quot;Marktplatz, Berliner Str. 29, 51063 K\\u00f6ln M\\u00fclheim&quot;,&quot;category&quot;:&quot;&quot;},{&quot;id&quot;:15,&quot;title&quot;:&quot;Mittagsk\\u00fcche&quot;,&quot;description&quot;:&quot;Das Team von Wir im Nordquartier e.V. kocht f\\u00fcr Euch jede Woche leckere Mahlzeiten frisch vor Ort mit dem K\\u00fcchenmobil namens \\&quot;Wie geht&#039;s?\\&quot;. Kommt vorbei und holt Euch ein Mittagsgericht und Nachtisch ab. Bringt gerne Eure eigenen Beh\\u00e4ltnisse mit!&quot;,&quot;start&quot;:&quot;2026-04-28 13:00&quot;,&quot;end&quot;:&quot;2026-04-28 15:00:01&quot;,&quot;borderColor&quot;:&quot;var( --e-global-color-accent )&quot;,&quot;textColor&quot;:&quot;var( --e-global-color-cdcd0a0 )&quot;,&quot;color&quot;:&quot;var( --e-global-color-accent )&quot;,&quot;url&quot;:&quot;https:\\\/\\\/www.wir-im-nordquartier.de\\\/?tribe_events=mittagskueche-57&quot;,&quot;allDay&quot;:&quot;&quot;,&quot;external&quot;:&quot;on&quot;,&quot;nofollow&quot;:&quot;on&quot;,&quot;imageUrl&quot;:&quot;https:\\\/\\\/www.wir-im-nordquartier.de\\\/wp-content\\\/uploads\\\/2023\\\/02\\\/DienstagsPlakat2_Zeichenflaeche-1.jpg&quot;,&quot;location&quot;:null,&quot;category&quot;:&quot;&quot;},{&quot;id&quot;:16,&quot;title&quot;:&quot;WiN @ Ach wie sch\\u00f6n - der Wiener Platz macht sich sch\\u00f6n!&quot;,&quot;description&quot;:&quot;Macht mit! Das Material wird gestellt. F\\u00fcr das leibliche Wohl wird gesorgt.\\r\\n\\r\\nWir treffen uns jeden letzten Mittwoch im Monat von 17 bis 19 Uhr vor dem Eingang des Bezirksrathauses am Wiener Platz:\\r\\n&lt;ul&gt;\\r\\n \\t&lt;li&gt;&lt;em&gt;15.04.&lt;\\\/em&gt;&lt;\\\/li&gt;\\r\\n \\t&lt;li&gt;&lt;strong&gt;29.04.&lt;\\\/strong&gt;&lt;\\\/li&gt;\\r\\n \\t&lt;li&gt;27.05.&lt;\\\/li&gt;\\r\\n \\t&lt;li&gt;24.06.&lt;\\\/li&gt;\\r\\n \\t&lt;li&gt;29.07.&lt;\\\/li&gt;\\r\\n \\t&lt;li&gt;26.08.&lt;\\\/li&gt;\\r\\n \\t&lt;li&gt;30.09.&lt;\\\/li&gt;\\r\\n&lt;\\\/ul&gt;\\r\\n&amp;nbsp;\\r\\n\\r\\nInitiativkreis Wiener Platz\\u00a0in Kooperation mit der K\\u00f6lner VHS.&quot;,&quot;start&quot;:&quot;2026-04-29 17:00&quot;,&quot;end&quot;:&quot;2026-04-29 19:00:01&quot;,&quot;borderColor&quot;:&quot;var( --e-global-color-accent )&quot;,&quot;textColor&quot;:&quot;var( --e-global-color-cdcd0a0 )&quot;,&quot;color&quot;:&quot;var( --e-global-color-accent )&quot;,&quot;url&quot;:&quot;https:\\\/\\\/www.wir-im-nordquartier.de\\\/?tribe_events=win-ach-wie-schoen-der-wiener-platz-macht-sich-schoen-2&quot;,&quot;allDay&quot;:&quot;&quot;,&quot;external&quot;:&quot;on&quot;,&quot;nofollow&quot;:&quot;on&quot;,&quot;imageUrl&quot;:false,&quot;location&quot;:&quot;Wiener Platz&quot;,&quot;category&quot;:&quot;&quot;},{&quot;id&quot;:17,&quot;title&quot;:&quot;WiN @ Bambini-Liga&quot;,&quot;description&quot;:&quot;Wir schmieren Brote f\\u00fcr die kleinen Fu\\u00dfballmannschaften.&quot;,&quot;start&quot;:&quot;2026-04-30 08:00&quot;,&quot;end&quot;:&quot;2026-04-30 17:00:01&quot;,&quot;borderColor&quot;:&quot;var( --e-global-color-accent )&quot;,&quot;textColor&quot;:&quot;var( --e-global-color-cdcd0a0 )&quot;,&quot;color&quot;:&quot;var( --e-global-color-accent )&quot;,&quot;url&quot;:&quot;https:\\\/\\\/www.wir-im-nordquartier.de\\\/?tribe_events=win-bambini-liga&quot;,&quot;allDay&quot;:&quot;&quot;,&quot;external&quot;:&quot;on&quot;,&quot;nofollow&quot;:&quot;on&quot;,&quot;imageUrl&quot;:false,&quot;location&quot;:null,&quot;category&quot;:&quot;&quot;},{&quot;id&quot;:18,&quot;title&quot;:&quot;Mittagsk\\u00fcche&quot;,&quot;description&quot;:&quot;Das Team von Wir im Nordquartier e.V. kocht f\\u00fcr Euch jede Woche leckere Mahlzeiten frisch vor Ort mit dem K\\u00fcchenmobil namens \\&quot;Wie geht&#039;s?\\&quot;. Kommt vorbei und holt Euch ein Mittagsgericht und Nachtisch ab. Bringt gerne Eure eigenen Beh\\u00e4ltnisse mit!&quot;,&quot;start&quot;:&quot;2026-05-05 13:00&quot;,&quot;end&quot;:&quot;2026-05-05 15:00:01&quot;,&quot;borderColor&quot;:&quot;var( --e-global-color-accent )&quot;,&quot;textColor&quot;:&quot;var( --e-global-color-cdcd0a0 )&quot;,&quot;color&quot;:&quot;var( --e-global-color-accent )&quot;,&quot;url&quot;:&quot;https:\\\/\\\/www.wir-im-nordquartier.de\\\/?tribe_events=mittagskueche-58&quot;,&quot;allDay&quot;:&quot;&quot;,&quot;external&quot;:&quot;on&quot;,&quot;nofollow&quot;:&quot;on&quot;,&quot;imageUrl&quot;:&quot;https:\\\/\\\/www.wir-im-nordquartier.de\\\/wp-content\\\/uploads\\\/2023\\\/02\\\/DienstagsPlakat2_Zeichenflaeche-1.jpg&quot;,&quot;location&quot;:null,&quot;category&quot;:&quot;&quot;},{&quot;id&quot;:19,&quot;title&quot;:&quot;Spielzeit&quot;,&quot;description&quot;:&quot;&lt;strong&gt;Jeden 2. und 4. Freitag im Monat&lt;\\\/strong&gt;\\r\\n\\r\\nWir sind am Rixdorfer Spielplatz mit unserer Spielekiste. Kommt vorbei mit Euren Kids!\\r\\n\\r\\nWir freuen uns auf Euch und mit frischen Waffeln, Saftschorlen, Kaffee und Tee den Nachmittag zu verbringen.\\r\\n\\r\\nFindet statt bei jedem Wetter (au\\u00dfer Starkregen und Sturm). Aktuelle Infos auch immer auf Instagram&quot;,&quot;start&quot;:&quot;2026-05-08 16:00&quot;,&quot;end&quot;:&quot;2026-05-08 18:00:01&quot;,&quot;borderColor&quot;:&quot;var( --e-global-color-accent )&quot;,&quot;textColor&quot;:&quot;var( --e-global-color-cdcd0a0 )&quot;,&quot;color&quot;:&quot;var( --e-global-color-accent )&quot;,&quot;url&quot;:&quot;https:\\\/\\\/www.wir-im-nordquartier.de\\\/?tribe_events=spielzeit-15&quot;,&quot;allDay&quot;:&quot;&quot;,&quot;external&quot;:&quot;on&quot;,&quot;nofollow&quot;:&quot;on&quot;,&quot;imageUrl&quot;:&quot;https:\\\/\\\/www.wir-im-nordquartier.de\\\/wp-content\\\/uploads\\\/2024\\\/02\\\/SpielzeitRixdorfDigital.jpg&quot;,&quot;location&quot;:&quot;Rixdorfer Spielplatz&quot;,&quot;category&quot;:&quot;&quot;},{&quot;id&quot;:20,&quot;title&quot;:&quot;Mittagsk\\u00fcche&quot;,&quot;description&quot;:&quot;Das Team von Wir im Nordquartier e.V. kocht f\\u00fcr Euch jede Woche leckere Mahlzeiten frisch vor Ort mit dem K\\u00fcchenmobil namens \\&quot;Wie geht&#039;s?\\&quot;. Kommt vorbei und holt Euch ein Mittagsgericht und Nachtisch ab. Bringt gerne Eure eigenen Beh\\u00e4ltnisse mit!&quot;,&quot;start&quot;:&quot;2026-05-12 13:00&quot;,&quot;end&quot;:&quot;2026-05-12 15:00:01&quot;,&quot;borderColor&quot;:&quot;var( --e-global-color-accent )&quot;,&quot;textColor&quot;:&quot;var( --e-global-color-cdcd0a0 )&quot;,&quot;color&quot;:&quot;var( --e-global-color-accent )&quot;,&quot;url&quot;:&quot;https:\\\/\\\/www.wir-im-nordquartier.de\\\/?tribe_events=mittagskueche-59&quot;,&quot;allDay&quot;:&quot;&quot;,&quot;external&quot;:&quot;on&quot;,&quot;nofollow&quot;:&quot;on&quot;,&quot;imageUrl&quot;:&quot;https:\\\/\\\/www.wir-im-nordquartier.de\\\/wp-content\\\/uploads\\\/2023\\\/02\\\/DienstagsPlakat2_Zeichenflaeche-1.jpg&quot;,&quot;location&quot;:null,&quot;category&quot;:&quot;&quot;},{&quot;id&quot;:21,&quot;title&quot;:&quot;Mittagsk\\u00fcche&quot;,&quot;description&quot;:&quot;Das Team von Wir im Nordquartier e.V. kocht f\\u00fcr Euch jede Woche leckere Mahlzeiten frisch vor Ort mit dem K\\u00fcchenmobil namens \\&quot;Wie geht&#039;s?\\&quot;. Kommt vorbei und holt Euch ein Mittagsgericht und Nachtisch ab. Bringt gerne Eure eigenen Beh\\u00e4ltnisse mit!&quot;,&quot;start&quot;:&quot;2026-05-19 13:00&quot;,&quot;end&quot;:&quot;2026-05-19 15:00:01&quot;,&quot;borderColor&quot;:&quot;var( --e-global-color-accent )&quot;,&quot;textColor&quot;:&quot;var( --e-global-color-cdcd0a0 )&quot;,&quot;color&quot;:&quot;var( --e-global-color-accent )&quot;,&quot;url&quot;:&quot;https:\\\/\\\/www.wir-im-nordquartier.de\\\/?tribe_events=mittagskueche-60&quot;,&quot;allDay&quot;:&quot;&quot;,&quot;external&quot;:&quot;on&quot;,&quot;nofollow&quot;:&quot;on&quot;,&quot;imageUrl&quot;:&quot;https:\\\/\\\/www.wir-im-nordquartier.de\\\/wp-content\\\/uploads\\\/2023\\\/02\\\/DienstagsPlakat2_Zeichenflaeche-1.jpg&quot;,&quot;location&quot;:null,&quot;category&quot;:&quot;&quot;},{&quot;id&quot;:22,&quot;title&quot;:&quot;Spielzeit&quot;,&quot;description&quot;:&quot;&lt;strong&gt;Jeden 2. und 4. Freitag im Monat&lt;\\\/strong&gt;\\r\\n\\r\\nWir sind am Rixdorfer Spielplatz mit unserer Spielekiste. Kommt vorbei mit Euren Kids!\\r\\n\\r\\nWir freuen uns auf Euch und mit frischen Waffeln, Saftschorlen, Kaffee und Tee den Nachmittag zu verbringen.\\r\\n\\r\\nFindet statt bei jedem Wetter (au\\u00dfer Starkregen und Sturm). Aktuelle Infos auch immer auf Instagram&quot;,&quot;start&quot;:&quot;2026-05-22 16:00&quot;,&quot;end&quot;:&quot;2026-05-22 18:00:01&quot;,&quot;borderColor&quot;:&quot;var( --e-global-color-accent )&quot;,&quot;textColor&quot;:&quot;var( --e-global-color-cdcd0a0 )&quot;,&quot;color&quot;:&quot;var( --e-global-color-accent )&quot;,&quot;url&quot;:&quot;https:\\\/\\\/www.wir-im-nordquartier.de\\\/?tribe_events=spielzeit-16&quot;,&quot;allDay&quot;:&quot;&quot;,&quot;external&quot;:&quot;on&quot;,&quot;nofollow&quot;:&quot;on&quot;,&quot;imageUrl&quot;:&quot;https:\\\/\\\/www.wir-im-nordquartier.de\\\/wp-content\\\/uploads\\\/2024\\\/02\\\/SpielzeitRixdorfDigital.jpg&quot;,&quot;location&quot;:&quot;Rixdorfer Spielplatz&quot;,&quot;category&quot;:&quot;&quot;},{&quot;id&quot;:23,&quot;title&quot;:&quot;Mittagsk\\u00fcche&quot;,&quot;description&quot;:&quot;Das Team von Wir im Nordquartier e.V. kocht f\\u00fcr Euch jede Woche leckere Mahlzeiten frisch vor Ort mit dem K\\u00fcchenmobil namens \\&quot;Wie geht&#039;s?\\&quot;. Kommt vorbei und holt Euch ein Mittagsgericht und Nachtisch ab. Bringt gerne Eure eigenen Beh\\u00e4ltnisse mit!&quot;,&quot;start&quot;:&quot;2026-05-26 13:00&quot;,&quot;end&quot;:&quot;2026-05-26 15:00:01&quot;,&quot;borderColor&quot;:&quot;var( --e-global-color-accent )&quot;,&quot;textColor&quot;:&quot;var( --e-global-color-cdcd0a0 )&quot;,&quot;color&quot;:&quot;var( --e-global-color-accent )&quot;,&quot;url&quot;:&quot;https:\\\/\\\/www.wir-im-nordquartier.de\\\/?tribe_events=mittagskueche-61&quot;,&quot;allDay&quot;:&quot;&quot;,&quot;external&quot;:&quot;on&quot;,&quot;nofollow&quot;:&quot;on&quot;,&quot;imageUrl&quot;:&quot;https:\\\/\\\/www.wir-im-nordquartier.de\\\/wp-content\\\/uploads\\\/2023\\\/02\\\/DienstagsPlakat2_Zeichenflaeche-1.jpg&quot;,&quot;location&quot;:&quot;Kirchplatz St. Antonius&quot;,&quot;category&quot;:&quot;&quot;},{&quot;id&quot;:24,&quot;title&quot;:&quot;WiN @ Ach wie sch\\u00f6n - der Wiener Platz macht sich sch\\u00f6n!&quot;,&quot;description&quot;:&quot;Macht mit! Das Material wird gestellt. F\\u00fcr das leibliche Wohl wird gesorgt.\\r\\n\\r\\nWir treffen uns jeden letzten Mittwoch im Monat von 17 bis 19 Uhr vor dem Eingang des Bezirksrathauses am Wiener Platz:\\r\\n&lt;ul&gt;\\r\\n \\t&lt;li&gt;&lt;em&gt;15.04.&lt;\\\/em&gt;&lt;\\\/li&gt;\\r\\n \\t&lt;li&gt;&lt;em&gt;29.04.&lt;\\\/em&gt;&lt;\\\/li&gt;\\r\\n \\t&lt;li&gt;&lt;strong&gt;27.05.&lt;\\\/strong&gt;&lt;\\\/li&gt;\\r\\n \\t&lt;li&gt;24.06.&lt;\\\/li&gt;\\r\\n \\t&lt;li&gt;29.07.&lt;\\\/li&gt;\\r\\n \\t&lt;li&gt;26.08.&lt;\\\/li&gt;\\r\\n \\t&lt;li&gt;30.09.&lt;\\\/li&gt;\\r\\n&lt;\\\/ul&gt;\\r\\n&amp;nbsp;\\r\\n\\r\\nInitiativkreis Wiener Platz\\u00a0in Kooperation mit der K\\u00f6lner VHS.&quot;,&quot;start&quot;:&quot;2026-05-27 17:00&quot;,&quot;end&quot;:&quot;2026-05-27 19:00:01&quot;,&quot;borderColor&quot;:&quot;var( --e-global-color-accent )&quot;,&quot;textColor&quot;:&quot;var( --e-global-color-cdcd0a0 )&quot;,&quot;color&quot;:&quot;var( --e-global-color-accent )&quot;,&quot;url&quot;:&quot;https:\\\/\\\/www.wir-im-nordquartier.de\\\/?tribe_events=win-ach-wie-schoen-der-wiener-platz-macht-sich-schoen-3&quot;,&quot;allDay&quot;:&quot;&quot;,&quot;external&quot;:&quot;on&quot;,&quot;nofollow&quot;:&quot;on&quot;,&quot;imageUrl&quot;:false,&quot;location&quot;:&quot;Wiener Platz&quot;,&quot;category&quot;:&quot;&quot;},{&quot;id&quot;:25,&quot;title&quot;:&quot;WiN @ Die Quartiersschmiede&quot;,&quot;description&quot;:&quot;&quot;,&quot;start&quot;:&quot;2026-06-11 10:00&quot;,&quot;end&quot;:&quot;2026-06-11 14:00:01&quot;,&quot;borderColor&quot;:&quot;var( --e-global-color-accent )&quot;,&quot;textColor&quot;:&quot;var( --e-global-color-cdcd0a0 )&quot;,&quot;color&quot;:&quot;var( --e-global-color-accent )&quot;,&quot;url&quot;:&quot;https:\\\/\\\/www.wir-im-nordquartier.de\\\/?tribe_events=win-die-quartiersschmiede&quot;,&quot;allDay&quot;:&quot;&quot;,&quot;external&quot;:&quot;on&quot;,&quot;nofollow&quot;:&quot;on&quot;,&quot;imageUrl&quot;:false,&quot;location&quot;:null,&quot;category&quot;:&quot;&quot;},{&quot;id&quot;:26,&quot;title&quot;:&quot;WiN @ Ach wie sch\\u00f6n - der Wiener Platz macht sich sch\\u00f6n!&quot;,&quot;description&quot;:&quot;Macht mit! Das Material wird gestellt. F\\u00fcr das leibliche Wohl wird gesorgt.\\r\\n\\r\\nWir treffen uns jeden letzten Mittwoch im Monat von 17 bis 19 Uhr vor dem Eingang des Bezirksrathauses am Wiener Platz:\\r\\n&lt;ul&gt;\\r\\n \\t&lt;li&gt;&lt;em&gt;15.04.&lt;\\\/em&gt;&lt;\\\/li&gt;\\r\\n \\t&lt;li&gt;&lt;em&gt;29.04.&lt;\\\/em&gt;&lt;\\\/li&gt;\\r\\n \\t&lt;li&gt;&lt;em&gt;27.05.&lt;\\\/em&gt;&lt;\\\/li&gt;\\r\\n \\t&lt;li&gt;&lt;strong&gt;24.06.&lt;\\\/strong&gt;&lt;\\\/li&gt;\\r\\n \\t&lt;li&gt;29.07.&lt;\\\/li&gt;\\r\\n \\t&lt;li&gt;26.08.&lt;\\\/li&gt;\\r\\n \\t&lt;li&gt;30.09.&lt;\\\/li&gt;\\r\\n&lt;\\\/ul&gt;\\r\\n&amp;nbsp;\\r\\n\\r\\nInitiativkreis Wiener Platz\\u00a0in Kooperation mit der K\\u00f6lner VHS.&quot;,&quot;start&quot;:&quot;2026-06-24 17:00&quot;,&quot;end&quot;:&quot;2026-06-24 19:00:01&quot;,&quot;borderColor&quot;:&quot;var( --e-global-color-accent )&quot;,&quot;textColor&quot;:&quot;var( --e-global-color-cdcd0a0 )&quot;,&quot;color&quot;:&quot;var( --e-global-color-accent )&quot;,&quot;url&quot;:&quot;https:\\\/\\\/www.wir-im-nordquartier.de\\\/?tribe_events=win-ach-wie-schoen-der-wiener-platz-macht-sich-schoen-4&quot;,&quot;allDay&quot;:&quot;&quot;,&quot;external&quot;:&quot;on&quot;,&quot;nofollow&quot;:&quot;on&quot;,&quot;imageUrl&quot;:false,&quot;location&quot;:&quot;Wiener Platz&quot;,&quot;category&quot;:&quot;&quot;},{&quot;id&quot;:27,&quot;title&quot;:&quot;WiN @ Mosaik e.V. Sommerfest&quot;,&quot;description&quot;:&quot;&lt;blockquote&gt;Komm vorbei, feier mit uns und lern Moasik kennen.&lt;\\\/blockquote&gt;&quot;,&quot;start&quot;:&quot;2026-06-28 14:00&quot;,&quot;end&quot;:&quot;2026-06-28 18:00:01&quot;,&quot;borderColor&quot;:&quot;var( --e-global-color-accent )&quot;,&quot;textColor&quot;:&quot;var( --e-global-color-cdcd0a0 )&quot;,&quot;color&quot;:&quot;var( --e-global-color-accent )&quot;,&quot;url&quot;:&quot;https:\\\/\\\/www.wir-im-nordquartier.de\\\/?tribe_events=win-mosaik-e-v-sommerfest&quot;,&quot;allDay&quot;:&quot;&quot;,&quot;external&quot;:&quot;on&quot;,&quot;nofollow&quot;:&quot;on&quot;,&quot;imageUrl&quot;:false,&quot;location&quot;:&quot;Pr\\u00e4ses-Richter-Platz&quot;,&quot;category&quot;:&quot;&quot;},{&quot;id&quot;:28,&quot;title&quot;:&quot;WiN @ Ach wie sch\\u00f6n - der Wiener Platz macht sich sch\\u00f6n!&quot;,&quot;description&quot;:&quot;Macht mit! Das Material wird gestellt. F\\u00fcr das leibliche Wohl wird gesorgt.\\r\\n\\r\\nWir treffen uns jeden letzten Mittwoch im Monat von 17 bis 19 Uhr vor dem Eingang des Bezirksrathauses am Wiener Platz:\\r\\n&lt;ul&gt;\\r\\n \\t&lt;li&gt;&lt;em&gt;15.04.&lt;\\\/em&gt;&lt;\\\/li&gt;\\r\\n \\t&lt;li&gt;&lt;em&gt;29.04.&lt;\\\/em&gt;&lt;\\\/li&gt;\\r\\n \\t&lt;li&gt;&lt;em&gt;27.05.&lt;\\\/em&gt;&lt;\\\/li&gt;\\r\\n \\t&lt;li&gt;&lt;em&gt;24.06.&lt;\\\/em&gt;&lt;\\\/li&gt;\\r\\n \\t&lt;li&gt;&lt;strong&gt;29.07.&lt;\\\/strong&gt;&lt;\\\/li&gt;\\r\\n \\t&lt;li&gt;26.08.&lt;\\\/li&gt;\\r\\n \\t&lt;li&gt;30.09.&lt;\\\/li&gt;\\r\\n&lt;\\\/ul&gt;\\r\\n&amp;nbsp;\\r\\n\\r\\nInitiativkreis Wiener Platz\\u00a0in Kooperation mit der K\\u00f6lner VHS.&quot;,&quot;start&quot;:&quot;2026-07-29 17:00&quot;,&quot;end&quot;:&quot;2026-07-29 19:00:01&quot;,&quot;borderColor&quot;:&quot;var( --e-global-color-accent )&quot;,&quot;textColor&quot;:&quot;var( --e-global-color-cdcd0a0 )&quot;,&quot;color&quot;:&quot;var( --e-global-color-accent )&quot;,&quot;url&quot;:&quot;https:\\\/\\\/www.wir-im-nordquartier.de\\\/?tribe_events=win-ach-wie-schoen-der-wiener-platz-macht-sich-schoen-5&quot;,&quot;allDay&quot;:&quot;&quot;,&quot;external&quot;:&quot;on&quot;,&quot;nofollow&quot;:&quot;on&quot;,&quot;imageUrl&quot;:false,&quot;location&quot;:&quot;Wiener Platz&quot;,&quot;category&quot;:&quot;&quot;},{&quot;id&quot;:29,&quot;title&quot;:&quot;WiN @ Ach wie sch\\u00f6n - der Wiener Platz macht sich sch\\u00f6n!&quot;,&quot;description&quot;:&quot;Macht mit! Das Material wird gestellt. F\\u00fcr das leibliche Wohl wird gesorgt.\\r\\n\\r\\nWir treffen uns jeden letzten Mittwoch im Monat von 17 bis 19 Uhr vor dem Eingang des Bezirksrathauses am Wiener Platz:\\r\\n&lt;ul&gt;\\r\\n \\t&lt;li&gt;&lt;em&gt;15.04.&lt;\\\/em&gt;&lt;\\\/li&gt;\\r\\n \\t&lt;li&gt;&lt;em&gt;29.04.&lt;\\\/em&gt;&lt;\\\/li&gt;\\r\\n \\t&lt;li&gt;&lt;em&gt;27.05.&lt;\\\/em&gt;&lt;\\\/li&gt;\\r\\n \\t&lt;li&gt;&lt;em&gt;24.06.&lt;\\\/em&gt;&lt;\\\/li&gt;\\r\\n \\t&lt;li&gt;&lt;em&gt;29.07.&lt;\\\/em&gt;&lt;\\\/li&gt;\\r\\n \\t&lt;li&gt;&lt;strong&gt;26.08.&lt;\\\/strong&gt;&lt;\\\/li&gt;\\r\\n \\t&lt;li&gt;30.09.&lt;\\\/li&gt;\\r\\n&lt;\\\/ul&gt;\\r\\n&amp;nbsp;\\r\\n\\r\\nInitiativkreis Wiener Platz\\u00a0in Kooperation mit der K\\u00f6lner VHS.&quot;,&quot;start&quot;:&quot;2026-08-26 17:00&quot;,&quot;end&quot;:&quot;2026-08-26 19:00:01&quot;,&quot;borderColor&quot;:&quot;var( --e-global-color-accent )&quot;,&quot;textColor&quot;:&quot;var( --e-global-color-cdcd0a0 )&quot;,&quot;color&quot;:&quot;var( --e-global-color-accent )&quot;,&quot;url&quot;:&quot;https:\\\/\\\/www.wir-im-nordquartier.de\\\/?tribe_events=win-ach-wie-schoen-der-wiener-platz-macht-sich-schoen-6&quot;,&quot;allDay&quot;:&quot;&quot;,&quot;external&quot;:&quot;on&quot;,&quot;nofollow&quot;:&quot;on&quot;,&quot;imageUrl&quot;:false,&quot;location&quot;:&quot;Wiener Platz&quot;,&quot;category&quot;:&quot;&quot;},{&quot;id&quot;:30,&quot;title&quot;:&quot;WiN @ Kinder.Sache Kinderfest auf dem Marktplatz&quot;,&quot;description&quot;:&quot;&lt;p style=\\&quot;text-align: left;\\&quot;&gt;Am 12. September 2025 ist Weltkindertag \\u2013 und das wollen wir zusammen feiern!&lt;\\\/p&gt;\\r\\nWir planen einen lebendigen, und bunten Tag f\\u00fcr Kinder, ihre Familien und die Nachbarschaft. Es wird gemeinschaftlich und fr\\u00f6hlich \\u2013 ein Tag an dem ihr im Mittelpunkt steht!\\r\\n\\r\\nKostenlos und f\\u00fcr Alle! Damit der Tag richtig sch\\u00f6n wird, haben wir ein tolles Programm f\\u00fcr euch vorbereitet:\\r\\n\\r\\nB\\u00fchnenprogramm mit Musik, Tanz und Theater! Leckere Waffeln, Snacks und k\\u00fchle Getr\\u00e4nke! Kreativstationen und Mitmachaktionen! Spiel- und Bewegungsangebote!&quot;,&quot;start&quot;:&quot;2026-09-12 13:00&quot;,&quot;end&quot;:&quot;2026-09-12 17:00:01&quot;,&quot;borderColor&quot;:&quot;var( --e-global-color-accent )&quot;,&quot;textColor&quot;:&quot;var( --e-global-color-cdcd0a0 )&quot;,&quot;color&quot;:&quot;var( --e-global-color-accent )&quot;,&quot;url&quot;:&quot;https:\\\/\\\/www.wir-im-nordquartier.de\\\/?tribe_events=win-kinder-sache-kinderfest-auf-dem-marktplatz-2&quot;,&quot;allDay&quot;:&quot;&quot;,&quot;external&quot;:&quot;on&quot;,&quot;nofollow&quot;:&quot;on&quot;,&quot;imageUrl&quot;:false,&quot;location&quot;:&quot;Markthalle M\\u00fclheim&quot;,&quot;category&quot;:&quot;&quot;},{&quot;id&quot;:31,&quot;title&quot;:&quot;WiN @ Klangbr\\u00fccke&quot;,&quot;description&quot;:&quot;&lt;blockquote&gt;Liebe Freundinnen und Freunde des Stadtteils,\\r\\n\\r\\nam Sonntag, 07.09., von 15 bis 19 Uhr l\\u00e4dt die Jazzhausschule gemeinsam mit uns und weiteren wichtigen Akteuren zum Klangbr\\u00fcckenfestival auf dem Kirchplatz St. Antonius ein.\\r\\nFreut Euch auf spannende musikalische Begegnungen, leckere Speisen und Getr\\u00e4nke und vor allem auf einen bunten Nachmittag voller guter Stimmung und Austausch.\\r\\nWir w\\u00fcrden uns sehr freuen, wenn Ihr dabei seid und gemeinsam mit uns das Viertel zum Klingen bringt! Veranstaltung gerne teilen.\\r\\n\\r\\nHerzliche Gr\\u00fc\\u00dfe aus dem Don-Bosco-Club!&lt;\\\/blockquote&gt;\\r\\nMagdalena Keil\\r\\nEinrichtungsleitung\\r\\n\\r\\n&amp;nbsp;\\r\\n\\r\\nWiN ist auch mit dabei - nat\\u00fcrlich mit Waffeln!\\r\\n\\r\\n&amp;nbsp;&quot;,&quot;start&quot;:&quot;2026-09-13 15:00&quot;,&quot;end&quot;:&quot;2026-09-13 19:00:01&quot;,&quot;borderColor&quot;:&quot;var( --e-global-color-accent )&quot;,&quot;textColor&quot;:&quot;var( --e-global-color-cdcd0a0 )&quot;,&quot;color&quot;:&quot;var( --e-global-color-accent )&quot;,&quot;url&quot;:&quot;https:\\\/\\\/www.wir-im-nordquartier.de\\\/?tribe_events=win-klangbrueckenfestival&quot;,&quot;allDay&quot;:&quot;&quot;,&quot;external&quot;:&quot;on&quot;,&quot;nofollow&quot;:&quot;on&quot;,&quot;imageUrl&quot;:false,&quot;location&quot;:&quot;Kirchplatz St. Antonius&quot;,&quot;category&quot;:&quot;&quot;},{&quot;id&quot;:32,&quot;title&quot;:&quot;WiN @ Ach wie sch\\u00f6n - der Wiener Platz macht sich sch\\u00f6n!&quot;,&quot;description&quot;:&quot;Macht mit! Das Material wird gestellt. F\\u00fcr das leibliche Wohl wird gesorgt.\\r\\n\\r\\nWir treffen uns jeden letzten Mittwoch im Monat von 17 bis 19 Uhr vor dem Eingang des Bezirksrathauses am Wiener Platz:\\r\\n&lt;ul&gt;\\r\\n \\t&lt;li&gt;&lt;em&gt;15.04.&lt;\\\/em&gt;&lt;\\\/li&gt;\\r\\n \\t&lt;li&gt;&lt;em&gt;29.04.&lt;\\\/em&gt;&lt;\\\/li&gt;\\r\\n \\t&lt;li&gt;&lt;em&gt;27.05.&lt;\\\/em&gt;&lt;\\\/li&gt;\\r\\n \\t&lt;li&gt;&lt;em&gt;24.06.&lt;\\\/em&gt;&lt;\\\/li&gt;\\r\\n \\t&lt;li&gt;&lt;em&gt;29.07.&lt;\\\/em&gt;&lt;\\\/li&gt;\\r\\n \\t&lt;li&gt;&lt;em&gt;26.08.&lt;\\\/em&gt;&lt;\\\/li&gt;\\r\\n \\t&lt;li&gt;&lt;strong&gt;30.09.&lt;\\\/strong&gt;&lt;\\\/li&gt;\\r\\n&lt;\\\/ul&gt;\\r\\n&amp;nbsp;\\r\\n\\r\\nInitiativkreis Wiener Platz\\u00a0in Kooperation mit der K\\u00f6lner VHS.&quot;,&quot;start&quot;:&quot;2026-09-30 17:00&quot;,&quot;end&quot;:&quot;2026-09-30 19:00:01&quot;,&quot;borderColor&quot;:&quot;var( --e-global-color-accent )&quot;,&quot;textColor&quot;:&quot;var( --e-global-color-cdcd0a0 )&quot;,&quot;color&quot;:&quot;var( --e-global-color-accent )&quot;,&quot;url&quot;:&quot;https:\\\/\\\/www.wir-im-nordquartier.de\\\/?tribe_events=win-ach-wie-schoen-der-wiener-platz-macht-sich-schoen-copy&quot;,&quot;allDay&quot;:&quot;&quot;,&quot;external&quot;:&quot;on&quot;,&quot;nofollow&quot;:&quot;on&quot;,&quot;imageUrl&quot;:false,&quot;location&quot;:&quot;Wiener Platz&quot;,&quot;category&quot;:&quot;&quot;},{&quot;id&quot;:33,&quot;title&quot;:&quot;\\u2744\\ufe0fWinteredition\\u2744\\ufe0f Mittagsk\\u00fcche&quot;,&quot;description&quot;:&quot;&lt;p style=\\&quot;text-align: left;\\&quot;&gt;Das Team von Wir im Nordquartier e.V. kocht f\\u00fcr Euch jede Woche leckere Mahlzeiten frisch vor Ort mit dem K\\u00fcchenmobil namens \\&quot;Wie geht&#039;s?\\&quot;. Kommt vorbei und holt Euch ein Mittagsgericht und Nachtisch ab. Bringt gerne Eure eigenen Beh\\u00e4ltnisse mit!&lt;\\\/p&gt;\\r\\n&lt;strong&gt;\\u2744\\ufe0f Winteredition \\u2744\\ufe0f\\r\\n&lt;\\\/strong&gt;\\r\\n\\r\\nDa dies der letzte Dienstagstermin vor der Winterpause ist, m\\u00f6chten wir den Tag anschlie\\u00dfend mit euch bei Gl\\u00fchwein ausklingen lassen. Also kommt vorbei, wenn ihr Lust auf einen Plausch und winterliche Leckereien habt!&quot;,&quot;start&quot;:&quot;2026-12-15 16:00&quot;,&quot;end&quot;:&quot;2026-12-15 18:00:01&quot;,&quot;borderColor&quot;:&quot;var( --e-global-color-accent )&quot;,&quot;textColor&quot;:&quot;var( --e-global-color-cdcd0a0 )&quot;,&quot;color&quot;:&quot;var( --e-global-color-accent )&quot;,&quot;url&quot;:&quot;https:\\\/\\\/www.wir-im-nordquartier.de\\\/?tribe_events=%e2%9d%84%ef%b8%8fwinteredition%e2%9d%84%ef%b8%8f-mittagskueche-2&quot;,&quot;allDay&quot;:&quot;&quot;,&quot;external&quot;:&quot;on&quot;,&quot;nofollow&quot;:&quot;on&quot;,&quot;imageUrl&quot;:&quot;https:\\\/\\\/www.wir-im-nordquartier.de\\\/wp-content\\\/uploads\\\/2024\\\/10\\\/IMG_20240117_171548-scaled.jpg&quot;,&quot;location&quot;:&quot;Kirchplatz St. Antonius&quot;,&quot;category&quot;:&quot;&quot;}]\"\n            data-thumbnail_position = \"\"\n            data-first_day=\"1\"><\/div><div id=\"eaelecModal\" class=\"eaelec-modal eael-zoom-in\">\n            <div class=\"eaelec-modal-content\">\n                <div class=\"eaelec-modal-header\">\n                    <div class=\"eaelec-modal-close\"><span><i class=\"fas fa-times\"><\/i><\/span><\/div>\n                    <h2 class=\"eael-ec-modal-title\"><\/h2>\n                    <span class=\"eaelec-event-date-start eaelec-event-popup-date\"><\/span>\n                    <span class=\"eaelec-event-date-end eaelec-event-popup-date\"><\/span>\n                    <span class=\"eaelec-event-location eaelec-event-popup-location\" style=\"display: none;\"><\/span>\n                <\/div>\n                <div class=\"eaelec-modal-body\">\n                    <p><\/p>\n                <\/div>\n                <div class=\"eaelec-modal-footer\">\n                    <a class=\"eaelec-event-details-link\">Event Details<\/a>\n                <\/div>\n            <\/div>\n        <\/div><\/div>\t\t\t\t<\/div>\n\t\t\t\t<\/div>\n\t\t\t\t\t<\/div>\n\t\t<\/div>\n\t\t\t\t\t<\/div>\n\t\t<\/section>\n\t\t\t\t<section class=\"elementor-section elementor-top-section elementor-element elementor-element-952e079 elementor-hidden-phone elementor-section-boxed elementor-section-height-default elementor-section-height-default\" data-id=\"952e079\" data-element_type=\"section\" data-e-type=\"section\" data-settings=\"{&quot;background_background&quot;:&quot;classic&quot;}\">\n\t\t\t\t\t\t<div class=\"elementor-container elementor-column-gap-default\">\n\t\t\t\t\t<div class=\"elementor-column elementor-col-33 elementor-top-column elementor-element elementor-element-b6550b3\" data-id=\"b6550b3\" data-element_type=\"column\" data-e-type=\"column\">\n\t\t\t<div class=\"elementor-widget-wrap elementor-element-populated\">\n\t\t\t\t\t\t<div class=\"elementor-element elementor-element-3bce96c elementor-widget elementor-widget-heading\" data-id=\"3bce96c\" data-element_type=\"widget\" data-e-type=\"widget\" data-widget_type=\"heading.default\">\n\t\t\t\t<div class=\"elementor-widget-container\">\n\t\t\t\t\t<h2 class=\"elementor-heading-title elementor-size-default\">Auswahl<\/h2>\t\t\t\t<\/div>\n\t\t\t\t<\/div>\n\t\t\t\t\t<\/div>\n\t\t<\/div>\n\t\t\t\t<div class=\"elementor-column elementor-col-33 elementor-top-column elementor-element elementor-element-61117a0\" data-id=\"61117a0\" data-element_type=\"column\" data-e-type=\"column\">\n\t\t\t<div class=\"elementor-widget-wrap elementor-element-populated\">\n\t\t\t\t\t\t<div class=\"elementor-element elementor-element-8a46290 elementor-widget elementor-widget-heading\" data-id=\"8a46290\" data-element_type=\"widget\" data-e-type=\"widget\" data-widget_type=\"heading.default\">\n\t\t\t\t<div class=\"elementor-widget-container\">\n\t\t\t\t\t<h2 class=\"elementor-heading-title elementor-size-default\">Auszeichnungen<\/h2>\t\t\t\t<\/div>\n\t\t\t\t<\/div>\n\t\t\t\t\t<\/div>\n\t\t<\/div>\n\t\t\t\t<div class=\"elementor-column elementor-col-33 elementor-top-column elementor-element elementor-element-2f1db67\" data-id=\"2f1db67\" data-element_type=\"column\" data-e-type=\"column\">\n\t\t\t<div class=\"elementor-widget-wrap elementor-element-populated\">\n\t\t\t\t\t\t<div class=\"elementor-element elementor-element-21c2ee6 elementor-widget elementor-widget-heading\" data-id=\"21c2ee6\" data-element_type=\"widget\" data-e-type=\"widget\" data-widget_type=\"heading.default\">\n\t\t\t\t<div class=\"elementor-widget-container\">\n\t\t\t\t\t<h2 class=\"elementor-heading-title elementor-size-default\">Engagement<\/h2>\t\t\t\t<\/div>\n\t\t\t\t<\/div>\n\t\t\t\t\t<\/div>\n\t\t<\/div>\n\t\t\t\t\t<\/div>\n\t\t<\/section>\n\t\t\t\t<section class=\"elementor-section elementor-top-section elementor-element elementor-element-6a9c4fa elementor-section-full_width elementor-section-height-default elementor-section-height-default\" data-id=\"6a9c4fa\" data-element_type=\"section\" data-e-type=\"section\" data-settings=\"{&quot;background_background&quot;:&quot;classic&quot;}\">\n\t\t\t\t\t\t<div class=\"elementor-container elementor-column-gap-default\">\n\t\t\t\t\t<div class=\"elementor-column elementor-col-100 elementor-top-column elementor-element elementor-element-b0945cc\" data-id=\"b0945cc\" data-element_type=\"column\" data-e-type=\"column\">\n\t\t\t<div class=\"elementor-widget-wrap elementor-element-populated\">\n\t\t\t\t\t\t<div class=\"elementor-element elementor-element-73fce71 elementor-widget__width-inherit elementor-widget-divider--separator-type-pattern elementor-widget-divider--view-line elementor-widget elementor-widget-divider\" data-id=\"73fce71\" data-element_type=\"widget\" data-e-type=\"widget\" data-widget_type=\"divider.default\">\n\t\t\t\t<div class=\"elementor-widget-container\">\n\t\t\t\t\t\t\t<div class=\"elementor-divider\" style=\"--divider-pattern-url: url(&quot;data:image\/svg+xml,%3Csvg xmlns=&#039;http:\/\/www.w3.org\/2000\/svg&#039; preserveAspectRatio=&#039;none&#039; overflow=&#039;visible&#039; height=&#039;100%&#039; viewBox=&#039;0 0 24 24&#039; fill=&#039;none&#039; stroke=&#039;black&#039; stroke-width=&#039;1.6&#039; stroke-linecap=&#039;square&#039; stroke-miterlimit=&#039;10&#039;%3E%3Cpath d=&#039;M0,21c3.3,0,8.3-0.9,15.7-7.1c6.6-5.4,4.4-9.3,2.4-10.3c-3.4-1.8-7.7,1.3-7.3,8.8C11.2,20,17.1,21,24,21&#039;\/%3E%3C\/svg%3E&quot;);\">\n\t\t\t<span class=\"elementor-divider-separator\">\n\t\t\t\t\t\t<\/span>\n\t\t<\/div>\n\t\t\t\t\t\t<\/div>\n\t\t\t\t<\/div>\n\t\t\t\t<section class=\"elementor-section elementor-inner-section elementor-element elementor-element-b023525 elementor-section-full_width elementor-section-height-default elementor-section-height-default\" data-id=\"b023525\" data-element_type=\"section\" data-e-type=\"section\">\n\t\t\t\t\t\t<div class=\"elementor-container elementor-column-gap-default\">\n\t\t\t\t\t<div class=\"elementor-column elementor-col-33 elementor-inner-column elementor-element elementor-element-86de8c2\" data-id=\"86de8c2\" data-element_type=\"column\" data-e-type=\"column\">\n\t\t\t<div class=\"elementor-widget-wrap\">\n\t\t\t\t\t\t\t<\/div>\n\t\t<\/div>\n\t\t\t\t<div class=\"elementor-column elementor-col-33 elementor-inner-column elementor-element elementor-element-21d1e46\" data-id=\"21d1e46\" data-element_type=\"column\" data-e-type=\"column\">\n\t\t\t<div class=\"elementor-widget-wrap elementor-element-populated\">\n\t\t\t\t\t\t<div class=\"elementor-element elementor-element-31e3ed5 elementor-widget elementor-widget-image\" data-id=\"31e3ed5\" data-element_type=\"widget\" data-e-type=\"widget\" data-widget_type=\"image.default\">\n\t\t\t\t<div class=\"elementor-widget-container\">\n\t\t\t\t\t\t\t\t\t\t\t\t\t\t\t<img loading=\"lazy\" decoding=\"async\" width=\"1810\" height=\"2560\" src=\"https:\/\/www.wir-im-nordquartier.de\/wp-content\/uploads\/2026\/04\/TeilnehmerUrkunde_AOK_Foerderpreis2025-scaled.jpeg\" class=\"attachment-full size-full wp-image-1679\" alt=\"Urkunde vom AOK Preis\" srcset=\"https:\/\/www.wir-im-nordquartier.de\/wp-content\/uploads\/2026\/04\/TeilnehmerUrkunde_AOK_Foerderpreis2025-scaled.jpeg 1810w, https:\/\/www.wir-im-nordquartier.de\/wp-content\/uploads\/2026\/04\/TeilnehmerUrkunde_AOK_Foerderpreis2025-212x300.jpeg 212w, https:\/\/www.wir-im-nordquartier.de\/wp-content\/uploads\/2026\/04\/TeilnehmerUrkunde_AOK_Foerderpreis2025-724x1024.jpeg 724w, https:\/\/www.wir-im-nordquartier.de\/wp-content\/uploads\/2026\/04\/TeilnehmerUrkunde_AOK_Foerderpreis2025-768x1086.jpeg 768w, https:\/\/www.wir-im-nordquartier.de\/wp-content\/uploads\/2026\/04\/TeilnehmerUrkunde_AOK_Foerderpreis2025-1086x1536.jpeg 1086w, https:\/\/www.wir-im-nordquartier.de\/wp-content\/uploads\/2026\/04\/TeilnehmerUrkunde_AOK_Foerderpreis2025-1448x2048.jpeg 1448w\" sizes=\"(max-width: 1810px) 100vw, 1810px\" \/>\t\t\t\t\t\t\t\t\t\t\t\t\t\t\t<\/div>\n\t\t\t\t<\/div>\n\t\t\t\t\t<\/div>\n\t\t<\/div>\n\t\t\t\t<div class=\"elementor-column elementor-col-33 elementor-inner-column elementor-element elementor-element-0b28b76\" data-id=\"0b28b76\" data-element_type=\"column\" data-e-type=\"column\">\n\t\t\t<div class=\"elementor-widget-wrap\">\n\t\t\t\t\t\t\t<\/div>\n\t\t<\/div>\n\t\t\t\t\t<\/div>\n\t\t<\/section>\n\t\t\t\t\t<\/div>\n\t\t<\/div>\n\t\t\t\t\t<\/div>\n\t\t<\/section>\n\t\t\t\t<section class=\"elementor-section elementor-top-section elementor-element elementor-element-ddf0bdf elementor-hidden-phone elementor-section-boxed elementor-section-height-default elementor-section-height-default\" data-id=\"ddf0bdf\" data-element_type=\"section\" data-e-type=\"section\" data-settings=\"{&quot;background_background&quot;:&quot;classic&quot;}\">\n\t\t\t\t\t\t<div class=\"elementor-container elementor-column-gap-default\">\n\t\t\t\t\t<div class=\"elementor-column elementor-col-33 elementor-top-column elementor-element elementor-element-8e0ca28\" data-id=\"8e0ca28\" data-element_type=\"column\" data-e-type=\"column\">\n\t\t\t<div class=\"elementor-widget-wrap elementor-element-populated\">\n\t\t\t\t\t\t<div class=\"elementor-element elementor-element-6241e9f elementor-widget elementor-widget-heading\" data-id=\"6241e9f\" data-element_type=\"widget\" data-e-type=\"widget\" data-widget_type=\"heading.default\">\n\t\t\t\t<div class=\"elementor-widget-container\">\n\t\t\t\t\t<h2 class=\"elementor-heading-title elementor-size-default\">Archiv<\/h2>\t\t\t\t<\/div>\n\t\t\t\t<\/div>\n\t\t\t\t\t<\/div>\n\t\t<\/div>\n\t\t\t\t<div class=\"elementor-column elementor-col-33 elementor-top-column elementor-element elementor-element-994b119\" data-id=\"994b119\" data-element_type=\"column\" data-e-type=\"column\">\n\t\t\t<div class=\"elementor-widget-wrap elementor-element-populated\">\n\t\t\t\t\t\t<div class=\"elementor-element elementor-element-542e034 elementor-widget elementor-widget-heading\" data-id=\"542e034\" data-element_type=\"widget\" data-e-type=\"widget\" data-widget_type=\"heading.default\">\n\t\t\t\t<div class=\"elementor-widget-container\">\n\t\t\t\t\t<h2 class=\"elementor-heading-title elementor-size-default\">2020 - 2025<\/h2>\t\t\t\t<\/div>\n\t\t\t\t<\/div>\n\t\t\t\t\t<\/div>\n\t\t<\/div>\n\t\t\t\t<div class=\"elementor-column elementor-col-33 elementor-top-column elementor-element elementor-element-6d05cd4\" data-id=\"6d05cd4\" data-element_type=\"column\" data-e-type=\"column\">\n\t\t\t<div class=\"elementor-widget-wrap elementor-element-populated\">\n\t\t\t\t\t\t<div class=\"elementor-element elementor-element-4c7b2eb elementor-widget elementor-widget-heading\" data-id=\"4c7b2eb\" data-element_type=\"widget\" data-e-type=\"widget\" data-widget_type=\"heading.default\">\n\t\t\t\t<div class=\"elementor-widget-container\">\n\t\t\t\t\t<h2 class=\"elementor-heading-title elementor-size-default\">Aktionen &amp; Projekte<\/h2>\t\t\t\t<\/div>\n\t\t\t\t<\/div>\n\t\t\t\t\t<\/div>\n\t\t<\/div>\n\t\t\t\t\t<\/div>\n\t\t<\/section>\n\t\t\t\t<section class=\"elementor-section elementor-top-section elementor-element elementor-element-ba4833e elementor-section-full_width elementor-section-height-default elementor-section-height-default\" data-id=\"ba4833e\" data-element_type=\"section\" data-e-type=\"section\" data-settings=\"{&quot;background_background&quot;:&quot;classic&quot;}\">\n\t\t\t\t\t\t<div class=\"elementor-container elementor-column-gap-default\">\n\t\t\t\t\t<div class=\"elementor-column elementor-col-100 elementor-top-column elementor-element elementor-element-021b8fe\" data-id=\"021b8fe\" data-element_type=\"column\" data-e-type=\"column\">\n\t\t\t<div class=\"elementor-widget-wrap elementor-element-populated\">\n\t\t\t\t\t\t<div class=\"elementor-element elementor-element-572aa42 elementor-widget__width-inherit elementor-widget-divider--separator-type-pattern elementor-widget-divider--view-line elementor-widget elementor-widget-divider\" data-id=\"572aa42\" data-element_type=\"widget\" data-e-type=\"widget\" data-widget_type=\"divider.default\">\n\t\t\t\t<div class=\"elementor-widget-container\">\n\t\t\t\t\t\t\t<div class=\"elementor-divider\" style=\"--divider-pattern-url: url(&quot;data:image\/svg+xml,%3Csvg xmlns=&#039;http:\/\/www.w3.org\/2000\/svg&#039; preserveAspectRatio=&#039;none&#039; overflow=&#039;visible&#039; height=&#039;100%&#039; viewBox=&#039;0 0 24 24&#039; fill=&#039;none&#039; stroke=&#039;black&#039; stroke-width=&#039;1.6&#039; stroke-linecap=&#039;square&#039; stroke-miterlimit=&#039;10&#039;%3E%3Cpath d=&#039;M0,21c3.3,0,8.3-0.9,15.7-7.1c6.6-5.4,4.4-9.3,2.4-10.3c-3.4-1.8-7.7,1.3-7.3,8.8C11.2,20,17.1,21,24,21&#039;\/%3E%3C\/svg%3E&quot;);\">\n\t\t\t<span class=\"elementor-divider-separator\">\n\t\t\t\t\t\t<\/span>\n\t\t<\/div>\n\t\t\t\t\t\t<\/div>\n\t\t\t\t<\/div>\n\t\t\t\t<div class=\"elementor-element elementor-element-425d382 elementor-widget elementor-widget-heading\" data-id=\"425d382\" data-element_type=\"widget\" data-e-type=\"widget\" data-widget_type=\"heading.default\">\n\t\t\t\t<div class=\"elementor-widget-container\">\n\t\t\t\t\t<h2 class=\"elementor-heading-title elementor-size-default\">29. Juni 2025<\/h2>\t\t\t\t<\/div>\n\t\t\t\t<\/div>\n\t\t\t\t<div class=\"elementor-element elementor-element-3c4e520 elementor-widget elementor-widget-heading\" data-id=\"3c4e520\" data-element_type=\"widget\" data-e-type=\"widget\" data-widget_type=\"heading.default\">\n\t\t\t\t<div class=\"elementor-widget-container\">\n\t\t\t\t\t<h2 class=\"elementor-heading-title elementor-size-default\">Flohmarkt wieder auf dem Marktplatz Berliner Stra\u00dfe <\/h2>\t\t\t\t<\/div>\n\t\t\t\t<\/div>\n\t\t\t\t<section class=\"elementor-section elementor-inner-section elementor-element elementor-element-47c0a92 elementor-section-full_width elementor-section-height-default elementor-section-height-default\" data-id=\"47c0a92\" data-element_type=\"section\" data-e-type=\"section\">\n\t\t\t\t\t\t<div class=\"elementor-container elementor-column-gap-default\">\n\t\t\t\t\t<div class=\"elementor-column elementor-col-33 elementor-inner-column elementor-element elementor-element-b9bbcd2\" data-id=\"b9bbcd2\" data-element_type=\"column\" data-e-type=\"column\">\n\t\t\t<div class=\"elementor-widget-wrap\">\n\t\t\t\t\t\t\t<\/div>\n\t\t<\/div>\n\t\t\t\t<div class=\"elementor-column elementor-col-33 elementor-inner-column elementor-element elementor-element-87a9f8c\" data-id=\"87a9f8c\" data-element_type=\"column\" data-e-type=\"column\">\n\t\t\t<div class=\"elementor-widget-wrap elementor-element-populated\">\n\t\t\t\t\t\t<div class=\"elementor-element elementor-element-dc7edb5 elementor-widget__width-initial elementor-widget elementor-widget-text-editor\" data-id=\"dc7edb5\" data-element_type=\"widget\" data-e-type=\"widget\" data-widget_type=\"text-editor.default\">\n\t\t\t\t<div class=\"elementor-widget-container\">\n\t\t\t\t\t\t\t\t\t<p>Kommt vorbei zum bunten Flohmarkt im Veedel! Am Sonntag, 29. Juni von 10\u201315 Uhr auf dem Marktplatz Berliner Stra\u00dfe 29 gibt\u2019s Secondhand-Sch\u00e4tze, Handgemachtes, Musik, Waffeln, hei\u00dfe Getr\u00e4nke und viele Mitmachaktionen f\u00fcr Gro\u00df &amp; Klein. Mit dabei: eine textile Reparaturwerkstatt, eine Upcycling-Schmuckstation, Leselounge, Spielecke, B\u00fcchertauschtisch und die Ausstellung \u201eFast Fashion\u201c. Organisiert von Wir im Nordquartier e.V. in Kooperation mit engagierten Partner*innen aus dem Viertel.<\/p>\t\t\t\t\t\t\t\t<\/div>\n\t\t\t\t<\/div>\n\t\t\t\t\t<\/div>\n\t\t<\/div>\n\t\t\t\t<div class=\"elementor-column elementor-col-33 elementor-inner-column elementor-element elementor-element-6e2073e\" data-id=\"6e2073e\" data-element_type=\"column\" data-e-type=\"column\">\n\t\t\t<div class=\"elementor-widget-wrap\">\n\t\t\t\t\t\t\t<\/div>\n\t\t<\/div>\n\t\t\t\t\t<\/div>\n\t\t<\/section>\n\t\t\t\t\t<\/div>\n\t\t<\/div>\n\t\t\t\t\t<\/div>\n\t\t<\/section>\n\t\t\t\t<section class=\"elementor-section elementor-top-section elementor-element elementor-element-2914180 elementor-section-full_width elementor-section-height-default elementor-section-height-default\" data-id=\"2914180\" data-element_type=\"section\" data-e-type=\"section\" data-settings=\"{&quot;background_background&quot;:&quot;classic&quot;}\">\n\t\t\t\t\t\t<div class=\"elementor-container elementor-column-gap-default\">\n\t\t\t\t\t<div class=\"elementor-column elementor-col-25 elementor-top-column elementor-element elementor-element-b334699\" data-id=\"b334699\" data-element_type=\"column\" data-e-type=\"column\">\n\t\t\t<div class=\"elementor-widget-wrap\">\n\t\t\t\t\t\t\t<\/div>\n\t\t<\/div>\n\t\t\t\t<div class=\"elementor-column elementor-col-25 elementor-top-column elementor-element elementor-element-7ea0c4a elementor-hidden-phone\" data-id=\"7ea0c4a\" data-element_type=\"column\" data-e-type=\"column\">\n\t\t\t<div class=\"elementor-widget-wrap elementor-element-populated\">\n\t\t\t\t\t\t<div class=\"elementor-element elementor-element-ce21a11 elementor-widget__width-initial elementor-widget elementor-widget-image\" data-id=\"ce21a11\" data-element_type=\"widget\" data-e-type=\"widget\" data-widget_type=\"image.default\">\n\t\t\t\t<div class=\"elementor-widget-container\">\n\t\t\t\t\t\t\t\t\t\t\t\t\t\t\t<img loading=\"lazy\" decoding=\"async\" width=\"728\" height=\"1024\" src=\"https:\/\/www.wir-im-nordquartier.de\/wp-content\/uploads\/2025\/06\/20250607_Muelheim_Flohmarkt_Marktplatz-728x1024.jpg\" class=\"attachment-large size-large wp-image-1293\" alt=\"Plakat mit einer Illustration einer Frau, die an einer N\u00e4hmaschine arbeitet, umgeben von typischen Flohmarktartikeln wie Kleidung, Geschirr und Dekoration.\" srcset=\"https:\/\/www.wir-im-nordquartier.de\/wp-content\/uploads\/2025\/06\/20250607_Muelheim_Flohmarkt_Marktplatz-728x1024.jpg 728w, https:\/\/www.wir-im-nordquartier.de\/wp-content\/uploads\/2025\/06\/20250607_Muelheim_Flohmarkt_Marktplatz-213x300.jpg 213w, https:\/\/www.wir-im-nordquartier.de\/wp-content\/uploads\/2025\/06\/20250607_Muelheim_Flohmarkt_Marktplatz-768x1080.jpg 768w, https:\/\/www.wir-im-nordquartier.de\/wp-content\/uploads\/2025\/06\/20250607_Muelheim_Flohmarkt_Marktplatz-1093x1536.jpg 1093w, https:\/\/www.wir-im-nordquartier.de\/wp-content\/uploads\/2025\/06\/20250607_Muelheim_Flohmarkt_Marktplatz-1457x2048.jpg 1457w, https:\/\/www.wir-im-nordquartier.de\/wp-content\/uploads\/2025\/06\/20250607_Muelheim_Flohmarkt_Marktplatz-scaled.jpg 1821w\" sizes=\"(max-width: 728px) 100vw, 728px\" \/>\t\t\t\t\t\t\t\t\t\t\t\t\t\t\t<\/div>\n\t\t\t\t<\/div>\n\t\t\t\t\t<\/div>\n\t\t<\/div>\n\t\t\t\t<div class=\"elementor-column elementor-col-25 elementor-top-column elementor-element elementor-element-6a24089\" data-id=\"6a24089\" data-element_type=\"column\" data-e-type=\"column\">\n\t\t\t<div class=\"elementor-widget-wrap elementor-element-populated\">\n\t\t\t\t\t\t<div class=\"elementor-element elementor-element-58cf5d6 elementor-widget__width-initial elementor-widget elementor-widget-image\" data-id=\"58cf5d6\" data-element_type=\"widget\" data-e-type=\"widget\" data-widget_type=\"image.default\">\n\t\t\t\t<div class=\"elementor-widget-container\">\n\t\t\t\t\t\t\t\t\t\t\t\t\t\t\t<img loading=\"lazy\" decoding=\"async\" width=\"1024\" height=\"683\" src=\"https:\/\/www.wir-im-nordquartier.de\/wp-content\/uploads\/2024\/10\/DSC08690_1-1024x683.jpg\" class=\"attachment-large size-large wp-image-996\" alt=\"\" srcset=\"https:\/\/www.wir-im-nordquartier.de\/wp-content\/uploads\/2024\/10\/DSC08690_1-1024x683.jpg 1024w, https:\/\/www.wir-im-nordquartier.de\/wp-content\/uploads\/2024\/10\/DSC08690_1-300x200.jpg 300w, https:\/\/www.wir-im-nordquartier.de\/wp-content\/uploads\/2024\/10\/DSC08690_1-768x512.jpg 768w, https:\/\/www.wir-im-nordquartier.de\/wp-content\/uploads\/2024\/10\/DSC08690_1-1536x1024.jpg 1536w, https:\/\/www.wir-im-nordquartier.de\/wp-content\/uploads\/2024\/10\/DSC08690_1-2048x1365.jpg 2048w\" sizes=\"(max-width: 1024px) 100vw, 1024px\" \/>\t\t\t\t\t\t\t\t\t\t\t\t\t\t\t<\/div>\n\t\t\t\t<\/div>\n\t\t\t\t\t<\/div>\n\t\t<\/div>\n\t\t\t\t<div class=\"elementor-column elementor-col-25 elementor-top-column elementor-element elementor-element-5b1275f\" data-id=\"5b1275f\" data-element_type=\"column\" data-e-type=\"column\">\n\t\t\t<div class=\"elementor-widget-wrap\">\n\t\t\t\t\t\t\t<\/div>\n\t\t<\/div>\n\t\t\t\t\t<\/div>\n\t\t<\/section>\n\t\t\t\t<section class=\"elementor-section elementor-top-section elementor-element elementor-element-e132106 elementor-section-full_width elementor-section-height-default elementor-section-height-default\" data-id=\"e132106\" data-element_type=\"section\" data-e-type=\"section\" data-settings=\"{&quot;background_background&quot;:&quot;classic&quot;}\">\n\t\t\t\t\t\t<div class=\"elementor-container elementor-column-gap-default\">\n\t\t\t\t\t<div class=\"elementor-column elementor-col-25 elementor-top-column elementor-element elementor-element-e6cb541\" data-id=\"e6cb541\" data-element_type=\"column\" data-e-type=\"column\">\n\t\t\t<div class=\"elementor-widget-wrap\">\n\t\t\t\t\t\t\t<\/div>\n\t\t<\/div>\n\t\t\t\t<div class=\"elementor-column elementor-col-25 elementor-top-column elementor-element elementor-element-fc56c14\" data-id=\"fc56c14\" data-element_type=\"column\" data-e-type=\"column\">\n\t\t\t<div class=\"elementor-widget-wrap elementor-element-populated\">\n\t\t\t\t\t\t<div class=\"elementor-element elementor-element-00440b1 elementor-widget__width-initial elementor-widget elementor-widget-image\" data-id=\"00440b1\" data-element_type=\"widget\" data-e-type=\"widget\" data-widget_type=\"image.default\">\n\t\t\t\t<div class=\"elementor-widget-container\">\n\t\t\t\t\t\t\t\t\t\t\t\t\t\t\t<img loading=\"lazy\" decoding=\"async\" width=\"683\" height=\"1024\" src=\"https:\/\/www.wir-im-nordquartier.de\/wp-content\/uploads\/2024\/10\/DSC08734_1-683x1024.jpg\" class=\"attachment-large size-large wp-image-999\" alt=\"\" srcset=\"https:\/\/www.wir-im-nordquartier.de\/wp-content\/uploads\/2024\/10\/DSC08734_1-683x1024.jpg 683w, https:\/\/www.wir-im-nordquartier.de\/wp-content\/uploads\/2024\/10\/DSC08734_1-200x300.jpg 200w, https:\/\/www.wir-im-nordquartier.de\/wp-content\/uploads\/2024\/10\/DSC08734_1-768x1152.jpg 768w, https:\/\/www.wir-im-nordquartier.de\/wp-content\/uploads\/2024\/10\/DSC08734_1-1024x1536.jpg 1024w, https:\/\/www.wir-im-nordquartier.de\/wp-content\/uploads\/2024\/10\/DSC08734_1-1365x2048.jpg 1365w, https:\/\/www.wir-im-nordquartier.de\/wp-content\/uploads\/2024\/10\/DSC08734_1-scaled.jpg 1707w\" sizes=\"(max-width: 683px) 100vw, 683px\" \/>\t\t\t\t\t\t\t\t\t\t\t\t\t\t\t<\/div>\n\t\t\t\t<\/div>\n\t\t\t\t\t<\/div>\n\t\t<\/div>\n\t\t\t\t<div class=\"elementor-column elementor-col-25 elementor-top-column elementor-element elementor-element-ed62f00\" data-id=\"ed62f00\" data-element_type=\"column\" data-e-type=\"column\">\n\t\t\t<div class=\"elementor-widget-wrap elementor-element-populated\">\n\t\t\t\t\t\t<div class=\"elementor-element elementor-element-f005598 elementor-widget__width-initial elementor-widget elementor-widget-text-editor\" data-id=\"f005598\" data-element_type=\"widget\" data-e-type=\"widget\" data-widget_type=\"text-editor.default\">\n\t\t\t\t<div class=\"elementor-widget-container\">\n\t\t\t\t\t\t\t\t\t<p><strong>Anmeldungen f\u00fcr den Flohmarkt sind noch bis zum 22. Juni m\u00f6glich.<\/strong><br \/><br \/>Vielen Dank f\u00fcr die zahlreichen Anmeldungen &#8211; wir best\u00e4tigen die Anmeldung bis zum 23. Juni.<\/p><p>\u00a0<\/p>\t\t\t\t\t\t\t\t<\/div>\n\t\t\t\t<\/div>\n\t\t\t\t<div class=\"elementor-element elementor-element-00cdb3f elementor-widget__width-initial elementor-widget elementor-widget-text-editor\" data-id=\"00cdb3f\" data-element_type=\"widget\" data-e-type=\"widget\" data-widget_type=\"text-editor.default\">\n\t\t\t\t<div class=\"elementor-widget-container\">\n\t\t\t\t\t\t\t\t\t<h3 style=\"font-variant-caps: normal; font-family: 'PT Sans', sans-serif; font-style: normal; color: #000000;\">Aufbau und Standorganisation<\/h3>\n<ul>\n<li style=\"font-variant-caps: normal; font-family: 'PT Sans', sans-serif; font-size: 18px; font-style: normal;\">Aufbau beginnt um 9:30 Uhr<\/li>\n<li style=\"font-variant-caps: normal; font-family: 'PT Sans', sans-serif; font-size: 18px; font-style: normal;\">Bitte bei Ankunft anmelden \u2013 das Orga-Team ist erkennbar an wei\u00dfen Caps<\/li>\n<li data-start=\"552\" data-end=\"631\">Eigene <strong data-start=\"559\" data-end=\"612\">Tische, Sitzgelegenheiten und ggf. Kleiderstangen<\/strong> bitte mitbringen<\/li>\n<li data-start=\"552\" data-end=\"631\">Ein kleines Tisch-Kontingent ist bereits vergeben<\/li>\n<\/ul>\n<p><strong>Anfahrt und Parkplatz<\/strong><\/p>\n<ul>\n<li>Zum <strong>Be- und Entladen<\/strong> darf der Marktplatz genutzt werden<\/li>\n<li><strong>Autos bitte nur auf ausgewiesenen Parkfl\u00e4chen parken<\/strong> z.B. der \u00f6ffentliche Parkplatz vom Kulturbunker (Zufahrt \u00fcber die Markgrafenstra\u00dfe 81) oder auf der Berliner Stra\u00dfe und Seitenstra\u00dfen<\/li>\n<\/ul>\n<p><strong data-start=\"685\" data-end=\"704\">Standgeb\u00fchr<\/strong><\/p>\n<ul>\n<li data-start=\"709\" data-end=\"757\"><strong data-start=\"709\" data-end=\"727\">10\u202f\u20ac Festpreis<\/strong>, zahlbar <strong data-start=\"737\" data-end=\"755\">vor Ort in bar<\/strong><\/li>\n<li data-start=\"709\" data-end=\"757\">Standgr\u00f6\u00dfe: max. <strong data-start=\"777\" data-end=\"790\">3\u202fm L\u00e4nge<\/strong><\/li>\n<li data-start=\"709\" data-end=\"757\"><strong data-start=\"795\" data-end=\"821\">Keine Neuwaren erlaubt<\/strong><\/li>\n<\/ul>\n<h3 style=\"font-variant-caps: normal; font-family: 'PT Sans', sans-serif; font-style: normal; color: #000000;\">Wetterunabh\u00e4ngigkeit<\/h3>\n<ul>\n<li style=\"font-variant-caps: normal; font-family: 'PT Sans', sans-serif; font-size: 18px; font-style: normal;\">der Marktplatz ist \u00fcberdacht, sodass wir uns keine Sorgen \u00fcber das Wetter machen m\u00fcssen.<\/li>\n<\/ul>\n<h3 style=\"font-variant-caps: normal; font-family: 'PT Sans', sans-serif; font-style: normal; color: #000000;\">Verl\u00e4sslichkeit und Teilnahme<\/h3>\n<ul>\n<li style=\"font-variant-caps: normal; font-family: 'PT Sans', sans-serif; font-size: 18px; font-style: normal;\">da wir sehr kleine Standgeb\u00fchr erheben bitten wir euch um eine zuverl\u00e4ssige Teilnahme<\/li>\n<li style=\"font-variant-caps: normal; font-family: 'PT Sans', sans-serif; font-size: 18px; font-style: normal;\">Spontane Absagen sind nur in Krankheits- oder Notf\u00e4llen verst\u00e4ndlich.<\/li>\n<\/ul>\n<h3 style=\"font-variant-caps: normal; font-family: 'PT Sans', sans-serif; font-style: normal; color: #000000;\">Rahmenprogramm<\/h3>\n<ul>\n<li style=\"font-variant-caps: normal; font-family: 'PT Sans', sans-serif; font-size: 18px; font-style: normal;\"><strong data-start=\"1207\" data-end=\"1237\">Textile Reparaturwerkstatt<\/strong>:<br data-start=\"1238\" data-end=\"1241\">Mit fachlicher Anleitung k\u00f6nnt ihr mitgebrachte Kleidungsst\u00fccke selbst reparieren (Kn\u00f6pfe ann\u00e4hen, L\u00f6cher stopfen etc.). Material und N\u00e4hmaschine stellen wir zur Verf\u00fcgung.<\/li>\n<li><strong>Upcycling-Schmuckwerkstatt, <\/strong>gem\u00fctliche <strong>Leselounge und eine <\/strong><strong>Spielecke mit&nbsp;<\/strong>interkultur e.V.<\/li><li><b>B\u00fcchertauschtisch<\/b> aus der Nachbarschaft &#8211; packt eure B\u00fccher ein!<\/li>\n<li>Ausstellung <strong>&#8222;Fast Fashion&#8220; von Zero Waste e.V.<\/strong><\/li>\n<li>Infostand <strong>Initiative Neue M\u00fclheimer Br\u00fccke<\/strong><\/li>\n<\/ul>\n<h3 style=\"font-variant-caps: normal; font-family: 'PT Sans', sans-serif; font-style: normal; color: #000000;\">Leckere Verpflegung<\/h3>\n<ul>\n<li style=\"font-variant-caps: normal; font-family: 'PT Sans', sans-serif; font-size: 18px; font-style: normal;\"><strong>Hei\u00dfe Waffeln und warme Getr\u00e4nke<\/strong> am K\u00fcchenmobil<\/li>\n<li style=\"font-variant-caps: normal; font-family: 'PT Sans', sans-serif; font-size: 18px; font-style: normal;\"><strong> veganer D\u00f6ner<\/strong> von OYA M\u00fcllem<\/li>\n<\/ul>\n<h3 style=\"font-variant-caps: normal; font-family: 'PT Sans', sans-serif; font-style: normal; color: #000000;\">Langfristige Pl\u00e4ne<\/h3>\n<p style=\"font-variant-caps: normal; font-family: 'PT Sans', sans-serif; font-size: 18px; font-style: normal;\">Der Flohmarkt findet im zweiten Jahr auf dem Marktplatz in M\u00fclheim statt. Unser Ziel ist es, ihn regelm\u00e4\u00dfig hier auf der Berliner Stra\u00dfe zu etablieren. Wir bitten um euer Verst\u00e4ndnis, dass der Markt zun\u00e4chst klein und fein ausfallen wird. Eure Teilnahme tr\u00e4gt ma\u00dfgeblich dazu bei, dass sich diese Idee in unserem Veedel manifestiert. Daf\u00fcr danken wir euch herzlich!<\/p>\n<h3 style=\"font-variant-caps: normal; font-family: 'PT Sans', sans-serif; font-style: normal; color: #000000;\">Werbung<\/h3>\n<p style=\"font-variant-caps: normal; font-family: 'PT Sans', sans-serif; font-size: 18px; font-style: normal;\">Ihr findet unser Poster als PDF. Leitet diese gerne weiter und ladet flei\u00dfig ein, um uns bei der Werbung zu unterst\u00fctzen!<\/p>\n<p style=\"font-variant-caps: normal; font-family: 'PT Sans', sans-serif; font-size: 18px; font-style: normal;\">Wir freuen uns auf euch und einen erfolgreichen Flohmarkt in M\u00fclheim<\/p>\t\t\t\t\t\t\t\t<\/div>\n\t\t\t\t<\/div>\n\t\t\t\t<div class=\"elementor-element elementor-element-20e56d0 elementor-align-center elementor-widget elementor-widget-button\" data-id=\"20e56d0\" data-element_type=\"widget\" data-e-type=\"widget\" data-widget_type=\"button.default\">\n\t\t\t\t<div class=\"elementor-widget-container\">\n\t\t\t\t\t\t\t\t\t<div class=\"elementor-button-wrapper\">\n\t\t\t\t\t<a class=\"elementor-button elementor-button-link elementor-size-sm\" href=\"mailto:flohmarkt@wir-im-nordquartier.de\" target=\"_blank\">\n\t\t\t\t\t\t<span class=\"elementor-button-content-wrapper\">\n\t\t\t\t\t\t\t\t\t<span class=\"elementor-button-text\">Zur Anmeldung<\/span>\n\t\t\t\t\t<\/span>\n\t\t\t\t\t<\/a>\n\t\t\t\t<\/div>\n\t\t\t\t\t\t\t\t<\/div>\n\t\t\t\t<\/div>\n\t\t\t\t\t<\/div>\n\t\t<\/div>\n\t\t\t\t<div class=\"elementor-column elementor-col-25 elementor-top-column elementor-element elementor-element-a3bf4b9\" data-id=\"a3bf4b9\" data-element_type=\"column\" data-e-type=\"column\">\n\t\t\t<div class=\"elementor-widget-wrap elementor-element-populated\">\n\t\t\t\t\t\t<div class=\"elementor-element elementor-element-8e54f61 elementor-align-start elementor-icon-list--layout-traditional elementor-list-item-link-full_width elementor-widget elementor-widget-icon-list\" data-id=\"8e54f61\" data-element_type=\"widget\" data-e-type=\"widget\" data-widget_type=\"icon-list.default\">\n\t\t\t\t<div class=\"elementor-widget-container\">\n\t\t\t\t\t\t\t<ul class=\"elementor-icon-list-items\">\n\t\t\t\t\t\t\t<li class=\"elementor-icon-list-item\">\n\t\t\t\t\t\t\t\t\t\t\t<span class=\"elementor-icon-list-icon\">\n\t\t\t\t\t\t\t<i aria-hidden=\"true\" class=\"far fa-bell\"><\/i>\t\t\t\t\t\t<\/span>\n\t\t\t\t\t\t\t\t\t\t<span class=\"elementor-icon-list-text\">Flohmarkt 10 - 15 Uhr<\/span>\n\t\t\t\t\t\t\t\t\t<\/li>\n\t\t\t\t\t\t\t\t<li class=\"elementor-icon-list-item\">\n\t\t\t\t\t\t\t\t\t\t\t<span class=\"elementor-icon-list-icon\">\n\t\t\t\t\t\t\t<i aria-hidden=\"true\" class=\"fas fa-check\"><\/i>\t\t\t\t\t\t<\/span>\n\t\t\t\t\t\t\t\t\t\t<span class=\"elementor-icon-list-text\">Neuwaren nicht gestattet<\/span>\n\t\t\t\t\t\t\t\t\t<\/li>\n\t\t\t\t\t\t\t\t<li class=\"elementor-icon-list-item\">\n\t\t\t\t\t\t\t\t\t\t\t<span class=\"elementor-icon-list-icon\">\n\t\t\t\t\t\t\t<i aria-hidden=\"true\" class=\"fas fa-euro-sign\"><\/i>\t\t\t\t\t\t<\/span>\n\t\t\t\t\t\t\t\t\t\t<span class=\"elementor-icon-list-text\">10 Standgeb\u00fchren<\/span>\n\t\t\t\t\t\t\t\t\t<\/li>\n\t\t\t\t\t\t\t\t<li class=\"elementor-icon-list-item\">\n\t\t\t\t\t\t\t\t\t\t\t<span class=\"elementor-icon-list-icon\">\n\t\t\t\t\t\t\t<i aria-hidden=\"true\" class=\"far fa-hand-peace\"><\/i>\t\t\t\t\t\t<\/span>\n\t\t\t\t\t\t\t\t\t\t<span class=\"elementor-icon-list-text\">Wetterunabh\u00e4ngig<\/span>\n\t\t\t\t\t\t\t\t\t<\/li>\n\t\t\t\t\t\t\t\t<li class=\"elementor-icon-list-item\">\n\t\t\t\t\t\t\t\t\t\t\t<span class=\"elementor-icon-list-icon\">\n\t\t\t\t\t\t\t<i aria-hidden=\"true\" class=\"far fa-arrow-alt-circle-right\"><\/i>\t\t\t\t\t\t<\/span>\n\t\t\t\t\t\t\t\t\t\t<span class=\"elementor-icon-list-text\">Alle Tische bereits vergeben - Eigene Tische m\u00f6glich<\/span>\n\t\t\t\t\t\t\t\t\t<\/li>\n\t\t\t\t\t\t\t\t<li class=\"elementor-icon-list-item\">\n\t\t\t\t\t\t\t\t\t\t\t<span class=\"elementor-icon-list-icon\">\n\t\t\t\t\t\t\t<i aria-hidden=\"true\" class=\"far fa-handshake\"><\/i>\t\t\t\t\t\t<\/span>\n\t\t\t\t\t\t\t\t\t\t<span class=\"elementor-icon-list-text\">Kein M\u00fcll hinterlassen<\/span>\n\t\t\t\t\t\t\t\t\t<\/li>\n\t\t\t\t\t\t\t\t<li class=\"elementor-icon-list-item\">\n\t\t\t\t\t\t\t\t\t\t\t<span class=\"elementor-icon-list-icon\">\n\t\t\t\t\t\t\t<i aria-hidden=\"true\" class=\"fas fa-toilet\"><\/i>\t\t\t\t\t\t<\/span>\n\t\t\t\t\t\t\t\t\t\t<span class=\"elementor-icon-list-text\">Toilette im Kulturbunker, \u00fcber den Haupteingang erreichbar<\/span>\n\t\t\t\t\t\t\t\t\t<\/li>\n\t\t\t\t\t\t<\/ul>\n\t\t\t\t\t\t<\/div>\n\t\t\t\t<\/div>\n\t\t\t\t<div class=\"elementor-element elementor-element-9cea09b elementor-align-center elementor-widget elementor-widget-button\" data-id=\"9cea09b\" data-element_type=\"widget\" data-e-type=\"widget\" data-widget_type=\"button.default\">\n\t\t\t\t<div class=\"elementor-widget-container\">\n\t\t\t\t\t\t\t\t\t<div class=\"elementor-button-wrapper\">\n\t\t\t\t\t<a class=\"elementor-button elementor-button-link elementor-size-sm\" href=\"https:\/\/www.wir-im-nordquartier.de\/wp-content\/uploads\/2025\/06\/20250607_Muelheim_Flohmarkt_Marktplatz-scaled.jpg\" target=\"_blank\">\n\t\t\t\t\t\t<span class=\"elementor-button-content-wrapper\">\n\t\t\t\t\t\t\t\t\t<span class=\"elementor-button-text\">Plakat als PDF downloaden<\/span>\n\t\t\t\t\t<\/span>\n\t\t\t\t\t<\/a>\n\t\t\t\t<\/div>\n\t\t\t\t\t\t\t\t<\/div>\n\t\t\t\t<\/div>\n\t\t\t\t\t<\/div>\n\t\t<\/div>\n\t\t\t\t\t<\/div>\n\t\t<\/section>\n\t\t\t\t<section class=\"elementor-section elementor-top-section elementor-element elementor-element-854c87c elementor-section-full_width elementor-section-height-default elementor-section-height-default\" data-id=\"854c87c\" data-element_type=\"section\" data-e-type=\"section\" data-settings=\"{&quot;background_background&quot;:&quot;classic&quot;}\">\n\t\t\t\t\t\t<div class=\"elementor-container elementor-column-gap-default\">\n\t\t\t\t\t<div class=\"elementor-column elementor-col-100 elementor-top-column elementor-element elementor-element-3662b6b\" data-id=\"3662b6b\" data-element_type=\"column\" data-e-type=\"column\">\n\t\t\t<div class=\"elementor-widget-wrap elementor-element-populated\">\n\t\t\t\t\t\t<div class=\"elementor-element elementor-element-4ec5182 elementor-widget__width-inherit elementor-widget-divider--separator-type-pattern elementor-widget-divider--view-line elementor-widget elementor-widget-divider\" data-id=\"4ec5182\" data-element_type=\"widget\" data-e-type=\"widget\" data-widget_type=\"divider.default\">\n\t\t\t\t<div class=\"elementor-widget-container\">\n\t\t\t\t\t\t\t<div class=\"elementor-divider\" style=\"--divider-pattern-url: url(&quot;data:image\/svg+xml,%3Csvg xmlns=&#039;http:\/\/www.w3.org\/2000\/svg&#039; preserveAspectRatio=&#039;none&#039; overflow=&#039;visible&#039; height=&#039;100%&#039; viewBox=&#039;0 0 24 24&#039; fill=&#039;none&#039; stroke=&#039;black&#039; stroke-width=&#039;1.6&#039; stroke-linecap=&#039;square&#039; stroke-miterlimit=&#039;10&#039;%3E%3Cpath d=&#039;M0,21c3.3,0,8.3-0.9,15.7-7.1c6.6-5.4,4.4-9.3,2.4-10.3c-3.4-1.8-7.7,1.3-7.3,8.8C11.2,20,17.1,21,24,21&#039;\/%3E%3C\/svg%3E&quot;);\">\n\t\t\t<span class=\"elementor-divider-separator\">\n\t\t\t\t\t\t<\/span>\n\t\t<\/div>\n\t\t\t\t\t\t<\/div>\n\t\t\t\t<\/div>\n\t\t\t\t\t<\/div>\n\t\t<\/div>\n\t\t\t\t\t<\/div>\n\t\t<\/section>\n\t\t\t\t<section class=\"elementor-section elementor-top-section elementor-element elementor-element-33db2bf elementor-hidden-phone elementor-section-boxed elementor-section-height-default elementor-section-height-default\" data-id=\"33db2bf\" data-element_type=\"section\" data-e-type=\"section\" data-settings=\"{&quot;background_background&quot;:&quot;classic&quot;}\">\n\t\t\t\t\t\t<div class=\"elementor-container elementor-column-gap-default\">\n\t\t\t\t\t<div class=\"elementor-column elementor-col-33 elementor-top-column elementor-element elementor-element-5d78569\" data-id=\"5d78569\" data-element_type=\"column\" data-e-type=\"column\">\n\t\t\t<div class=\"elementor-widget-wrap elementor-element-populated\">\n\t\t\t\t\t\t<div class=\"elementor-element elementor-element-4c277c2 elementor-widget elementor-widget-heading\" data-id=\"4c277c2\" data-element_type=\"widget\" data-e-type=\"widget\" data-widget_type=\"heading.default\">\n\t\t\t\t<div class=\"elementor-widget-container\">\n\t\t\t\t\t<h2 class=\"elementor-heading-title elementor-size-default\">Projekt<\/h2>\t\t\t\t<\/div>\n\t\t\t\t<\/div>\n\t\t\t\t\t<\/div>\n\t\t<\/div>\n\t\t\t\t<div class=\"elementor-column elementor-col-33 elementor-top-column elementor-element elementor-element-8b1aa11\" data-id=\"8b1aa11\" data-element_type=\"column\" data-e-type=\"column\">\n\t\t\t<div class=\"elementor-widget-wrap elementor-element-populated\">\n\t\t\t\t\t\t<div class=\"elementor-element elementor-element-78ca7dd elementor-widget elementor-widget-heading\" data-id=\"78ca7dd\" data-element_type=\"widget\" data-e-type=\"widget\" data-widget_type=\"heading.default\">\n\t\t\t\t<div class=\"elementor-widget-container\">\n\t\t\t\t\t<h2 class=\"elementor-heading-title elementor-size-default\">2024 \u2013 2025<\/h2>\t\t\t\t<\/div>\n\t\t\t\t<\/div>\n\t\t\t\t\t<\/div>\n\t\t<\/div>\n\t\t\t\t<div class=\"elementor-column elementor-col-33 elementor-top-column elementor-element elementor-element-44e3892\" data-id=\"44e3892\" data-element_type=\"column\" data-e-type=\"column\">\n\t\t\t<div class=\"elementor-widget-wrap elementor-element-populated\">\n\t\t\t\t\t\t<div class=\"elementor-element elementor-element-491c386 elementor-widget elementor-widget-heading\" data-id=\"491c386\" data-element_type=\"widget\" data-e-type=\"widget\" data-widget_type=\"heading.default\">\n\t\t\t\t<div class=\"elementor-widget-container\">\n\t\t\t\t\t<h2 class=\"elementor-heading-title elementor-size-default\">Familien<\/h2>\t\t\t\t<\/div>\n\t\t\t\t<\/div>\n\t\t\t\t\t<\/div>\n\t\t<\/div>\n\t\t\t\t\t<\/div>\n\t\t<\/section>\n\t\t\t\t<section class=\"elementor-section elementor-top-section elementor-element elementor-element-f6e4780 elementor-section-full_width elementor-section-height-default elementor-section-height-default\" data-id=\"f6e4780\" data-element_type=\"section\" data-e-type=\"section\" data-settings=\"{&quot;background_background&quot;:&quot;classic&quot;}\">\n\t\t\t\t\t\t<div class=\"elementor-container elementor-column-gap-default\">\n\t\t\t\t\t<div class=\"elementor-column elementor-col-100 elementor-top-column elementor-element elementor-element-34a1579\" data-id=\"34a1579\" data-element_type=\"column\" data-e-type=\"column\">\n\t\t\t<div class=\"elementor-widget-wrap elementor-element-populated\">\n\t\t\t\t\t\t<div class=\"elementor-element elementor-element-3f19aae elementor-widget elementor-widget-heading\" data-id=\"3f19aae\" data-element_type=\"widget\" data-e-type=\"widget\" data-widget_type=\"heading.default\">\n\t\t\t\t<div class=\"elementor-widget-container\">\n\t\t\t\t\t<h2 class=\"elementor-heading-title elementor-size-default\">Familien kochen und vernetzen<\/h2>\t\t\t\t<\/div>\n\t\t\t\t<\/div>\n\t\t\t\t<div class=\"elementor-element elementor-element-b2bdc0c elementor-arrows-position-inside elementor-widget elementor-widget-image-carousel\" data-id=\"b2bdc0c\" data-element_type=\"widget\" data-e-type=\"widget\" data-settings=\"{&quot;navigation&quot;:&quot;arrows&quot;,&quot;autoplay&quot;:&quot;yes&quot;,&quot;pause_on_hover&quot;:&quot;yes&quot;,&quot;pause_on_interaction&quot;:&quot;yes&quot;,&quot;autoplay_speed&quot;:5000,&quot;infinite&quot;:&quot;yes&quot;,&quot;speed&quot;:500}\" data-widget_type=\"image-carousel.default\">\n\t\t\t\t<div class=\"elementor-widget-container\">\n\t\t\t\t\t\t\t<div class=\"elementor-image-carousel-wrapper swiper\" role=\"region\" aria-roledescription=\"carousel\" aria-label=\"Bild Karussell\" dir=\"ltr\">\n\t\t\t<div class=\"elementor-image-carousel swiper-wrapper\" aria-live=\"off\">\n\t\t\t\t\t\t\t\t<div class=\"swiper-slide\" role=\"group\" aria-roledescription=\"slide\" aria-label=\"1 von 5\"><figure class=\"swiper-slide-inner\"><img decoding=\"async\" class=\"swiper-slide-image\" src=\"https:\/\/www.wir-im-nordquartier.de\/wp-content\/uploads\/elementor\/thumbs\/WirImNordquartier_Familienkochen_Carlsgarten_01_02-scaled-qwwcpzxf9h5cwi137ziz4evsejrp3yf5orb8f4zigg.jpg\" alt=\"WirImNordquartier_Familienkochen_Carlsgarten_01_02\" \/><\/figure><\/div><div class=\"swiper-slide\" role=\"group\" aria-roledescription=\"slide\" aria-label=\"2 von 5\"><figure class=\"swiper-slide-inner\"><img decoding=\"async\" class=\"swiper-slide-image\" src=\"https:\/\/www.wir-im-nordquartier.de\/wp-content\/uploads\/elementor\/thumbs\/WirImNordquartier_Familienkochen_Carlsgarten06-scaled-qwwcq4mm7nbsiju9gjk3yvp3dh4j6fxtdekntisjlc.jpg\" alt=\"WirImNordquartier_Familienkochen_Carlsgarten06\" \/><\/figure><\/div><div class=\"swiper-slide\" role=\"group\" aria-roledescription=\"slide\" aria-label=\"3 von 5\"><figure class=\"swiper-slide-inner\"><img decoding=\"async\" class=\"swiper-slide-image\" src=\"https:\/\/www.wir-im-nordquartier.de\/wp-content\/uploads\/elementor\/thumbs\/WirImNordquartier_Familienkochen_Carlsgarten07-scaled-qwwcq8dyyzgxszosul6m8uqxr0m018cqpx6lqmmywg.jpg\" alt=\"WirImNordquartier_Familienkochen_Carlsgarten07\" \/><\/figure><\/div><div class=\"swiper-slide\" role=\"group\" aria-roledescription=\"slide\" aria-label=\"4 von 5\"><figure class=\"swiper-slide-inner\"><img decoding=\"async\" class=\"swiper-slide-image\" src=\"https:\/\/www.wir-im-nordquartier.de\/wp-content\/uploads\/elementor\/thumbs\/WirImNordquartier_Familienkochen_Carlsgarten11-scaled-qwwcqc5bqbm33fjc8mt4itss4k3gw0ro2fsjnqhe7k.jpg\" alt=\"WirImNordquartier_Familienkochen_Carlsgarten11\" \/><\/figure><\/div><div class=\"swiper-slide\" role=\"group\" aria-roledescription=\"slide\" aria-label=\"5 von 5\"><figure class=\"swiper-slide-inner\"><img decoding=\"async\" class=\"swiper-slide-image\" src=\"https:\/\/www.wir-im-nordquartier.de\/wp-content\/uploads\/elementor\/thumbs\/WirImNordquartier_Familienkochen_Carlsgarten13-scaled-qwwcqfwohnr8dvdvmofmssumi3kxqt6leyehkubtio.jpg\" alt=\"WirImNordquartier_Familienkochen_Carlsgarten13\" \/><\/figure><\/div>\t\t\t<\/div>\n\t\t\t\t\t\t\t\t\t\t\t\t<div class=\"elementor-swiper-button elementor-swiper-button-prev\" role=\"button\" tabindex=\"0\">\n\t\t\t\t\t\t<i aria-hidden=\"true\" class=\"eicon-chevron-left\"><\/i>\t\t\t\t\t<\/div>\n\t\t\t\t\t<div class=\"elementor-swiper-button elementor-swiper-button-next\" role=\"button\" tabindex=\"0\">\n\t\t\t\t\t\t<i aria-hidden=\"true\" class=\"eicon-chevron-right\"><\/i>\t\t\t\t\t<\/div>\n\t\t\t\t\n\t\t\t\t\t\t\t\t\t<\/div>\n\t\t\t\t\t\t<\/div>\n\t\t\t\t<\/div>\n\t\t\t\t<div class=\"elementor-element elementor-element-bba09f6 elementor-widget elementor-widget-heading\" data-id=\"bba09f6\" data-element_type=\"widget\" data-e-type=\"widget\" data-widget_type=\"heading.default\">\n\t\t\t\t<div class=\"elementor-widget-container\">\n\t\t\t\t\t<h2 class=\"elementor-heading-title elementor-size-default\">Fotos: Julia Scherzl<\/h2>\t\t\t\t<\/div>\n\t\t\t\t<\/div>\n\t\t\t\t<div class=\"elementor-element elementor-element-b547637 elementor-widget elementor-widget-heading\" data-id=\"b547637\" data-element_type=\"widget\" data-e-type=\"widget\" data-widget_type=\"heading.default\">\n\t\t\t\t<div class=\"elementor-widget-container\">\n\t\t\t\t\t<h2 class=\"elementor-heading-title elementor-size-default\">Kostenlos und mit Anmeldung<\/h2>\t\t\t\t<\/div>\n\t\t\t\t<\/div>\n\t\t\t\t\t<\/div>\n\t\t<\/div>\n\t\t\t\t\t<\/div>\n\t\t<\/section>\n\t\t\t\t<section class=\"elementor-section elementor-top-section elementor-element elementor-element-2887d06 elementor-section-full_width elementor-section-height-default elementor-section-height-default\" data-id=\"2887d06\" data-element_type=\"section\" data-e-type=\"section\" data-settings=\"{&quot;background_background&quot;:&quot;classic&quot;}\">\n\t\t\t\t\t\t<div class=\"elementor-container elementor-column-gap-default\">\n\t\t\t\t\t<div class=\"elementor-column elementor-col-33 elementor-top-column elementor-element elementor-element-a403575 elementor-hidden-phone\" data-id=\"a403575\" data-element_type=\"column\" data-e-type=\"column\">\n\t\t\t<div class=\"elementor-widget-wrap\">\n\t\t\t\t\t\t\t<\/div>\n\t\t<\/div>\n\t\t\t\t<div class=\"elementor-column elementor-col-33 elementor-top-column elementor-element elementor-element-2809554\" data-id=\"2809554\" data-element_type=\"column\" data-e-type=\"column\">\n\t\t\t<div class=\"elementor-widget-wrap elementor-element-populated\">\n\t\t\t\t\t\t<div class=\"elementor-element elementor-element-e3fad8a elementor-align-center elementor-widget elementor-widget-button\" data-id=\"e3fad8a\" data-element_type=\"widget\" data-e-type=\"widget\" data-widget_type=\"button.default\">\n\t\t\t\t<div class=\"elementor-widget-container\">\n\t\t\t\t\t\t\t\t\t<div class=\"elementor-button-wrapper\">\n\t\t\t\t\t<a class=\"elementor-button elementor-button-link elementor-size-sm\" href=\"mailto:ehrig@awo-koeln.de\" target=\"_blank\">\n\t\t\t\t\t\t<span class=\"elementor-button-content-wrapper\">\n\t\t\t\t\t\t\t\t\t<span class=\"elementor-button-text\">Zur Anmeldung<\/span>\n\t\t\t\t\t<\/span>\n\t\t\t\t\t<\/a>\n\t\t\t\t<\/div>\n\t\t\t\t\t\t\t\t<\/div>\n\t\t\t\t<\/div>\n\t\t\t\t<div class=\"elementor-element elementor-element-3c1ae3b elementor-widget elementor-widget-text-editor\" data-id=\"3c1ae3b\" data-element_type=\"widget\" data-e-type=\"widget\" data-widget_type=\"text-editor.default\">\n\t\t\t\t<div class=\"elementor-widget-container\">\n\t\t\t\t\t\t\t\t\t<div title=\"Page 1\">\n<div>\n<div>\n<div>\n<h2>Was ist das Ziel?<br><span style=\"font-weight: normal;\">Im Projekt &#8222;Familien kochen und vernetzen&#8220; treffen sich Familien freitag ab 16 Uhr, um gemeinsam zu kochen und sich kennenzulernen. An verschiedenen Orten im Stadtteil M\u00fclheim-Nord wird gemeinsam gekocht, sich ausgetauscht und Neues entdeckt. Die Aktionen werden von einer erfahrenen Person aus dem Stadtteil und einer p\u00e4dagogischen Fachkraft geleitet. Es gibt auch eine Kinderbetreuung und manchmal sind auch Expert*innen dabei.<\/span><\/h2>\n<h2>Wer macht das Projekt?<br><span style=\"font-weight: normal;\">Das Projekt wird von &#8222;Wir im Nordquartier e.V.&#8220; und dem Familiengrundschulzentrum der GGS Langema\u00df gemeinsam durchgef\u00fchrt. Beide Organisationen haben schon viel Erfahrung mit der Arbeit in M\u00fclheim-Nord sammeln k\u00f6nnen.<\/span><span style=\"font-weight: normal;\"><br><\/span><\/h2>\n<h2>F\u00fcr wen ist das Projekt?<br><span style=\"font-weight: normal;\">Das Projekt ist f\u00fcr Familien der GGS Langema\u00df. Alle Familien sind willkommen, egal wo sie herkommen, welcher Religion sie angeh\u00f6ren, wie sie leben oder welche Kultur sie haben. Wir finden Vielfalt gut. Denn sie macht unser Zusammenleben bunter. Alle Familien sind willkommen, egal wie gro\u00df oder klein, mit einem oder beiden Elternteilen. Wir wollen, dass sich alle Familien wohlf\u00fchlen und dass alle sehen, wie vielf\u00e4ltig unsere Gemeinschaft ist. Wenn n\u00f6tig, gibt es \u00dcbersetzungen.<\/span><span style=\"font-weight: normal;\"><br><\/span><\/h2>\n<h2>Wann wird das Projekt umgesetzt?<br><span style=\"font-weight: normal;\">Das Projekt startet im August 2024 und l\u00e4uft bis Juni 2025. Die n\u00e4chsten Termine f\u00fcr das erste Projektjahr sind Freitags von 16 bis 19 Uhr: 04.04. &nbsp;11.04. &nbsp;02.05. &nbsp;09.05. &nbsp;16.05. &nbsp;23.05. &nbsp;30.05. 06.06. &nbsp;13.06. &nbsp;27.06. &nbsp;04.07.<\/span><\/h2>\n<h2>Wo wird es umgesetzt?<br><span style=\"font-weight: normal;\">Die Aktionen finden an verschiedenen Orten im Stadtteil M\u00fclheim-Nord und in der ganzen Stadt statt. Dazu geh\u00f6ren zum Beispiel das Schulgel\u00e4nde der GGS Langema\u00df, die Stadtbibliothek, der Gemeinschaftsgarten des Schauspiel K\u00f6ln oder die Naturstation Stammheim.<\/span><span style=\"font-weight: normal;\"><br><\/span><\/h2>\n<h2><span style=\"font-weight: normal;\">Das Projekt wird von der RheinEnergieStiftung Familie gef\u00f6rdert.<\/span><\/h2>\n<div>\n<h3>Kostenlos und mit Anmeldung bei Madeleine Ehrig, Familiengrundschulzentrum Langema\u00df. Telefonisch und per E-Mail erreichbar unter: 0157-36 62 64 64 oder <a href=\"http:\/\/ehrig.@awo-koeln.de\/\">ehrig@awo-koeln.d<\/a>e. Sie ist von Montag bis Freitag, 8\u201316 Uhr, im Raum A105 der Grundschule Langema\u00df.<\/h3>\n<\/div>\n<div>&nbsp;<\/div>\n<\/div>\n<\/div>\n<\/div>\n<\/div>\t\t\t\t\t\t\t\t<\/div>\n\t\t\t\t<\/div>\n\t\t\t\t\t<\/div>\n\t\t<\/div>\n\t\t\t\t<div class=\"elementor-column elementor-col-33 elementor-top-column elementor-element elementor-element-684c31c\" data-id=\"684c31c\" data-element_type=\"column\" data-e-type=\"column\">\n\t\t\t<div class=\"elementor-widget-wrap elementor-element-populated\">\n\t\t\t\t\t\t<div class=\"elementor-element elementor-element-1d3d562 elementor-widget elementor-widget-image\" data-id=\"1d3d562\" data-element_type=\"widget\" data-e-type=\"widget\" data-widget_type=\"image.default\">\n\t\t\t\t<div class=\"elementor-widget-container\">\n\t\t\t\t\t\t\t\t\t\t\t\t\t\t\t<img loading=\"lazy\" decoding=\"async\" width=\"768\" height=\"1080\" src=\"https:\/\/www.wir-im-nordquartier.de\/wp-content\/uploads\/2024\/08\/Plakat_Familienkochen-768x1080.jpg\" class=\"attachment-medium_large size-medium_large wp-image-879\" alt=\"Menschen am Tisch kochen zusammen\" srcset=\"https:\/\/www.wir-im-nordquartier.de\/wp-content\/uploads\/2024\/08\/Plakat_Familienkochen-768x1080.jpg 768w, https:\/\/www.wir-im-nordquartier.de\/wp-content\/uploads\/2024\/08\/Plakat_Familienkochen-213x300.jpg 213w, https:\/\/www.wir-im-nordquartier.de\/wp-content\/uploads\/2024\/08\/Plakat_Familienkochen-728x1024.jpg 728w, https:\/\/www.wir-im-nordquartier.de\/wp-content\/uploads\/2024\/08\/Plakat_Familienkochen-1093x1536.jpg 1093w, https:\/\/www.wir-im-nordquartier.de\/wp-content\/uploads\/2024\/08\/Plakat_Familienkochen-1457x2048.jpg 1457w, https:\/\/www.wir-im-nordquartier.de\/wp-content\/uploads\/2024\/08\/Plakat_Familienkochen-scaled.jpg 1821w\" sizes=\"(max-width: 768px) 100vw, 768px\" \/>\t\t\t\t\t\t\t\t\t\t\t\t\t\t\t<\/div>\n\t\t\t\t<\/div>\n\t\t\t\t<div class=\"elementor-element elementor-element-996c863 elementor-align-start elementor-icon-list--layout-traditional elementor-list-item-link-full_width elementor-widget elementor-widget-icon-list\" data-id=\"996c863\" data-element_type=\"widget\" data-e-type=\"widget\" data-widget_type=\"icon-list.default\">\n\t\t\t\t<div class=\"elementor-widget-container\">\n\t\t\t\t\t\t\t<ul class=\"elementor-icon-list-items\">\n\t\t\t\t\t\t\t<li class=\"elementor-icon-list-item\">\n\t\t\t\t\t\t\t\t\t\t\t<span class=\"elementor-icon-list-icon\">\n\t\t\t\t\t\t\t<i aria-hidden=\"true\" class=\"far fa-bell\"><\/i>\t\t\t\t\t\t<\/span>\n\t\t\t\t\t\t\t\t\t\t<span class=\"elementor-icon-list-text\">Alle zwei Wochen<\/span>\n\t\t\t\t\t\t\t\t\t<\/li>\n\t\t\t\t\t\t\t\t<li class=\"elementor-icon-list-item\">\n\t\t\t\t\t\t\t\t\t\t\t<span class=\"elementor-icon-list-icon\">\n\t\t\t\t\t\t\t<i aria-hidden=\"true\" class=\"fas fa-location-arrow\"><\/i>\t\t\t\t\t\t<\/span>\n\t\t\t\t\t\t\t\t\t\t<span class=\"elementor-icon-list-text\">M\u00fclheim\u2013Nord<\/span>\n\t\t\t\t\t\t\t\t\t<\/li>\n\t\t\t\t\t\t\t\t<li class=\"elementor-icon-list-item\">\n\t\t\t\t\t\t\t\t\t\t\t<span class=\"elementor-icon-list-icon\">\n\t\t\t\t\t\t\t<i aria-hidden=\"true\" class=\"fas fa-check\"><\/i>\t\t\t\t\t\t<\/span>\n\t\t\t\t\t\t\t\t\t\t<span class=\"elementor-icon-list-text\">Mit Anmeldung<\/span>\n\t\t\t\t\t\t\t\t\t<\/li>\n\t\t\t\t\t\t\t\t<li class=\"elementor-icon-list-item\">\n\t\t\t\t\t\t\t\t\t\t\t<span class=\"elementor-icon-list-icon\">\n\t\t\t\t\t\t\t<i aria-hidden=\"true\" class=\"fas fa-euro-sign\"><\/i>\t\t\t\t\t\t<\/span>\n\t\t\t\t\t\t\t\t\t\t<span class=\"elementor-icon-list-text\">Kostenlos<\/span>\n\t\t\t\t\t\t\t\t\t<\/li>\n\t\t\t\t\t\t\t\t<li class=\"elementor-icon-list-item\">\n\t\t\t\t\t\t\t\t\t\t\t<span class=\"elementor-icon-list-icon\">\n\t\t\t\t\t\t\t<i aria-hidden=\"true\" class=\"far fa-hand-peace\"><\/i>\t\t\t\t\t\t<\/span>\n\t\t\t\t\t\t\t\t\t\t<span class=\"elementor-icon-list-text\">F\u00fcr Sch\u00fcler*innen und Familien der GGS Langema\u00df <\/span>\n\t\t\t\t\t\t\t\t\t<\/li>\n\t\t\t\t\t\t\t\t<li class=\"elementor-icon-list-item\">\n\t\t\t\t\t\t\t\t\t\t\t<span class=\"elementor-icon-list-icon\">\n\t\t\t\t\t\t\t<i aria-hidden=\"true\" class=\"far fa-arrow-alt-circle-right\"><\/i>\t\t\t\t\t\t<\/span>\n\t\t\t\t\t\t\t\t\t\t<span class=\"elementor-icon-list-text\">Interessiert am Kochen und Vernetzen<\/span>\n\t\t\t\t\t\t\t\t\t<\/li>\n\t\t\t\t\t\t\t\t<li class=\"elementor-icon-list-item\">\n\t\t\t\t\t\t\t\t\t\t\t<span class=\"elementor-icon-list-icon\">\n\t\t\t\t\t\t\t<i aria-hidden=\"true\" class=\"far fa-handshake\"><\/i>\t\t\t\t\t\t<\/span>\n\t\t\t\t\t\t\t\t\t\t<span class=\"elementor-icon-list-text\">Mit Kinderbetreuung und \u00dcbersetzungshilfe<\/span>\n\t\t\t\t\t\t\t\t\t<\/li>\n\t\t\t\t\t\t<\/ul>\n\t\t\t\t\t\t<\/div>\n\t\t\t\t<\/div>\n\t\t\t\t\t<\/div>\n\t\t<\/div>\n\t\t\t\t\t<\/div>\n\t\t<\/section>\n\t\t\t\t<section class=\"elementor-section elementor-top-section elementor-element elementor-element-d580483 elementor-section-full_width elementor-section-height-default elementor-section-height-default\" data-id=\"d580483\" data-element_type=\"section\" data-e-type=\"section\" data-settings=\"{&quot;background_background&quot;:&quot;classic&quot;}\">\n\t\t\t\t\t\t<div class=\"elementor-container elementor-column-gap-default\">\n\t\t\t\t\t<div class=\"elementor-column elementor-col-100 elementor-top-column elementor-element elementor-element-c1bd4f3\" data-id=\"c1bd4f3\" data-element_type=\"column\" data-e-type=\"column\">\n\t\t\t<div class=\"elementor-widget-wrap elementor-element-populated\">\n\t\t\t\t\t\t<div class=\"elementor-element elementor-element-4a637ba elementor-widget__width-inherit elementor-widget-divider--separator-type-pattern elementor-widget-divider--view-line elementor-widget elementor-widget-divider\" data-id=\"4a637ba\" data-element_type=\"widget\" data-e-type=\"widget\" data-widget_type=\"divider.default\">\n\t\t\t\t<div class=\"elementor-widget-container\">\n\t\t\t\t\t\t\t<div class=\"elementor-divider\" style=\"--divider-pattern-url: url(&quot;data:image\/svg+xml,%3Csvg xmlns=&#039;http:\/\/www.w3.org\/2000\/svg&#039; preserveAspectRatio=&#039;none&#039; overflow=&#039;visible&#039; height=&#039;100%&#039; viewBox=&#039;0 0 24 24&#039; fill=&#039;none&#039; stroke=&#039;black&#039; stroke-width=&#039;1.6&#039; stroke-linecap=&#039;square&#039; stroke-miterlimit=&#039;10&#039;%3E%3Cpath d=&#039;M0,21c3.3,0,8.3-0.9,15.7-7.1c6.6-5.4,4.4-9.3,2.4-10.3c-3.4-1.8-7.7,1.3-7.3,8.8C11.2,20,17.1,21,24,21&#039;\/%3E%3C\/svg%3E&quot;);\">\n\t\t\t<span class=\"elementor-divider-separator\">\n\t\t\t\t\t\t<\/span>\n\t\t<\/div>\n\t\t\t\t\t\t<\/div>\n\t\t\t\t<\/div>\n\t\t\t\t\t<\/div>\n\t\t<\/div>\n\t\t\t\t\t<\/div>\n\t\t<\/section>\n\t\t\t\t<section class=\"elementor-section elementor-top-section elementor-element elementor-element-0d314ff elementor-hidden-phone elementor-section-boxed elementor-section-height-default elementor-section-height-default\" data-id=\"0d314ff\" data-element_type=\"section\" data-e-type=\"section\" data-settings=\"{&quot;background_background&quot;:&quot;classic&quot;}\">\n\t\t\t\t\t\t<div class=\"elementor-container elementor-column-gap-default\">\n\t\t\t\t\t<div class=\"elementor-column elementor-col-33 elementor-top-column elementor-element elementor-element-547725d\" data-id=\"547725d\" data-element_type=\"column\" data-e-type=\"column\">\n\t\t\t<div class=\"elementor-widget-wrap elementor-element-populated\">\n\t\t\t\t\t\t<div class=\"elementor-element elementor-element-c36f19c elementor-widget elementor-widget-heading\" data-id=\"c36f19c\" data-element_type=\"widget\" data-e-type=\"widget\" data-widget_type=\"heading.default\">\n\t\t\t\t<div class=\"elementor-widget-container\">\n\t\t\t\t\t<h2 class=\"elementor-heading-title elementor-size-default\">Flohmarkt<\/h2>\t\t\t\t<\/div>\n\t\t\t\t<\/div>\n\t\t\t\t\t<\/div>\n\t\t<\/div>\n\t\t\t\t<div class=\"elementor-column elementor-col-33 elementor-top-column elementor-element elementor-element-0046adb\" data-id=\"0046adb\" data-element_type=\"column\" data-e-type=\"column\">\n\t\t\t<div class=\"elementor-widget-wrap elementor-element-populated\">\n\t\t\t\t\t\t<div class=\"elementor-element elementor-element-2ce249b elementor-widget elementor-widget-heading\" data-id=\"2ce249b\" data-element_type=\"widget\" data-e-type=\"widget\" data-widget_type=\"heading.default\">\n\t\t\t\t<div class=\"elementor-widget-container\">\n\t\t\t\t\t<h2 class=\"elementor-heading-title elementor-size-default\">2024<\/h2>\t\t\t\t<\/div>\n\t\t\t\t<\/div>\n\t\t\t\t\t<\/div>\n\t\t<\/div>\n\t\t\t\t<div class=\"elementor-column elementor-col-33 elementor-top-column elementor-element elementor-element-8dda163\" data-id=\"8dda163\" data-element_type=\"column\" data-e-type=\"column\">\n\t\t\t<div class=\"elementor-widget-wrap elementor-element-populated\">\n\t\t\t\t\t\t<div class=\"elementor-element elementor-element-4500410 elementor-widget elementor-widget-heading\" data-id=\"4500410\" data-element_type=\"widget\" data-e-type=\"widget\" data-widget_type=\"heading.default\">\n\t\t\t\t<div class=\"elementor-widget-container\">\n\t\t\t\t\t<h2 class=\"elementor-heading-title elementor-size-default\">Nachbarschaft<\/h2>\t\t\t\t<\/div>\n\t\t\t\t<\/div>\n\t\t\t\t\t<\/div>\n\t\t<\/div>\n\t\t\t\t\t<\/div>\n\t\t<\/section>\n\t\t\t\t<section class=\"elementor-section elementor-top-section elementor-element elementor-element-70062b7 elementor-section-full_width elementor-section-height-default elementor-section-height-default\" data-id=\"70062b7\" data-element_type=\"section\" data-e-type=\"section\" data-settings=\"{&quot;background_background&quot;:&quot;classic&quot;}\">\n\t\t\t\t\t\t<div class=\"elementor-container elementor-column-gap-default\">\n\t\t\t\t\t<div class=\"elementor-column elementor-col-100 elementor-top-column elementor-element elementor-element-f962e8f\" data-id=\"f962e8f\" data-element_type=\"column\" data-e-type=\"column\">\n\t\t\t<div class=\"elementor-widget-wrap elementor-element-populated\">\n\t\t\t\t\t\t<div class=\"elementor-element elementor-element-498a754 elementor-widget elementor-widget-heading\" data-id=\"498a754\" data-element_type=\"widget\" data-e-type=\"widget\" data-widget_type=\"heading.default\">\n\t\t\t\t<div class=\"elementor-widget-container\">\n\t\t\t\t\t<h2 class=\"elementor-heading-title elementor-size-default\">Flohmarkt &amp; textile Reparaturwerkstatt<\/h2>\t\t\t\t<\/div>\n\t\t\t\t<\/div>\n\t\t\t\t<div class=\"elementor-element elementor-element-4509763 elementor-widget elementor-widget-heading\" data-id=\"4509763\" data-element_type=\"widget\" data-e-type=\"widget\" data-widget_type=\"heading.default\">\n\t\t\t\t<div class=\"elementor-widget-container\">\n\t\t\t\t\t<h2 class=\"elementor-heading-title elementor-size-default\">Tr\u00f6deln, tauschen, teilen und helfen<\/h2>\t\t\t\t<\/div>\n\t\t\t\t<\/div>\n\t\t\t\t<div class=\"elementor-element elementor-element-b840555 elementor-arrows-position-inside elementor-widget elementor-widget-image-carousel\" data-id=\"b840555\" data-element_type=\"widget\" data-e-type=\"widget\" data-settings=\"{&quot;navigation&quot;:&quot;arrows&quot;,&quot;autoplay&quot;:&quot;yes&quot;,&quot;pause_on_hover&quot;:&quot;yes&quot;,&quot;pause_on_interaction&quot;:&quot;yes&quot;,&quot;autoplay_speed&quot;:5000,&quot;infinite&quot;:&quot;yes&quot;,&quot;speed&quot;:500}\" data-widget_type=\"image-carousel.default\">\n\t\t\t\t<div class=\"elementor-widget-container\">\n\t\t\t\t\t\t\t<div class=\"elementor-image-carousel-wrapper swiper\" role=\"region\" aria-roledescription=\"carousel\" aria-label=\"Bild Karussell\" dir=\"ltr\">\n\t\t\t<div class=\"elementor-image-carousel swiper-wrapper\" aria-live=\"off\">\n\t\t\t\t\t\t\t\t<div class=\"swiper-slide\" role=\"group\" aria-roledescription=\"slide\" aria-label=\"1 von 5\"><figure class=\"swiper-slide-inner\"><img decoding=\"async\" class=\"swiper-slide-image\" src=\"https:\/\/www.wir-im-nordquartier.de\/wp-content\/uploads\/elementor\/thumbs\/DSC08700_1-scaled-qvxyiscz6t1o8i0d53uolt8xq1b1mnxchya7x53f3k.jpg\" alt=\"DSC08700_1\" \/><\/figure><\/div><div class=\"swiper-slide\" role=\"group\" aria-roledescription=\"slide\" aria-label=\"2 von 5\"><figure class=\"swiper-slide-inner\"><img decoding=\"async\" class=\"swiper-slide-image\" src=\"https:\/\/www.wir-im-nordquartier.de\/wp-content\/uploads\/elementor\/thumbs\/DSC08690_1-scaled-qvxyix264z83ujtjdnvtga28oynvp5g06ljnbiwg8g.jpg\" alt=\"DSC08690_1\" \/><\/figure><\/div><div class=\"swiper-slide\" role=\"group\" aria-roledescription=\"slide\" aria-label=\"3 von 5\"><figure class=\"swiper-slide-inner\"><img decoding=\"async\" class=\"swiper-slide-image\" src=\"https:\/\/www.wir-im-nordquartier.de\/wp-content\/uploads\/elementor\/thumbs\/DSC08711_1-scaled-qvxyj7ee85m9e9eipacpppgb878x1tl1w0pzlkh4c0.jpg\" alt=\"DSC08711_1\" \/><\/figure><\/div><div class=\"swiper-slide\" role=\"group\" aria-roledescription=\"slide\" aria-label=\"4 von 5\"><figure class=\"swiper-slide-inner\"><img decoding=\"async\" class=\"swiper-slide-image\" src=\"https:\/\/www.wir-im-nordquartier.de\/wp-content\/uploads\/elementor\/thumbs\/DSC08734_1-scaled-qvxyjc3l6bsp0b7oxuduk69m74lr4b3pknzezya5gw.jpg\" alt=\"DSC08734_1\" \/><\/figure><\/div><div class=\"swiper-slide\" role=\"group\" aria-roledescription=\"slide\" aria-label=\"5 von 5\"><figure class=\"swiper-slide-inner\"><img decoding=\"async\" class=\"swiper-slide-image\" src=\"https:\/\/www.wir-im-nordquartier.de\/wp-content\/uploads\/elementor\/thumbs\/DSC08717_1-scaled-qvxyj3n1gth43tjzb8q7fqegunrg7164ji41ogmp0w.jpg\" alt=\"DSC08717_1\" \/><\/figure><\/div>\t\t\t<\/div>\n\t\t\t\t\t\t\t\t\t\t\t\t<div class=\"elementor-swiper-button elementor-swiper-button-prev\" role=\"button\" tabindex=\"0\">\n\t\t\t\t\t\t<i aria-hidden=\"true\" class=\"eicon-chevron-left\"><\/i>\t\t\t\t\t<\/div>\n\t\t\t\t\t<div class=\"elementor-swiper-button elementor-swiper-button-next\" role=\"button\" tabindex=\"0\">\n\t\t\t\t\t\t<i aria-hidden=\"true\" class=\"eicon-chevron-right\"><\/i>\t\t\t\t\t<\/div>\n\t\t\t\t\n\t\t\t\t\t\t\t\t\t<\/div>\n\t\t\t\t\t\t<\/div>\n\t\t\t\t<\/div>\n\t\t\t\t<div class=\"elementor-element elementor-element-4f41207 elementor-widget elementor-widget-heading\" data-id=\"4f41207\" data-element_type=\"widget\" data-e-type=\"widget\" data-widget_type=\"heading.default\">\n\t\t\t\t<div class=\"elementor-widget-container\">\n\t\t\t\t\t<h2 class=\"elementor-heading-title elementor-size-default\">Fotos: Lisa Klosterk\u00f6tter<\/h2>\t\t\t\t<\/div>\n\t\t\t\t<\/div>\n\t\t\t\t\t<\/div>\n\t\t<\/div>\n\t\t\t\t\t<\/div>\n\t\t<\/section>\n\t\t\t\t<section class=\"elementor-section elementor-top-section elementor-element elementor-element-1200563 elementor-section-full_width elementor-section-height-default elementor-section-height-default\" data-id=\"1200563\" data-element_type=\"section\" data-e-type=\"section\" data-settings=\"{&quot;background_background&quot;:&quot;classic&quot;}\">\n\t\t\t\t\t\t<div class=\"elementor-container elementor-column-gap-default\">\n\t\t\t\t\t<div class=\"elementor-column elementor-col-33 elementor-top-column elementor-element elementor-element-2da1251 elementor-hidden-phone\" data-id=\"2da1251\" data-element_type=\"column\" data-e-type=\"column\">\n\t\t\t<div class=\"elementor-widget-wrap\">\n\t\t\t\t\t\t\t<\/div>\n\t\t<\/div>\n\t\t\t\t<div class=\"elementor-column elementor-col-33 elementor-top-column elementor-element elementor-element-bc0dfa7\" data-id=\"bc0dfa7\" data-element_type=\"column\" data-e-type=\"column\">\n\t\t\t<div class=\"elementor-widget-wrap elementor-element-populated\">\n\t\t\t\t\t\t<div class=\"elementor-element elementor-element-6d9f595 elementor-widget elementor-widget-text-editor\" data-id=\"6d9f595\" data-element_type=\"widget\" data-e-type=\"widget\" data-widget_type=\"text-editor.default\">\n\t\t\t\t<div class=\"elementor-widget-container\">\n\t\t\t\t\t\t\t\t\t<div class=\"page\" title=\"Page 1\"><div class=\"section\"><div class=\"layoutArea\"><div class=\"column\"><h3 style=\"font-style: normal; font-variant-caps: normal; color: #000000;\">Aufbau und Standorganisation<\/h3><p style=\"font-style: normal; font-variant-caps: normal;\">Der Aufbau beginnt um 9:30 Uhr. Tische k\u00f6nnen ausgeliehen werden (je nach Verf\u00fcgbarkeit). Wenn ihr Kleiderstangen ben\u00f6tigt, bringt diese bitte selbst mit.<\/p><h3 style=\"font-style: normal; font-variant-caps: normal; color: #000000;\">Wetterunabh\u00e4ngigkeit<\/h3><p style=\"font-style: normal; font-variant-caps: normal;\">Der Marktplatz ist \u00fcberdacht, sodass wir uns keine Sorgen \u00fcber das Wetter machen m\u00fcssen.<\/p><h3 style=\"font-style: normal; font-variant-caps: normal; color: #000000;\">Verl\u00e4sslichkeit und Teilnahme<\/h3><p style=\"font-style: normal; font-variant-caps: normal;\">Wir bitten euch um eine zuverl\u00e4ssige Teilnahme. Da wir keine Standgeb\u00fchren erheben, ist uns eine verbindliche Zusage wichtig. Spontane Absagen sind nur in Krankheits- oder Notf\u00e4llen verst\u00e4ndlich.<\/p><h3 style=\"font-style: normal; font-variant-caps: normal; color: #000000;\">Textile Reparaturwerkstatt<\/h3><p style=\"font-style: normal; font-variant-caps: normal;\">Neben den Flohmarktst\u00e4nden bieten wir eine textile Reparaturwerkstatt an. Eine Fachkraft wird euch dabei helfen, einfache Flickarbeiten wie Kn\u00f6pfe ann\u00e4hen, L\u00f6cher stopfen oder Flicken aufn\u00e4hen, an mitgebrachten Kleidungsst\u00fccken vorzunehmen und zu erlernen. Das notwendige Material stellen wir zur Verf\u00fcgung.<\/p><h3 style=\"font-style: normal; font-variant-caps: normal; color: #000000;\">Leckere Verpflegung<\/h3><p style=\"font-style: normal; font-variant-caps: normal;\">F\u00fcr das leibliche Wohl ist ebenfalls gesorgt: An unserem Kochrad gibt es hei\u00dfe Waffeln und warme Getr\u00e4nke.<\/p><h3 style=\"font-style: normal; font-variant-caps: normal; color: #000000;\">Langfristige Pl\u00e4ne<\/h3><p style=\"font-style: normal; font-variant-caps: normal;\">Der Flohmarkt findet erstmals auf dem Marktplatz in M\u00fclheim statt. Unser Ziel ist es, ihn regelm\u00e4\u00dfig hier auf der Berliner Stra\u00dfe zu etablieren. Wir bitten um euer Verst\u00e4ndnis, dass der Markt zun\u00e4chst klein und fein ausfallen wird. Eure Teilnahme tr\u00e4gt ma\u00dfgeblich dazu bei, dass sich diese Idee in unserem Veedel manifestiert. Daf\u00fcr danken wir euch herzlich!<\/p><h3 style=\"font-style: normal; font-variant-caps: normal; color: #000000;\">Werbung<\/h3><p style=\"font-style: normal; font-variant-caps: normal;\">Im Anhang findet ihr unser Poster und den Flyer als PDFs. Leitet diese gerne weiter und ladet flei\u00dfig ein, um uns bei der Werbung zu unterst\u00fctzen!<\/p><p style=\"font-style: normal; font-variant-caps: normal;\">Wir freuen uns auf euch und einen erfolgreichen Flohmarkt in M\u00fclheim!<\/p><\/div><\/div><\/div><\/div>\t\t\t\t\t\t\t\t<\/div>\n\t\t\t\t<\/div>\n\t\t\t\t\t<\/div>\n\t\t<\/div>\n\t\t\t\t<div class=\"elementor-column elementor-col-33 elementor-top-column elementor-element elementor-element-5e2911c\" data-id=\"5e2911c\" data-element_type=\"column\" data-e-type=\"column\">\n\t\t\t<div class=\"elementor-widget-wrap elementor-element-populated\">\n\t\t\t\t\t\t<div class=\"elementor-element elementor-element-8c3e868 elementor-widget elementor-widget-image\" data-id=\"8c3e868\" data-element_type=\"widget\" data-e-type=\"widget\" data-widget_type=\"image.default\">\n\t\t\t\t<div class=\"elementor-widget-container\">\n\t\t\t\t\t\t\t\t\t\t\t\t\t\t\t<img loading=\"lazy\" decoding=\"async\" width=\"768\" height=\"1080\" src=\"https:\/\/www.wir-im-nordquartier.de\/wp-content\/uploads\/2024\/06\/240614_WIN_Flohmarkt_Marktplatz-768x1080.jpg\" class=\"attachment-medium_large size-medium_large wp-image-857\" alt=\"\" srcset=\"https:\/\/www.wir-im-nordquartier.de\/wp-content\/uploads\/2024\/06\/240614_WIN_Flohmarkt_Marktplatz-768x1080.jpg 768w, https:\/\/www.wir-im-nordquartier.de\/wp-content\/uploads\/2024\/06\/240614_WIN_Flohmarkt_Marktplatz-213x300.jpg 213w, https:\/\/www.wir-im-nordquartier.de\/wp-content\/uploads\/2024\/06\/240614_WIN_Flohmarkt_Marktplatz-728x1024.jpg 728w, https:\/\/www.wir-im-nordquartier.de\/wp-content\/uploads\/2024\/06\/240614_WIN_Flohmarkt_Marktplatz-1093x1536.jpg 1093w, https:\/\/www.wir-im-nordquartier.de\/wp-content\/uploads\/2024\/06\/240614_WIN_Flohmarkt_Marktplatz-1457x2048.jpg 1457w, https:\/\/www.wir-im-nordquartier.de\/wp-content\/uploads\/2024\/06\/240614_WIN_Flohmarkt_Marktplatz-scaled.jpg 1821w\" sizes=\"(max-width: 768px) 100vw, 768px\" \/>\t\t\t\t\t\t\t\t\t\t\t\t\t\t\t<\/div>\n\t\t\t\t<\/div>\n\t\t\t\t<div class=\"elementor-element elementor-element-38306a2 elementor-align-center elementor-widget elementor-widget-button\" data-id=\"38306a2\" data-element_type=\"widget\" data-e-type=\"widget\" data-widget_type=\"button.default\">\n\t\t\t\t<div class=\"elementor-widget-container\">\n\t\t\t\t\t\t\t\t\t<div class=\"elementor-button-wrapper\">\n\t\t\t\t\t<a class=\"elementor-button elementor-button-link elementor-size-sm\" href=\"https:\/\/www.wir-im-nordquartier.de\/wp-content\/uploads\/2024\/07\/240613_WIN_Flohmarkt_Marktplatz.pdf\">\n\t\t\t\t\t\t<span class=\"elementor-button-content-wrapper\">\n\t\t\t\t\t\t\t\t\t<span class=\"elementor-button-text\">Plakat als PDF downloaden<\/span>\n\t\t\t\t\t<\/span>\n\t\t\t\t\t<\/a>\n\t\t\t\t<\/div>\n\t\t\t\t\t\t\t\t<\/div>\n\t\t\t\t<\/div>\n\t\t\t\t<div class=\"elementor-element elementor-element-2bd7b0c elementor-align-start elementor-icon-list--layout-traditional elementor-list-item-link-full_width elementor-widget elementor-widget-icon-list\" data-id=\"2bd7b0c\" data-element_type=\"widget\" data-e-type=\"widget\" data-widget_type=\"icon-list.default\">\n\t\t\t\t<div class=\"elementor-widget-container\">\n\t\t\t\t\t\t\t<ul class=\"elementor-icon-list-items\">\n\t\t\t\t\t\t\t<li class=\"elementor-icon-list-item\">\n\t\t\t\t\t\t\t\t\t\t\t<span class=\"elementor-icon-list-icon\">\n\t\t\t\t\t\t\t<i aria-hidden=\"true\" class=\"far fa-bell\"><\/i>\t\t\t\t\t\t<\/span>\n\t\t\t\t\t\t\t\t\t\t<span class=\"elementor-icon-list-text\">Flohmarkt 10 - 16 Uhr<\/span>\n\t\t\t\t\t\t\t\t\t<\/li>\n\t\t\t\t\t\t\t\t<li class=\"elementor-icon-list-item\">\n\t\t\t\t\t\t\t\t\t\t\t<span class=\"elementor-icon-list-icon\">\n\t\t\t\t\t\t\t<i aria-hidden=\"true\" class=\"fas fa-check\"><\/i>\t\t\t\t\t\t<\/span>\n\t\t\t\t\t\t\t\t\t\t<span class=\"elementor-icon-list-text\">Neuwaren nicht gestattet<\/span>\n\t\t\t\t\t\t\t\t\t<\/li>\n\t\t\t\t\t\t\t\t<li class=\"elementor-icon-list-item\">\n\t\t\t\t\t\t\t\t\t\t\t<span class=\"elementor-icon-list-icon\">\n\t\t\t\t\t\t\t<i aria-hidden=\"true\" class=\"fas fa-euro-sign\"><\/i>\t\t\t\t\t\t<\/span>\n\t\t\t\t\t\t\t\t\t\t<span class=\"elementor-icon-list-text\">Keine Standgeb\u00fchr<\/span>\n\t\t\t\t\t\t\t\t\t<\/li>\n\t\t\t\t\t\t\t\t<li class=\"elementor-icon-list-item\">\n\t\t\t\t\t\t\t\t\t\t\t<span class=\"elementor-icon-list-icon\">\n\t\t\t\t\t\t\t<i aria-hidden=\"true\" class=\"far fa-hand-peace\"><\/i>\t\t\t\t\t\t<\/span>\n\t\t\t\t\t\t\t\t\t\t<span class=\"elementor-icon-list-text\">Wetterunabh\u00e4ngig<\/span>\n\t\t\t\t\t\t\t\t\t<\/li>\n\t\t\t\t\t\t\t\t<li class=\"elementor-icon-list-item\">\n\t\t\t\t\t\t\t\t\t\t\t<span class=\"elementor-icon-list-icon\">\n\t\t\t\t\t\t\t<i aria-hidden=\"true\" class=\"far fa-arrow-alt-circle-right\"><\/i>\t\t\t\t\t\t<\/span>\n\t\t\t\t\t\t\t\t\t\t<span class=\"elementor-icon-list-text\">Tische zum Ausleihen (Anzahl begrenzt)<\/span>\n\t\t\t\t\t\t\t\t\t<\/li>\n\t\t\t\t\t\t\t\t<li class=\"elementor-icon-list-item\">\n\t\t\t\t\t\t\t\t\t\t\t<span class=\"elementor-icon-list-icon\">\n\t\t\t\t\t\t\t<i aria-hidden=\"true\" class=\"far fa-handshake\"><\/i>\t\t\t\t\t\t<\/span>\n\t\t\t\t\t\t\t\t\t\t<span class=\"elementor-icon-list-text\">Auf- und Abbau selbst erledigen, kein M\u00fcll hinterlassen<\/span>\n\t\t\t\t\t\t\t\t\t<\/li>\n\t\t\t\t\t\t\t\t<li class=\"elementor-icon-list-item\">\n\t\t\t\t\t\t\t\t\t\t\t<span class=\"elementor-icon-list-icon\">\n\t\t\t\t\t\t\t<i aria-hidden=\"true\" class=\"fas fa-toilet\"><\/i>\t\t\t\t\t\t<\/span>\n\t\t\t\t\t\t\t\t\t\t<span class=\"elementor-icon-list-text\">Im Kulturbunker, \u00fcber den Haupteingang erreichbar<\/span>\n\t\t\t\t\t\t\t\t\t<\/li>\n\t\t\t\t\t\t<\/ul>\n\t\t\t\t\t\t<\/div>\n\t\t\t\t<\/div>\n\t\t\t\t\t<\/div>\n\t\t<\/div>\n\t\t\t\t\t<\/div>\n\t\t<\/section>\n\t\t\t\t<section class=\"elementor-section elementor-top-section elementor-element elementor-element-ef96c77 elementor-section-full_width elementor-section-height-default elementor-section-height-default\" data-id=\"ef96c77\" data-element_type=\"section\" data-e-type=\"section\" data-settings=\"{&quot;background_background&quot;:&quot;classic&quot;}\">\n\t\t\t\t\t\t<div class=\"elementor-container elementor-column-gap-default\">\n\t\t\t\t\t<div class=\"elementor-column elementor-col-100 elementor-top-column elementor-element elementor-element-4f2b62d\" data-id=\"4f2b62d\" data-element_type=\"column\" data-e-type=\"column\">\n\t\t\t<div class=\"elementor-widget-wrap elementor-element-populated\">\n\t\t\t\t\t\t<div class=\"elementor-element elementor-element-2225ea3 elementor-widget__width-inherit elementor-widget-divider--separator-type-pattern elementor-widget-divider--view-line elementor-widget elementor-widget-divider\" data-id=\"2225ea3\" data-element_type=\"widget\" data-e-type=\"widget\" data-widget_type=\"divider.default\">\n\t\t\t\t<div class=\"elementor-widget-container\">\n\t\t\t\t\t\t\t<div class=\"elementor-divider\" style=\"--divider-pattern-url: url(&quot;data:image\/svg+xml,%3Csvg xmlns=&#039;http:\/\/www.w3.org\/2000\/svg&#039; preserveAspectRatio=&#039;none&#039; overflow=&#039;visible&#039; height=&#039;100%&#039; viewBox=&#039;0 0 24 24&#039; fill=&#039;none&#039; stroke=&#039;black&#039; stroke-width=&#039;1.6&#039; stroke-linecap=&#039;square&#039; stroke-miterlimit=&#039;10&#039;%3E%3Cpath d=&#039;M0,21c3.3,0,8.3-0.9,15.7-7.1c6.6-5.4,4.4-9.3,2.4-10.3c-3.4-1.8-7.7,1.3-7.3,8.8C11.2,20,17.1,21,24,21&#039;\/%3E%3C\/svg%3E&quot;);\">\n\t\t\t<span class=\"elementor-divider-separator\">\n\t\t\t\t\t\t<\/span>\n\t\t<\/div>\n\t\t\t\t\t\t<\/div>\n\t\t\t\t<\/div>\n\t\t\t\t\t<\/div>\n\t\t<\/div>\n\t\t\t\t\t<\/div>\n\t\t<\/section>\n\t\t\t\t<section class=\"elementor-section elementor-top-section elementor-element elementor-element-37e5663 elementor-hidden-phone elementor-section-boxed elementor-section-height-default elementor-section-height-default\" data-id=\"37e5663\" data-element_type=\"section\" data-e-type=\"section\" data-settings=\"{&quot;background_background&quot;:&quot;classic&quot;}\">\n\t\t\t\t\t\t<div class=\"elementor-container elementor-column-gap-default\">\n\t\t\t\t\t<div class=\"elementor-column elementor-col-33 elementor-top-column elementor-element elementor-element-81be47b\" data-id=\"81be47b\" data-element_type=\"column\" data-e-type=\"column\">\n\t\t\t<div class=\"elementor-widget-wrap elementor-element-populated\">\n\t\t\t\t\t\t<div class=\"elementor-element elementor-element-4267a62 elementor-widget elementor-widget-heading\" data-id=\"4267a62\" data-element_type=\"widget\" data-e-type=\"widget\" data-widget_type=\"heading.default\">\n\t\t\t\t<div class=\"elementor-widget-container\">\n\t\t\t\t\t<h2 class=\"elementor-heading-title elementor-size-default\">Crowdfunding<\/h2>\t\t\t\t<\/div>\n\t\t\t\t<\/div>\n\t\t\t\t\t<\/div>\n\t\t<\/div>\n\t\t\t\t<div class=\"elementor-column elementor-col-33 elementor-top-column elementor-element elementor-element-969571c\" data-id=\"969571c\" data-element_type=\"column\" data-e-type=\"column\">\n\t\t\t<div class=\"elementor-widget-wrap elementor-element-populated\">\n\t\t\t\t\t\t<div class=\"elementor-element elementor-element-76230bc elementor-widget elementor-widget-heading\" data-id=\"76230bc\" data-element_type=\"widget\" data-e-type=\"widget\" data-widget_type=\"heading.default\">\n\t\t\t\t<div class=\"elementor-widget-container\">\n\t\t\t\t\t<h2 class=\"elementor-heading-title elementor-size-default\">2021<\/h2>\t\t\t\t<\/div>\n\t\t\t\t<\/div>\n\t\t\t\t\t<\/div>\n\t\t<\/div>\n\t\t\t\t<div class=\"elementor-column elementor-col-33 elementor-top-column elementor-element elementor-element-3fae5fd\" data-id=\"3fae5fd\" data-element_type=\"column\" data-e-type=\"column\">\n\t\t\t<div class=\"elementor-widget-wrap elementor-element-populated\">\n\t\t\t\t\t\t<div class=\"elementor-element elementor-element-6c7350f elementor-widget elementor-widget-heading\" data-id=\"6c7350f\" data-element_type=\"widget\" data-e-type=\"widget\" data-widget_type=\"heading.default\">\n\t\t\t\t<div class=\"elementor-widget-container\">\n\t\t\t\t\t<h2 class=\"elementor-heading-title elementor-size-default\">Kochprojekt<\/h2>\t\t\t\t<\/div>\n\t\t\t\t<\/div>\n\t\t\t\t\t<\/div>\n\t\t<\/div>\n\t\t\t\t\t<\/div>\n\t\t<\/section>\n\t\t\t\t<section class=\"elementor-section elementor-top-section elementor-element elementor-element-6af954e elementor-section-full_width elementor-section-height-default elementor-section-height-default\" data-id=\"6af954e\" data-element_type=\"section\" data-e-type=\"section\" data-settings=\"{&quot;background_background&quot;:&quot;classic&quot;}\">\n\t\t\t\t\t\t<div class=\"elementor-container elementor-column-gap-default\">\n\t\t\t\t\t<div class=\"elementor-column elementor-col-100 elementor-top-column elementor-element elementor-element-e77b0e2\" data-id=\"e77b0e2\" data-element_type=\"column\" data-e-type=\"column\">\n\t\t\t<div class=\"elementor-widget-wrap elementor-element-populated\">\n\t\t\t\t\t\t<div class=\"elementor-element elementor-element-271fdea elementor-widget elementor-widget-heading\" data-id=\"271fdea\" data-element_type=\"widget\" data-e-type=\"widget\" data-widget_type=\"heading.default\">\n\t\t\t\t<div class=\"elementor-widget-container\">\n\t\t\t\t\t<h2 class=\"elementor-heading-title elementor-size-default\">1000 Dank!<\/h2>\t\t\t\t<\/div>\n\t\t\t\t<\/div>\n\t\t\t\t<div class=\"elementor-element elementor-element-cb36601 elementor-widget elementor-widget-heading\" data-id=\"cb36601\" data-element_type=\"widget\" data-e-type=\"widget\" data-widget_type=\"heading.default\">\n\t\t\t\t<div class=\"elementor-widget-container\">\n\t\t\t\t\t<h2 class=\"elementor-heading-title elementor-size-default\">Unsere Crowdfunding-Kampagne auf der <br>Plattform \"StartNext\" war erfolgreich<\/h2>\t\t\t\t<\/div>\n\t\t\t\t<\/div>\n\t\t\t\t\t<\/div>\n\t\t<\/div>\n\t\t\t\t\t<\/div>\n\t\t<\/section>\n\t\t\t\t<section class=\"elementor-section elementor-top-section elementor-element elementor-element-5e90c0c elementor-section-full_width elementor-section-height-default elementor-section-height-default\" data-id=\"5e90c0c\" data-element_type=\"section\" data-e-type=\"section\" data-settings=\"{&quot;background_background&quot;:&quot;classic&quot;}\">\n\t\t\t\t\t\t<div class=\"elementor-container elementor-column-gap-default\">\n\t\t\t\t\t<div class=\"elementor-column elementor-col-33 elementor-top-column elementor-element elementor-element-a027fb4 elementor-hidden-phone\" data-id=\"a027fb4\" data-element_type=\"column\" data-e-type=\"column\">\n\t\t\t<div class=\"elementor-widget-wrap\">\n\t\t\t\t\t\t\t<\/div>\n\t\t<\/div>\n\t\t\t\t<div class=\"elementor-column elementor-col-33 elementor-top-column elementor-element elementor-element-5ed97ca\" data-id=\"5ed97ca\" data-element_type=\"column\" data-e-type=\"column\">\n\t\t\t<div class=\"elementor-widget-wrap elementor-element-populated\">\n\t\t\t\t\t\t<div class=\"elementor-element elementor-element-642a0f0 elementor-widget elementor-widget-text-editor\" data-id=\"642a0f0\" data-element_type=\"widget\" data-e-type=\"widget\" data-widget_type=\"text-editor.default\">\n\t\t\t\t<div class=\"elementor-widget-container\">\n\t\t\t\t\t\t\t\t\t<div class=\"page\" title=\"Page 1\"><div class=\"section\"><div class=\"layoutArea\"><div class=\"column\"><p class=\"p1\"><span class=\"s1\">Am 1. April 2021 ist unsere Crowdfunding-Kampagne auf der Plattform \u201eStartNext\u201c gestartet \u2013 mit dem Ziel, ein nachbarschaftliches K\u00fcchenmobil f\u00fcr M\u00fclheim-Nord zu beschaffen. Gestern nun ist die zweimonatige Kampagne dank eurer Hilfe mit gro\u00dfem Zuspruch als voller Erfolg geendet.<\/span><\/p><p class=\"p1\"><span class=\"s1\">Wir sind \u00fcberw\u00e4ltigt von der positiven Resonanz, die wir f\u00fcr das K\u00fcchenmobil erfahren haben und danken euch f\u00fcr die gro\u00dfartige Unterst\u00fctzung! Dank eurer Unterst\u00fctzung war es uns m\u00f6glich, den K\u00fcchenaufbau bei der p3 Werkstatt in Auftrag zu geben sowie den motorisierten Fahrradanh\u00e4nger zu bestellen. Mit insgesamt 158 Unterst\u00fctzungen auf unserer Kampagnenseite konnten wir innerhalb von 61 Tagen 16.568 Euro einsammeln. Herzlichen Dank!<\/span><\/p><p class=\"p1\"><span class=\"s1\">F\u00fcr uns ist das, was wir gemeinsam geschafft haben, eine wunderbare Erfahrung und zugleich Antrieb, weiter engagiert die gemeinwohlorientierte Entwicklung in K\u00f6ln M\u00fclheim-Nord zu st\u00e4rken. Wir freuen uns, bald mit euch loslegen zu k\u00f6nnen. Bis zu unserer ersten Kochaktion, die wir feierlich gestalten werden: bleibt dran und seid gespannt! <\/span><\/p><p class=\"p1\"><span class=\"s1\">Zuletzt m\u00f6chten wir auch unseren offiziellen Kooperationspartner*innen und Unterst\u00fctzer*innen sehr f\u00fcr den R\u00fcckhalt und Support danken.<\/span><\/p><p class=\"p1\"><span class=\"s1\">F\u00fcr das nachbarschaftliche Kochprojekt konnten die GAG Immobilien AG, die Sozialraumkoordination M\u00fclheim-Nord\/Keupstra\u00dfe und das Kolpingwerk Di\u00f6zesanverband K\u00f6ln als Partner gewonnen werden. Unterst\u00fctzt wird das Projekt von dem gesundheitsladen k\u00f6ln e.V. \u00dcber das Projekt berichteten bereits WDR 2 und der K\u00f6lner Stadtanzeiger. <\/span><\/p><\/div><\/div><\/div><\/div>\t\t\t\t\t\t\t\t<\/div>\n\t\t\t\t<\/div>\n\t\t\t\t<div class=\"elementor-element elementor-element-6c111e7 elementor-align-center elementor-widget elementor-widget-button\" data-id=\"6c111e7\" data-element_type=\"widget\" data-e-type=\"widget\" data-widget_type=\"button.default\">\n\t\t\t\t<div class=\"elementor-widget-container\">\n\t\t\t\t\t\t\t\t\t<div class=\"elementor-button-wrapper\">\n\t\t\t\t\t<a class=\"elementor-button elementor-button-link elementor-size-sm\" href=\"https:\/\/www.startnext.com\/Dmn\" target=\"_blank\">\n\t\t\t\t\t\t<span class=\"elementor-button-content-wrapper\">\n\t\t\t\t\t\t\t\t\t<span class=\"elementor-button-text\">Zur Crowdfunding - Kampagne (beendet)<\/span>\n\t\t\t\t\t<\/span>\n\t\t\t\t\t<\/a>\n\t\t\t\t<\/div>\n\t\t\t\t\t\t\t\t<\/div>\n\t\t\t\t<\/div>\n\t\t\t\t\t<\/div>\n\t\t<\/div>\n\t\t\t\t<div class=\"elementor-column elementor-col-33 elementor-top-column elementor-element elementor-element-6ebacda\" data-id=\"6ebacda\" data-element_type=\"column\" data-e-type=\"column\">\n\t\t\t<div class=\"elementor-widget-wrap\">\n\t\t\t\t\t\t\t<\/div>\n\t\t<\/div>\n\t\t\t\t\t<\/div>\n\t\t<\/section>\n\t\t\t\t<section class=\"elementor-section elementor-top-section elementor-element elementor-element-e7b5111 elementor-hidden-phone elementor-section-boxed elementor-section-height-default elementor-section-height-default\" data-id=\"e7b5111\" data-element_type=\"section\" data-e-type=\"section\" data-settings=\"{&quot;background_background&quot;:&quot;classic&quot;}\">\n\t\t\t\t\t\t<div class=\"elementor-container elementor-column-gap-default\">\n\t\t\t\t\t<div class=\"elementor-column elementor-col-33 elementor-top-column elementor-element elementor-element-d02713e\" data-id=\"d02713e\" data-element_type=\"column\" data-e-type=\"column\">\n\t\t\t<div class=\"elementor-widget-wrap elementor-element-populated\">\n\t\t\t\t\t\t<div class=\"elementor-element elementor-element-a347ff2 elementor-widget elementor-widget-heading\" data-id=\"a347ff2\" data-element_type=\"widget\" data-e-type=\"widget\" data-widget_type=\"heading.default\">\n\t\t\t\t<div class=\"elementor-widget-container\">\n\t\t\t\t\t<h2 class=\"elementor-heading-title elementor-size-default\">Crowdfunding<\/h2>\t\t\t\t<\/div>\n\t\t\t\t<\/div>\n\t\t\t\t\t<\/div>\n\t\t<\/div>\n\t\t\t\t<div class=\"elementor-column elementor-col-33 elementor-top-column elementor-element elementor-element-faf8f11\" data-id=\"faf8f11\" data-element_type=\"column\" data-e-type=\"column\">\n\t\t\t<div class=\"elementor-widget-wrap elementor-element-populated\">\n\t\t\t\t\t\t<div class=\"elementor-element elementor-element-67c1887 elementor-widget elementor-widget-heading\" data-id=\"67c1887\" data-element_type=\"widget\" data-e-type=\"widget\" data-widget_type=\"heading.default\">\n\t\t\t\t<div class=\"elementor-widget-container\">\n\t\t\t\t\t<h2 class=\"elementor-heading-title elementor-size-default\">2021<\/h2>\t\t\t\t<\/div>\n\t\t\t\t<\/div>\n\t\t\t\t\t<\/div>\n\t\t<\/div>\n\t\t\t\t<div class=\"elementor-column elementor-col-33 elementor-top-column elementor-element elementor-element-c8ac72a\" data-id=\"c8ac72a\" data-element_type=\"column\" data-e-type=\"column\">\n\t\t\t<div class=\"elementor-widget-wrap elementor-element-populated\">\n\t\t\t\t\t\t<div class=\"elementor-element elementor-element-ba65982 elementor-widget elementor-widget-heading\" data-id=\"ba65982\" data-element_type=\"widget\" data-e-type=\"widget\" data-widget_type=\"heading.default\">\n\t\t\t\t<div class=\"elementor-widget-container\">\n\t\t\t\t\t<h2 class=\"elementor-heading-title elementor-size-default\">Kochprojekt<\/h2>\t\t\t\t<\/div>\n\t\t\t\t<\/div>\n\t\t\t\t\t<\/div>\n\t\t<\/div>\n\t\t\t\t\t<\/div>\n\t\t<\/section>\n\t\t\t\t<section class=\"elementor-section elementor-top-section elementor-element elementor-element-ef48267 elementor-hidden-desktop elementor-hidden-tablet elementor-section-boxed elementor-section-height-default elementor-section-height-default\" data-id=\"ef48267\" data-element_type=\"section\" data-e-type=\"section\" data-settings=\"{&quot;background_background&quot;:&quot;classic&quot;}\">\n\t\t\t\t\t\t<div class=\"elementor-container elementor-column-gap-default\">\n\t\t\t\t\t<div class=\"elementor-column elementor-col-100 elementor-top-column elementor-element elementor-element-60db2e8\" data-id=\"60db2e8\" data-element_type=\"column\" data-e-type=\"column\">\n\t\t\t<div class=\"elementor-widget-wrap elementor-element-populated\">\n\t\t\t\t\t\t<div class=\"elementor-element elementor-element-b45b087 elementor-widget elementor-widget-heading\" data-id=\"b45b087\" data-element_type=\"widget\" data-e-type=\"widget\" data-widget_type=\"heading.default\">\n\t\t\t\t<div class=\"elementor-widget-container\">\n\t\t\t\t\t<h2 class=\"elementor-heading-title elementor-size-default\">Crowdfundingkampagne 2021 Kochprojekt<\/h2>\t\t\t\t<\/div>\n\t\t\t\t<\/div>\n\t\t\t\t\t<\/div>\n\t\t<\/div>\n\t\t\t\t\t<\/div>\n\t\t<\/section>\n\t\t\t\t<section class=\"elementor-section elementor-top-section elementor-element elementor-element-442779c elementor-section-boxed elementor-section-height-default elementor-section-height-default\" data-id=\"442779c\" data-element_type=\"section\" data-e-type=\"section\" data-settings=\"{&quot;background_background&quot;:&quot;classic&quot;}\">\n\t\t\t\t\t\t<div class=\"elementor-container elementor-column-gap-default\">\n\t\t\t\t\t<div class=\"elementor-column elementor-col-50 elementor-top-column elementor-element elementor-element-cc834d0\" data-id=\"cc834d0\" data-element_type=\"column\" data-e-type=\"column\">\n\t\t\t<div class=\"elementor-widget-wrap\">\n\t\t\t\t\t\t\t<\/div>\n\t\t<\/div>\n\t\t\t\t<div class=\"elementor-column elementor-col-50 elementor-top-column elementor-element elementor-element-dee442f\" data-id=\"dee442f\" data-element_type=\"column\" data-e-type=\"column\">\n\t\t\t<div class=\"elementor-widget-wrap\">\n\t\t\t\t\t\t\t<\/div>\n\t\t<\/div>\n\t\t\t\t\t<\/div>\n\t\t<\/section>\n\t\t\t\t<section class=\"elementor-section elementor-top-section elementor-element elementor-element-63d7503 elementor-section-full_width elementor-section-height-default elementor-section-height-default\" data-id=\"63d7503\" data-element_type=\"section\" data-e-type=\"section\" data-settings=\"{&quot;background_background&quot;:&quot;classic&quot;}\">\n\t\t\t\t\t\t<div class=\"elementor-container elementor-column-gap-default\">\n\t\t\t\t\t<div class=\"elementor-column elementor-col-100 elementor-top-column elementor-element elementor-element-c5c95f8\" data-id=\"c5c95f8\" data-element_type=\"column\" data-e-type=\"column\">\n\t\t\t<div class=\"elementor-widget-wrap elementor-element-populated\">\n\t\t\t\t\t\t<div class=\"elementor-element elementor-element-d25f76e elementor-widget elementor-widget-heading\" data-id=\"d25f76e\" data-element_type=\"widget\" data-e-type=\"widget\" data-widget_type=\"heading.default\">\n\t\t\t\t<div class=\"elementor-widget-container\">\n\t\t\t\t\t<h2 class=\"elementor-heading-title elementor-size-default\">Wie geht's?<\/h2>\t\t\t\t<\/div>\n\t\t\t\t<\/div>\n\t\t\t\t<div class=\"elementor-element elementor-element-e76fede elementor-widget elementor-widget-heading\" data-id=\"e76fede\" data-element_type=\"widget\" data-e-type=\"widget\" data-widget_type=\"heading.default\">\n\t\t\t\t<div class=\"elementor-widget-container\">\n\t\t\t\t\t<h2 class=\"elementor-heading-title elementor-size-default\">Das nachbarschaftliche K\u00fcchenmobil <br>im Nordquartier kocht mit und f\u00fcr Euch!<\/h2>\t\t\t\t<\/div>\n\t\t\t\t<\/div>\n\t\t\t\t\t<\/div>\n\t\t<\/div>\n\t\t\t\t\t<\/div>\n\t\t<\/section>\n\t\t\t\t<section class=\"elementor-section elementor-top-section elementor-element elementor-element-cfd7e51 elementor-section-full_width elementor-section-height-default elementor-section-height-default\" data-id=\"cfd7e51\" data-element_type=\"section\" data-e-type=\"section\" data-settings=\"{&quot;background_background&quot;:&quot;classic&quot;}\">\n\t\t\t\t\t\t<div class=\"elementor-container elementor-column-gap-default\">\n\t\t\t\t\t<div class=\"elementor-column elementor-col-25 elementor-top-column elementor-element elementor-element-76a2c93 elementor-hidden-phone\" data-id=\"76a2c93\" data-element_type=\"column\" data-e-type=\"column\">\n\t\t\t<div class=\"elementor-widget-wrap\">\n\t\t\t\t\t\t\t<\/div>\n\t\t<\/div>\n\t\t\t\t<div class=\"elementor-column elementor-col-50 elementor-top-column elementor-element elementor-element-4411b7f\" data-id=\"4411b7f\" data-element_type=\"column\" data-e-type=\"column\">\n\t\t\t<div class=\"elementor-widget-wrap elementor-element-populated\">\n\t\t\t\t\t\t<div class=\"elementor-element elementor-element-278af82 elementor-widget elementor-widget-text-editor\" data-id=\"278af82\" data-element_type=\"widget\" data-e-type=\"widget\" data-widget_type=\"text-editor.default\">\n\t\t\t\t<div class=\"elementor-widget-container\">\n\t\t\t\t\t\t\t\t\t<div class=\"page\" title=\"Page 1\"><div class=\"section\"><div class=\"layoutArea\"><div class=\"column\"><p>Unser Veedel &#8211; ein \u201eProblemveedel\u201c mit Entwicklungsbedarf? Mag sein, doch wir sprechen lieber u\u0308ber Lo\u0308sungen. Mit unserer vollfunktionsfa\u0308higen und individuell gestalteten mobilen Ku\u0308che, welche auf einem Anha\u0308nger aufsitzt und mit einem Fahrrad gezogen wird, werden wir einmal pro Woche mit und fu\u0308r unsere Nachbarinnen und Nachbarn drau\u00dfen vor Ort leckere und gesunde Mahlzeiten zubereiten und verteilen.\u00a0<\/p><\/div><\/div><\/div><\/div>\t\t\t\t\t\t\t\t<\/div>\n\t\t\t\t<\/div>\n\t\t\t\t\t<\/div>\n\t\t<\/div>\n\t\t\t\t<div class=\"elementor-column elementor-col-25 elementor-top-column elementor-element elementor-element-183b3cf\" data-id=\"183b3cf\" data-element_type=\"column\" data-e-type=\"column\">\n\t\t\t<div class=\"elementor-widget-wrap\">\n\t\t\t\t\t\t\t<\/div>\n\t\t<\/div>\n\t\t\t\t\t<\/div>\n\t\t<\/section>\n\t\t\t\t<section class=\"elementor-section elementor-top-section elementor-element elementor-element-d7f4d08 elementor-section-full_width elementor-section-height-default elementor-section-height-default\" data-id=\"d7f4d08\" data-element_type=\"section\" data-e-type=\"section\" data-settings=\"{&quot;background_background&quot;:&quot;classic&quot;}\">\n\t\t\t\t\t\t<div class=\"elementor-container elementor-column-gap-default\">\n\t\t\t\t\t<div class=\"elementor-column elementor-col-33 elementor-top-column elementor-element elementor-element-289cf5a\" data-id=\"289cf5a\" data-element_type=\"column\" data-e-type=\"column\">\n\t\t\t<div class=\"elementor-widget-wrap elementor-element-populated\">\n\t\t\t\t\t\t<div class=\"elementor-element elementor-element-02b0bbf elementor-widget elementor-widget-image\" data-id=\"02b0bbf\" data-element_type=\"widget\" data-e-type=\"widget\" data-widget_type=\"image.default\">\n\t\t\t\t<div class=\"elementor-widget-container\">\n\t\t\t\t\t\t\t\t\t\t\t\t\t\t\t<img loading=\"lazy\" decoding=\"async\" width=\"542\" height=\"444\" src=\"https:\/\/www.wir-im-nordquartier.de\/wp-content\/uploads\/2021\/03\/WGK_Lastenrad-01-05.jpg\" class=\"attachment-full size-full wp-image-548\" alt=\"\" srcset=\"https:\/\/www.wir-im-nordquartier.de\/wp-content\/uploads\/2021\/03\/WGK_Lastenrad-01-05.jpg 542w, https:\/\/www.wir-im-nordquartier.de\/wp-content\/uploads\/2021\/03\/WGK_Lastenrad-01-05-300x246.jpg 300w\" sizes=\"(max-width: 542px) 100vw, 542px\" \/>\t\t\t\t\t\t\t\t\t\t\t\t\t\t\t<\/div>\n\t\t\t\t<\/div>\n\t\t\t\t\t<\/div>\n\t\t<\/div>\n\t\t\t\t<div class=\"elementor-column elementor-col-33 elementor-top-column elementor-element elementor-element-da09544\" data-id=\"da09544\" data-element_type=\"column\" data-e-type=\"column\">\n\t\t\t<div class=\"elementor-widget-wrap elementor-element-populated\">\n\t\t\t\t\t\t<div class=\"elementor-element elementor-element-66f4e66 elementor-widget elementor-widget-image\" data-id=\"66f4e66\" data-element_type=\"widget\" data-e-type=\"widget\" data-widget_type=\"image.default\">\n\t\t\t\t<div class=\"elementor-widget-container\">\n\t\t\t\t\t\t\t\t\t\t\t\t<figure class=\"wp-caption\">\n\t\t\t\t\t\t\t\t\t\t<img loading=\"lazy\" decoding=\"async\" width=\"1536\" height=\"1092\" src=\"https:\/\/www.wir-im-nordquartier.de\/wp-content\/uploads\/2021\/03\/210218_WGK_Bearbeitet61-1536x1092.jpg\" class=\"attachment-1536x1536 size-1536x1536 wp-image-306\" alt=\"\" srcset=\"https:\/\/www.wir-im-nordquartier.de\/wp-content\/uploads\/2021\/03\/210218_WGK_Bearbeitet61-1536x1092.jpg 1536w, https:\/\/www.wir-im-nordquartier.de\/wp-content\/uploads\/2021\/03\/210218_WGK_Bearbeitet61-300x213.jpg 300w, https:\/\/www.wir-im-nordquartier.de\/wp-content\/uploads\/2021\/03\/210218_WGK_Bearbeitet61-1024x728.jpg 1024w, https:\/\/www.wir-im-nordquartier.de\/wp-content\/uploads\/2021\/03\/210218_WGK_Bearbeitet61-768x546.jpg 768w, https:\/\/www.wir-im-nordquartier.de\/wp-content\/uploads\/2021\/03\/210218_WGK_Bearbeitet61-2048x1456.jpg 2048w\" sizes=\"(max-width: 1536px) 100vw, 1536px\" \/>\t\t\t\t\t\t\t\t\t\t\t<figcaption class=\"widget-image-caption wp-caption-text\">Foto: Heike Towae<\/figcaption>\n\t\t\t\t\t\t\t\t\t\t<\/figure>\n\t\t\t\t\t\t\t\t\t<\/div>\n\t\t\t\t<\/div>\n\t\t\t\t\t<\/div>\n\t\t<\/div>\n\t\t\t\t<div class=\"elementor-column elementor-col-33 elementor-top-column elementor-element elementor-element-65bd192 elementor-hidden-phone\" data-id=\"65bd192\" data-element_type=\"column\" data-e-type=\"column\">\n\t\t\t<div class=\"elementor-widget-wrap\">\n\t\t\t\t\t\t\t<\/div>\n\t\t<\/div>\n\t\t\t\t\t<\/div>\n\t\t<\/section>\n\t\t\t\t<section class=\"elementor-section elementor-top-section elementor-element elementor-element-e8bdc63 elementor-section-full_width elementor-section-height-default elementor-section-height-default\" data-id=\"e8bdc63\" data-element_type=\"section\" data-e-type=\"section\" data-settings=\"{&quot;background_background&quot;:&quot;classic&quot;}\">\n\t\t\t\t\t\t<div class=\"elementor-container elementor-column-gap-default\">\n\t\t\t\t\t<div class=\"elementor-column elementor-col-33 elementor-top-column elementor-element elementor-element-0d41f06\" data-id=\"0d41f06\" data-element_type=\"column\" data-e-type=\"column\">\n\t\t\t<div class=\"elementor-widget-wrap\">\n\t\t\t\t\t\t\t<\/div>\n\t\t<\/div>\n\t\t\t\t<div class=\"elementor-column elementor-col-33 elementor-top-column elementor-element elementor-element-f34e322\" data-id=\"f34e322\" data-element_type=\"column\" data-e-type=\"column\">\n\t\t\t<div class=\"elementor-widget-wrap elementor-element-populated\">\n\t\t\t\t\t\t<div class=\"elementor-element elementor-element-126654f elementor-widget elementor-widget-heading\" data-id=\"126654f\" data-element_type=\"widget\" data-e-type=\"widget\" data-widget_type=\"heading.default\">\n\t\t\t\t<div class=\"elementor-widget-container\">\n\t\t\t\t\t<h2 class=\"elementor-heading-title elementor-size-default\">\u201eWir drehen den Spie\u00df um, denn wir machen Quartiersentwicklung von unten. Wir haben den Blick der BewohnerInnen. Wir setzen uns ein fu\u0308r ein lebenswertes Mu\u0308lheim-Nord!\u201c<\/h2>\t\t\t\t<\/div>\n\t\t\t\t<\/div>\n\t\t\t\t\t<\/div>\n\t\t<\/div>\n\t\t\t\t<div class=\"elementor-column elementor-col-33 elementor-top-column elementor-element elementor-element-15a7ebd elementor-hidden-phone\" data-id=\"15a7ebd\" data-element_type=\"column\" data-e-type=\"column\">\n\t\t\t<div class=\"elementor-widget-wrap\">\n\t\t\t\t\t\t\t<\/div>\n\t\t<\/div>\n\t\t\t\t\t<\/div>\n\t\t<\/section>\n\t\t\t\t<section class=\"elementor-section elementor-top-section elementor-element elementor-element-48022e7 elementor-section-full_width elementor-section-height-default elementor-section-height-default\" data-id=\"48022e7\" data-element_type=\"section\" data-e-type=\"section\" id=\"Bewegungsgr\u00fcnde\" data-settings=\"{&quot;background_background&quot;:&quot;classic&quot;}\">\n\t\t\t\t\t\t<div class=\"elementor-container elementor-column-gap-default\">\n\t\t\t\t\t<div class=\"elementor-column elementor-col-100 elementor-top-column elementor-element elementor-element-49b7dc2\" data-id=\"49b7dc2\" data-element_type=\"column\" data-e-type=\"column\">\n\t\t\t<div class=\"elementor-widget-wrap elementor-element-populated\">\n\t\t\t\t\t\t<div class=\"elementor-element elementor-element-c7c189c elementor-widget elementor-widget-image\" data-id=\"c7c189c\" data-element_type=\"widget\" data-e-type=\"widget\" data-widget_type=\"image.default\">\n\t\t\t\t<div class=\"elementor-widget-container\">\n\t\t\t\t\t\t\t\t\t\t\t\t\t\t\t<img loading=\"lazy\" decoding=\"async\" width=\"768\" height=\"346\" src=\"https:\/\/www.wir-im-nordquartier.de\/wp-content\/uploads\/2021\/03\/Unbenannt-1-01-01-768x346.jpg\" class=\"attachment-medium_large size-medium_large wp-image-393\" alt=\"\" srcset=\"https:\/\/www.wir-im-nordquartier.de\/wp-content\/uploads\/2021\/03\/Unbenannt-1-01-01-768x346.jpg 768w, https:\/\/www.wir-im-nordquartier.de\/wp-content\/uploads\/2021\/03\/Unbenannt-1-01-01-300x135.jpg 300w, https:\/\/www.wir-im-nordquartier.de\/wp-content\/uploads\/2021\/03\/Unbenannt-1-01-01.jpg 833w\" sizes=\"(max-width: 768px) 100vw, 768px\" \/>\t\t\t\t\t\t\t\t\t\t\t\t\t\t\t<\/div>\n\t\t\t\t<\/div>\n\t\t\t\t\t<\/div>\n\t\t<\/div>\n\t\t\t\t\t<\/div>\n\t\t<\/section>\n\t\t\t\t<section class=\"elementor-section elementor-top-section elementor-element elementor-element-deaae6b elementor-section-full_width elementor-section-height-default elementor-section-height-default\" data-id=\"deaae6b\" data-element_type=\"section\" data-e-type=\"section\" data-settings=\"{&quot;background_background&quot;:&quot;classic&quot;}\">\n\t\t\t\t\t\t<div class=\"elementor-container elementor-column-gap-default\">\n\t\t\t\t\t<div class=\"elementor-column elementor-col-25 elementor-top-column elementor-element elementor-element-31e589b\" data-id=\"31e589b\" data-element_type=\"column\" data-e-type=\"column\">\n\t\t\t<div class=\"elementor-widget-wrap\">\n\t\t\t\t\t\t\t<\/div>\n\t\t<\/div>\n\t\t\t\t<div class=\"elementor-column elementor-col-50 elementor-top-column elementor-element elementor-element-d763207\" data-id=\"d763207\" data-element_type=\"column\" data-e-type=\"column\">\n\t\t\t<div class=\"elementor-widget-wrap elementor-element-populated\">\n\t\t\t\t\t\t<div class=\"elementor-element elementor-element-7ffd573 elementor-widget elementor-widget-text-editor\" data-id=\"7ffd573\" data-element_type=\"widget\" data-e-type=\"widget\" data-widget_type=\"text-editor.default\">\n\t\t\t\t<div class=\"elementor-widget-container\">\n\t\t\t\t\t\t\t\t\t<div class=\"page\" title=\"Page 1\"><div class=\"section\"><div class=\"layoutArea\"><div class=\"column\"><p>Wir glauben, dass einfache Menschen wie wir etwas wirkungsvolles in der Quartiersarbeit bewegen ko\u0308nnen. Wir, als Nachbarinnen, haben den Blick der BewohnerInnen &#8211; wissen wo der Schuh dru\u0308ckt. Mit ungezwungenen und unbu\u0308rokratischen Aktionen, wie mit unserem Ku\u0308chenmobil \u201eWie geht\u2019s?\u201c, bringen wir die Menschen auf Augenho\u0308he zusammen und unterstu\u0308tzen uns gegenseitig &#8211; sei es in einer Krise wie die Corona-Pandemie oder wenn am Ende des Monats der Geldbeutel leer ist. Oder wenn man einfach jemanden zum Klo\u0308nen braucht.<\/p><\/div><\/div><\/div><\/div>\t\t\t\t\t\t\t\t<\/div>\n\t\t\t\t<\/div>\n\t\t\t\t\t<\/div>\n\t\t<\/div>\n\t\t\t\t<div class=\"elementor-column elementor-col-25 elementor-top-column elementor-element elementor-element-b76b783\" data-id=\"b76b783\" data-element_type=\"column\" data-e-type=\"column\">\n\t\t\t<div class=\"elementor-widget-wrap\">\n\t\t\t\t\t\t\t<\/div>\n\t\t<\/div>\n\t\t\t\t\t<\/div>\n\t\t<\/section>\n\t\t\t\t<section class=\"elementor-section elementor-top-section elementor-element elementor-element-6c9bbed elementor-section-boxed elementor-section-height-default elementor-section-height-default\" data-id=\"6c9bbed\" data-element_type=\"section\" data-e-type=\"section\" data-settings=\"{&quot;background_background&quot;:&quot;classic&quot;}\">\n\t\t\t\t\t\t<div class=\"elementor-container elementor-column-gap-default\">\n\t\t\t\t\t<div class=\"elementor-column elementor-col-100 elementor-top-column elementor-element elementor-element-3162f18\" data-id=\"3162f18\" data-element_type=\"column\" data-e-type=\"column\">\n\t\t\t<div class=\"elementor-widget-wrap elementor-element-populated\">\n\t\t\t\t\t\t<div class=\"elementor-element elementor-element-e0286e1 elementor-hidden-desktop elementor-hidden-phone elementor-widget elementor-widget-image\" data-id=\"e0286e1\" data-element_type=\"widget\" data-e-type=\"widget\" data-widget_type=\"image.default\">\n\t\t\t\t<div class=\"elementor-widget-container\">\n\t\t\t\t\t\t\t\t\t\t\t\t\t\t\t<img loading=\"lazy\" decoding=\"async\" width=\"300\" height=\"289\" src=\"https:\/\/www.wir-im-nordquartier.de\/wp-content\/uploads\/2021\/03\/WGK_Instagram_Sprechblase_Idee-01-01-300x289.png\" class=\"attachment-medium size-medium wp-image-481\" alt=\"\" srcset=\"https:\/\/www.wir-im-nordquartier.de\/wp-content\/uploads\/2021\/03\/WGK_Instagram_Sprechblase_Idee-01-01-300x289.png 300w, https:\/\/www.wir-im-nordquartier.de\/wp-content\/uploads\/2021\/03\/WGK_Instagram_Sprechblase_Idee-01-01.png 625w\" sizes=\"(max-width: 300px) 100vw, 300px\" \/>\t\t\t\t\t\t\t\t\t\t\t\t\t\t\t<\/div>\n\t\t\t\t<\/div>\n\t\t\t\t\t<\/div>\n\t\t<\/div>\n\t\t\t\t\t<\/div>\n\t\t<\/section>\n\t\t\t\t<section class=\"elementor-section elementor-top-section elementor-element elementor-element-cf2e69c elementor-section-full_width elementor-section-height-default elementor-section-height-default\" data-id=\"cf2e69c\" data-element_type=\"section\" data-e-type=\"section\" id=\"Idee\" data-settings=\"{&quot;background_background&quot;:&quot;classic&quot;}\">\n\t\t\t\t\t\t<div class=\"elementor-container elementor-column-gap-default\">\n\t\t\t\t\t<div class=\"elementor-column elementor-col-33 elementor-top-column elementor-element elementor-element-90a2efe\" data-id=\"90a2efe\" data-element_type=\"column\" data-e-type=\"column\">\n\t\t\t<div class=\"elementor-widget-wrap elementor-element-populated\">\n\t\t\t\t\t\t<div class=\"elementor-element elementor-element-11bba4e elementor-hidden-desktop elementor-hidden-tablet elementor-widget elementor-widget-image\" data-id=\"11bba4e\" data-element_type=\"widget\" data-e-type=\"widget\" data-widget_type=\"image.default\">\n\t\t\t\t<div class=\"elementor-widget-container\">\n\t\t\t\t\t\t\t\t\t\t\t\t\t\t\t<img loading=\"lazy\" decoding=\"async\" width=\"300\" height=\"289\" src=\"https:\/\/www.wir-im-nordquartier.de\/wp-content\/uploads\/2021\/03\/WGK_Instagram_Sprechblase_Idee-01-01-300x289.png\" class=\"attachment-medium size-medium wp-image-481\" alt=\"\" srcset=\"https:\/\/www.wir-im-nordquartier.de\/wp-content\/uploads\/2021\/03\/WGK_Instagram_Sprechblase_Idee-01-01-300x289.png 300w, https:\/\/www.wir-im-nordquartier.de\/wp-content\/uploads\/2021\/03\/WGK_Instagram_Sprechblase_Idee-01-01.png 625w\" sizes=\"(max-width: 300px) 100vw, 300px\" \/>\t\t\t\t\t\t\t\t\t\t\t\t\t\t\t<\/div>\n\t\t\t\t<\/div>\n\t\t\t\t\t<\/div>\n\t\t<\/div>\n\t\t\t\t<div class=\"elementor-column elementor-col-33 elementor-top-column elementor-element elementor-element-d87eca2\" data-id=\"d87eca2\" data-element_type=\"column\" data-e-type=\"column\">\n\t\t\t<div class=\"elementor-widget-wrap elementor-element-populated\">\n\t\t\t\t\t\t<div class=\"elementor-element elementor-element-f0ac783 elementor-widget elementor-widget-heading\" data-id=\"f0ac783\" data-element_type=\"widget\" data-e-type=\"widget\" data-widget_type=\"heading.default\">\n\t\t\t\t<div class=\"elementor-widget-container\">\n\t\t\t\t\t<h2 class=\"elementor-heading-title elementor-size-default\">Was ist los? Unser Veedel - ein \u201eProblemveedel\u201c?<\/h2>\t\t\t\t<\/div>\n\t\t\t\t<\/div>\n\t\t\t\t\t<\/div>\n\t\t<\/div>\n\t\t\t\t<div class=\"elementor-column elementor-col-33 elementor-top-column elementor-element elementor-element-e7b60dd elementor-hidden-phone\" data-id=\"e7b60dd\" data-element_type=\"column\" data-e-type=\"column\">\n\t\t\t<div class=\"elementor-widget-wrap\">\n\t\t\t\t\t\t\t<\/div>\n\t\t<\/div>\n\t\t\t\t\t<\/div>\n\t\t<\/section>\n\t\t\t\t<section class=\"elementor-section elementor-top-section elementor-element elementor-element-1df9144 elementor-section-boxed elementor-section-height-default elementor-section-height-default\" data-id=\"1df9144\" data-element_type=\"section\" data-e-type=\"section\" data-settings=\"{&quot;background_background&quot;:&quot;classic&quot;}\">\n\t\t\t\t\t\t<div class=\"elementor-container elementor-column-gap-default\">\n\t\t\t\t\t<div class=\"elementor-column elementor-col-33 elementor-top-column elementor-element elementor-element-94be1bb\" data-id=\"94be1bb\" data-element_type=\"column\" data-e-type=\"column\">\n\t\t\t<div class=\"elementor-widget-wrap elementor-element-populated\">\n\t\t\t\t\t\t<div class=\"elementor-element elementor-element-e1325c3 elementor-hidden-tablet elementor-hidden-phone elementor-widget elementor-widget-image\" data-id=\"e1325c3\" data-element_type=\"widget\" data-e-type=\"widget\" data-widget_type=\"image.default\">\n\t\t\t\t<div class=\"elementor-widget-container\">\n\t\t\t\t\t\t\t\t\t\t\t\t\t\t\t<img loading=\"lazy\" decoding=\"async\" width=\"300\" height=\"289\" src=\"https:\/\/www.wir-im-nordquartier.de\/wp-content\/uploads\/2021\/03\/WGK_Instagram_Sprechblase_Idee-01-01-300x289.png\" class=\"attachment-medium size-medium wp-image-481\" alt=\"\" srcset=\"https:\/\/www.wir-im-nordquartier.de\/wp-content\/uploads\/2021\/03\/WGK_Instagram_Sprechblase_Idee-01-01-300x289.png 300w, https:\/\/www.wir-im-nordquartier.de\/wp-content\/uploads\/2021\/03\/WGK_Instagram_Sprechblase_Idee-01-01.png 625w\" sizes=\"(max-width: 300px) 100vw, 300px\" \/>\t\t\t\t\t\t\t\t\t\t\t\t\t\t\t<\/div>\n\t\t\t\t<\/div>\n\t\t\t\t\t<\/div>\n\t\t<\/div>\n\t\t\t\t<div class=\"elementor-column elementor-col-33 elementor-top-column elementor-element elementor-element-6e6e9bc\" data-id=\"6e6e9bc\" data-element_type=\"column\" data-e-type=\"column\">\n\t\t\t<div class=\"elementor-widget-wrap elementor-element-populated\">\n\t\t\t\t\t\t<div class=\"elementor-element elementor-element-d88efb3 elementor-widget elementor-widget-text-editor\" data-id=\"d88efb3\" data-element_type=\"widget\" data-e-type=\"widget\" data-widget_type=\"text-editor.default\">\n\t\t\t\t<div class=\"elementor-widget-container\">\n\t\t\t\t\t\t\t\t\t<div class=\"page\" title=\"Page 1\"><div class=\"section\"><div class=\"layoutArea\"><div class=\"column\"><p>Mu\u0308lheim-Nord za\u0308hlt circa 7.800 Einwohner und ist gepra\u0308gt durch die Schlie\u00dfung vieler Industriegebiete Mitte der 80er Jahre. Zahlreiche Gastarbeitende kamen ins Quartier um einen Arbeitsplatz zu finden. Der Strukturwandel fu\u0308hrte zu einer u\u0308berdurchschnittlich hohen Arbeitslosigkeit, welche bis heute anha\u0308lt. Menschen mit unterschiedlichem sozio-o\u0308konomischen Status, Herkunft und Alter teilen sich hier einen ge- meinsamen Lebensraum. Doch die Aussicht fu\u0308r die Bewohnerschaft ist weniger attraktiv: zu wenig Arbeit und Wohnungen, u\u0308berdurchschnittlich viele Alleinerziehende, unbelebter o\u0308ffentlicher Raum, wenig Auswahl an Essensm\u00f6glichkeiten, schlie\u00dflich Angst vor der Prekarisierung einerseits und der Gentrifizierung andererseits. Nun stellt sich die Frage: was ko\u0308nnen wir als einzelne Bu\u0308rger tun?<\/p><\/div><\/div><\/div><\/div>\t\t\t\t\t\t\t\t<\/div>\n\t\t\t\t<\/div>\n\t\t\t\t\t<\/div>\n\t\t<\/div>\n\t\t\t\t<div class=\"elementor-column elementor-col-33 elementor-top-column elementor-element elementor-element-7cc10ce elementor-hidden-phone\" data-id=\"7cc10ce\" data-element_type=\"column\" data-e-type=\"column\">\n\t\t\t<div class=\"elementor-widget-wrap\">\n\t\t\t\t\t\t\t<\/div>\n\t\t<\/div>\n\t\t\t\t\t<\/div>\n\t\t<\/section>\n\t\t\t\t<section class=\"elementor-section elementor-top-section elementor-element elementor-element-12e6bc2 elementor-hidden-desktop elementor-hidden-phone elementor-section-boxed elementor-section-height-default elementor-section-height-default\" data-id=\"12e6bc2\" data-element_type=\"section\" data-e-type=\"section\" data-settings=\"{&quot;background_background&quot;:&quot;classic&quot;}\">\n\t\t\t\t\t\t<div class=\"elementor-container elementor-column-gap-default\">\n\t\t\t\t\t<div class=\"elementor-column elementor-col-100 elementor-top-column elementor-element elementor-element-79930f9\" data-id=\"79930f9\" data-element_type=\"column\" data-e-type=\"column\">\n\t\t\t<div class=\"elementor-widget-wrap elementor-element-populated\">\n\t\t\t\t\t\t<div class=\"elementor-element elementor-element-09c2567 elementor-widget elementor-widget-image\" data-id=\"09c2567\" data-element_type=\"widget\" data-e-type=\"widget\" data-widget_type=\"image.default\">\n\t\t\t\t<div class=\"elementor-widget-container\">\n\t\t\t\t\t\t\t\t\t\t\t\t<figure class=\"wp-caption\">\n\t\t\t\t\t\t\t\t\t\t<img loading=\"lazy\" decoding=\"async\" width=\"800\" height=\"533\" src=\"https:\/\/www.wir-im-nordquartier.de\/wp-content\/uploads\/2021\/03\/IMG_20200814_134345-1.png\" class=\"attachment-large size-large wp-image-333\" alt=\"\" srcset=\"https:\/\/www.wir-im-nordquartier.de\/wp-content\/uploads\/2021\/03\/IMG_20200814_134345-1.png 800w, https:\/\/www.wir-im-nordquartier.de\/wp-content\/uploads\/2021\/03\/IMG_20200814_134345-1-300x200.png 300w, https:\/\/www.wir-im-nordquartier.de\/wp-content\/uploads\/2021\/03\/IMG_20200814_134345-1-768x512.png 768w\" sizes=\"(max-width: 800px) 100vw, 800px\" \/>\t\t\t\t\t\t\t\t\t\t\t<figcaption class=\"widget-image-caption wp-caption-text\">Foto: Beate Bleck<\/figcaption>\n\t\t\t\t\t\t\t\t\t\t<\/figure>\n\t\t\t\t\t\t\t\t\t<\/div>\n\t\t\t\t<\/div>\n\t\t\t\t<div class=\"elementor-element elementor-element-687de78 elementor-widget elementor-widget-image\" data-id=\"687de78\" data-element_type=\"widget\" data-e-type=\"widget\" data-widget_type=\"image.default\">\n\t\t\t\t<div class=\"elementor-widget-container\">\n\t\t\t\t\t\t\t\t\t\t\t\t<figure class=\"wp-caption\">\n\t\t\t\t\t\t\t\t\t\t<img loading=\"lazy\" decoding=\"async\" width=\"1673\" height=\"2342\" src=\"https:\/\/www.wir-im-nordquartier.de\/wp-content\/uploads\/2021\/03\/Tischlein2.jpg\" class=\"attachment-full size-full wp-image-442\" alt=\"\" srcset=\"https:\/\/www.wir-im-nordquartier.de\/wp-content\/uploads\/2021\/03\/Tischlein2.jpg 1673w, https:\/\/www.wir-im-nordquartier.de\/wp-content\/uploads\/2021\/03\/Tischlein2-214x300.jpg 214w, https:\/\/www.wir-im-nordquartier.de\/wp-content\/uploads\/2021\/03\/Tischlein2-731x1024.jpg 731w, https:\/\/www.wir-im-nordquartier.de\/wp-content\/uploads\/2021\/03\/Tischlein2-768x1075.jpg 768w, https:\/\/www.wir-im-nordquartier.de\/wp-content\/uploads\/2021\/03\/Tischlein2-1097x1536.jpg 1097w, https:\/\/www.wir-im-nordquartier.de\/wp-content\/uploads\/2021\/03\/Tischlein2-1463x2048.jpg 1463w\" sizes=\"(max-width: 1673px) 100vw, 1673px\" \/>\t\t\t\t\t\t\t\t\t\t\t<figcaption class=\"widget-image-caption wp-caption-text\">Foto: Heike Towae<\/figcaption>\n\t\t\t\t\t\t\t\t\t\t<\/figure>\n\t\t\t\t\t\t\t\t\t<\/div>\n\t\t\t\t<\/div>\n\t\t\t\t\t<\/div>\n\t\t<\/div>\n\t\t\t\t\t<\/div>\n\t\t<\/section>\n\t\t\t\t<section class=\"elementor-section elementor-top-section elementor-element elementor-element-7a7b5ca elementor-section-full_width elementor-section-height-default elementor-section-height-default\" data-id=\"7a7b5ca\" data-element_type=\"section\" data-e-type=\"section\" data-settings=\"{&quot;background_background&quot;:&quot;classic&quot;}\">\n\t\t\t\t\t\t<div class=\"elementor-container elementor-column-gap-default\">\n\t\t\t\t\t<div class=\"elementor-column elementor-col-33 elementor-top-column elementor-element elementor-element-bd93fdc\" data-id=\"bd93fdc\" data-element_type=\"column\" data-e-type=\"column\">\n\t\t\t<div class=\"elementor-widget-wrap\">\n\t\t\t\t\t\t\t<\/div>\n\t\t<\/div>\n\t\t\t\t<div class=\"elementor-column elementor-col-33 elementor-top-column elementor-element elementor-element-eebb805\" data-id=\"eebb805\" data-element_type=\"column\" data-e-type=\"column\">\n\t\t\t<div class=\"elementor-widget-wrap elementor-element-populated\">\n\t\t\t\t\t\t<div class=\"elementor-element elementor-element-c30f2d2 elementor-widget elementor-widget-heading\" data-id=\"c30f2d2\" data-element_type=\"widget\" data-e-type=\"widget\" data-widget_type=\"heading.default\">\n\t\t\t\t<div class=\"elementor-widget-container\">\n\t\t\t\t\t<h2 class=\"elementor-heading-title elementor-size-default\">Wie geht\u2019s? Erstens: Mit bu\u0308rgerlichem Engagement anpacken!<\/h2>\t\t\t\t<\/div>\n\t\t\t\t<\/div>\n\t\t\t\t\t<\/div>\n\t\t<\/div>\n\t\t\t\t<div class=\"elementor-column elementor-col-33 elementor-top-column elementor-element elementor-element-c60483d elementor-hidden-phone\" data-id=\"c60483d\" data-element_type=\"column\" data-e-type=\"column\">\n\t\t\t<div class=\"elementor-widget-wrap\">\n\t\t\t\t\t\t\t<\/div>\n\t\t<\/div>\n\t\t\t\t\t<\/div>\n\t\t<\/section>\n\t\t\t\t<section class=\"elementor-section elementor-top-section elementor-element elementor-element-d30a323 elementor-section-full_width elementor-reverse-tablet elementor-section-height-default elementor-section-height-default\" data-id=\"d30a323\" data-element_type=\"section\" data-e-type=\"section\" data-settings=\"{&quot;background_background&quot;:&quot;classic&quot;}\">\n\t\t\t\t\t\t<div class=\"elementor-container elementor-column-gap-default\">\n\t\t\t\t\t<div class=\"elementor-column elementor-col-25 elementor-top-column elementor-element elementor-element-cac0dee elementor-hidden-tablet\" data-id=\"cac0dee\" data-element_type=\"column\" data-e-type=\"column\">\n\t\t\t<div class=\"elementor-widget-wrap elementor-element-populated\">\n\t\t\t\t\t\t<div class=\"elementor-element elementor-element-41d6a41 elementor-widget elementor-widget-image\" data-id=\"41d6a41\" data-element_type=\"widget\" data-e-type=\"widget\" data-widget_type=\"image.default\">\n\t\t\t\t<div class=\"elementor-widget-container\">\n\t\t\t\t\t\t\t\t\t\t\t\t<figure class=\"wp-caption\">\n\t\t\t\t\t\t\t\t\t\t<img loading=\"lazy\" decoding=\"async\" width=\"1673\" height=\"2342\" src=\"https:\/\/www.wir-im-nordquartier.de\/wp-content\/uploads\/2021\/03\/Tischlein2.jpg\" class=\"attachment-full size-full wp-image-442\" alt=\"\" srcset=\"https:\/\/www.wir-im-nordquartier.de\/wp-content\/uploads\/2021\/03\/Tischlein2.jpg 1673w, https:\/\/www.wir-im-nordquartier.de\/wp-content\/uploads\/2021\/03\/Tischlein2-214x300.jpg 214w, https:\/\/www.wir-im-nordquartier.de\/wp-content\/uploads\/2021\/03\/Tischlein2-731x1024.jpg 731w, https:\/\/www.wir-im-nordquartier.de\/wp-content\/uploads\/2021\/03\/Tischlein2-768x1075.jpg 768w, https:\/\/www.wir-im-nordquartier.de\/wp-content\/uploads\/2021\/03\/Tischlein2-1097x1536.jpg 1097w, https:\/\/www.wir-im-nordquartier.de\/wp-content\/uploads\/2021\/03\/Tischlein2-1463x2048.jpg 1463w\" sizes=\"(max-width: 1673px) 100vw, 1673px\" \/>\t\t\t\t\t\t\t\t\t\t\t<figcaption class=\"widget-image-caption wp-caption-text\">Foto: Heike Towae<\/figcaption>\n\t\t\t\t\t\t\t\t\t\t<\/figure>\n\t\t\t\t\t\t\t\t\t<\/div>\n\t\t\t\t<\/div>\n\t\t\t\t\t<\/div>\n\t\t<\/div>\n\t\t\t\t<div class=\"elementor-column elementor-col-25 elementor-top-column elementor-element elementor-element-e473087 elementor-hidden-tablet\" data-id=\"e473087\" data-element_type=\"column\" data-e-type=\"column\">\n\t\t\t<div class=\"elementor-widget-wrap elementor-element-populated\">\n\t\t\t\t\t\t<div class=\"elementor-element elementor-element-7fb5ae9 elementor-widget elementor-widget-image\" data-id=\"7fb5ae9\" data-element_type=\"widget\" data-e-type=\"widget\" data-widget_type=\"image.default\">\n\t\t\t\t<div class=\"elementor-widget-container\">\n\t\t\t\t\t\t\t\t\t\t\t\t<figure class=\"wp-caption\">\n\t\t\t\t\t\t\t\t\t\t<img loading=\"lazy\" decoding=\"async\" width=\"800\" height=\"533\" src=\"https:\/\/www.wir-im-nordquartier.de\/wp-content\/uploads\/2021\/03\/IMG_20200814_134345-1.png\" class=\"attachment-full size-full wp-image-333\" alt=\"\" srcset=\"https:\/\/www.wir-im-nordquartier.de\/wp-content\/uploads\/2021\/03\/IMG_20200814_134345-1.png 800w, https:\/\/www.wir-im-nordquartier.de\/wp-content\/uploads\/2021\/03\/IMG_20200814_134345-1-300x200.png 300w, https:\/\/www.wir-im-nordquartier.de\/wp-content\/uploads\/2021\/03\/IMG_20200814_134345-1-768x512.png 768w\" sizes=\"(max-width: 800px) 100vw, 800px\" \/>\t\t\t\t\t\t\t\t\t\t\t<figcaption class=\"widget-image-caption wp-caption-text\">Foto: Beate Bleck<\/figcaption>\n\t\t\t\t\t\t\t\t\t\t<\/figure>\n\t\t\t\t\t\t\t\t\t<\/div>\n\t\t\t\t<\/div>\n\t\t\t\t\t<\/div>\n\t\t<\/div>\n\t\t\t\t<div class=\"elementor-column elementor-col-25 elementor-top-column elementor-element elementor-element-5d37ab8\" data-id=\"5d37ab8\" data-element_type=\"column\" data-e-type=\"column\">\n\t\t\t<div class=\"elementor-widget-wrap elementor-element-populated\">\n\t\t\t\t\t\t<div class=\"elementor-element elementor-element-c9237d1 elementor-widget elementor-widget-text-editor\" data-id=\"c9237d1\" data-element_type=\"widget\" data-e-type=\"widget\" data-widget_type=\"text-editor.default\">\n\t\t\t\t<div class=\"elementor-widget-container\">\n\t\t\t\t\t\t\t\t\t<div class=\"page\" title=\"Page 1\"><div class=\"section\"><div class=\"layoutArea\"><div class=\"column\"><p>Im April 2020 befand sich die Menschheit in einer Schock-Starre. Die Corona-Pandemie legte die gesamte Gesellschaft lahm, der erste Lockdown stand vor der Tu\u0308r. Zu der Zeit wurden auch in Ko\u0308ln Mu\u0308lheim-Nord die Kitas und Schulen geschlossen. Ebenso einer der zwei sich hier befindenden Ausgabestellen der Tafel war dicht. Das hei\u00dft: Keine kostenlose warme Mahlzeit fu\u0308r diejenigen, die sich in preka\u0308ren Lebensituationen befinden oder kurz davor sind, hineinzurutschen. Keine sozialen Interaktionen au\u00dferhalb der eigenen vier Wa\u0308nde. Keine positiven Anreize, hinaus zu gehen. Die alamierende Situation vor Ort war wie ein Weckruf fu\u0308r Gabi Scho\u0308nau, eine langja\u0308hrige Stadtteilakteurin und Bewohnerin hier im Veedel. Sie entschloss sich anzupacken &#8211; schlie\u00dflich hocken wir gemeinsam in der Krise. Kurzerhand organsierte sie ein Lastenrad, einen Pavillon und einen Caterer. Das Projekt bekam den Namen \u201eTischlein Deck Dich\u201c. Spontan sa\u00dfen wir, Gabi, Cora und Julia, drei Nachbarinnen, an Gabi\u2019s Ku\u0308chentisch. Wir waren bereit mitanzupacken &#8211; sechs Ha\u0308nde schaffen mehr als zwei. Gemeinsam verteilten wir also drau\u00dfen vor Ort zwei Monate lang kostenlos 100 Mahlzeiten an alle, die Hunger hatten. Finanziell unterstu\u0308tzt wurden wir von der GAG Immobilien AG, der Bezirksvertretung und der SparkassenStiftung Ko\u0308lnBonn. Das Essensangebot war ein Erfolg, denn die BewohnerInnen fragen uns seither: \u201eWann macht Ihr endlich weiter?\u201c<\/p><\/div><\/div><\/div><\/div>\t\t\t\t\t\t\t\t<\/div>\n\t\t\t\t<\/div>\n\t\t\t\t\t<\/div>\n\t\t<\/div>\n\t\t\t\t<div class=\"elementor-column elementor-col-25 elementor-top-column elementor-element elementor-element-969ea43\" data-id=\"969ea43\" data-element_type=\"column\" data-e-type=\"column\">\n\t\t\t<div class=\"elementor-widget-wrap\">\n\t\t\t\t\t\t\t<\/div>\n\t\t<\/div>\n\t\t\t\t\t<\/div>\n\t\t<\/section>\n\t\t\t\t<section class=\"elementor-section elementor-top-section elementor-element elementor-element-3c4753a elementor-hidden-desktop elementor-hidden-phone elementor-section-boxed elementor-section-height-default elementor-section-height-default\" data-id=\"3c4753a\" data-element_type=\"section\" data-e-type=\"section\" data-settings=\"{&quot;background_background&quot;:&quot;classic&quot;}\">\n\t\t\t\t\t\t<div class=\"elementor-container elementor-column-gap-default\">\n\t\t\t\t\t<div class=\"elementor-column elementor-col-100 elementor-top-column elementor-element elementor-element-879c4ff\" data-id=\"879c4ff\" data-element_type=\"column\" data-e-type=\"column\">\n\t\t\t<div class=\"elementor-widget-wrap elementor-element-populated\">\n\t\t\t\t\t\t<div class=\"elementor-element elementor-element-bb8c594 elementor-widget elementor-widget-image\" data-id=\"bb8c594\" data-element_type=\"widget\" data-e-type=\"widget\" data-widget_type=\"image.default\">\n\t\t\t\t<div class=\"elementor-widget-container\">\n\t\t\t\t\t\t\t\t\t\t\t\t<figure class=\"wp-caption\">\n\t\t\t\t\t\t\t\t\t\t<img loading=\"lazy\" decoding=\"async\" width=\"1673\" height=\"2342\" src=\"https:\/\/www.wir-im-nordquartier.de\/wp-content\/uploads\/2021\/03\/WGK_weiterentwickeln.jpg\" class=\"attachment-full size-full wp-image-422\" alt=\"\" srcset=\"https:\/\/www.wir-im-nordquartier.de\/wp-content\/uploads\/2021\/03\/WGK_weiterentwickeln.jpg 1673w, https:\/\/www.wir-im-nordquartier.de\/wp-content\/uploads\/2021\/03\/WGK_weiterentwickeln-214x300.jpg 214w, https:\/\/www.wir-im-nordquartier.de\/wp-content\/uploads\/2021\/03\/WGK_weiterentwickeln-731x1024.jpg 731w, https:\/\/www.wir-im-nordquartier.de\/wp-content\/uploads\/2021\/03\/WGK_weiterentwickeln-768x1075.jpg 768w, https:\/\/www.wir-im-nordquartier.de\/wp-content\/uploads\/2021\/03\/WGK_weiterentwickeln-1097x1536.jpg 1097w, https:\/\/www.wir-im-nordquartier.de\/wp-content\/uploads\/2021\/03\/WGK_weiterentwickeln-1463x2048.jpg 1463w\" sizes=\"(max-width: 1673px) 100vw, 1673px\" \/>\t\t\t\t\t\t\t\t\t\t\t<figcaption class=\"widget-image-caption wp-caption-text\">Fotos: Heike Towae<\/figcaption>\n\t\t\t\t\t\t\t\t\t\t<\/figure>\n\t\t\t\t\t\t\t\t\t<\/div>\n\t\t\t\t<\/div>\n\t\t\t\t<div class=\"elementor-element elementor-element-e37f88b elementor-widget elementor-widget-image\" data-id=\"e37f88b\" data-element_type=\"widget\" data-e-type=\"widget\" data-widget_type=\"image.default\">\n\t\t\t\t<div class=\"elementor-widget-container\">\n\t\t\t\t\t\t\t\t\t\t\t\t\t\t\t<img loading=\"lazy\" decoding=\"async\" width=\"1024\" height=\"684\" src=\"https:\/\/www.wir-im-nordquartier.de\/wp-content\/uploads\/2021\/03\/210218_WGK_Bearbeitet19-1024x684.jpg\" class=\"attachment-large size-large wp-image-405\" alt=\"\" srcset=\"https:\/\/www.wir-im-nordquartier.de\/wp-content\/uploads\/2021\/03\/210218_WGK_Bearbeitet19-1024x684.jpg 1024w, https:\/\/www.wir-im-nordquartier.de\/wp-content\/uploads\/2021\/03\/210218_WGK_Bearbeitet19-300x200.jpg 300w, https:\/\/www.wir-im-nordquartier.de\/wp-content\/uploads\/2021\/03\/210218_WGK_Bearbeitet19-768x513.jpg 768w, https:\/\/www.wir-im-nordquartier.de\/wp-content\/uploads\/2021\/03\/210218_WGK_Bearbeitet19-1536x1025.jpg 1536w, https:\/\/www.wir-im-nordquartier.de\/wp-content\/uploads\/2021\/03\/210218_WGK_Bearbeitet19-2048x1367.jpg 2048w\" sizes=\"(max-width: 1024px) 100vw, 1024px\" \/>\t\t\t\t\t\t\t\t\t\t\t\t\t\t\t<\/div>\n\t\t\t\t<\/div>\n\t\t\t\t\t<\/div>\n\t\t<\/div>\n\t\t\t\t\t<\/div>\n\t\t<\/section>\n\t\t\t\t<section class=\"elementor-section elementor-top-section elementor-element elementor-element-807812e elementor-section-full_width elementor-section-height-default elementor-section-height-default\" data-id=\"807812e\" data-element_type=\"section\" data-e-type=\"section\" data-settings=\"{&quot;background_background&quot;:&quot;classic&quot;}\">\n\t\t\t\t\t\t<div class=\"elementor-container elementor-column-gap-default\">\n\t\t\t\t\t<div class=\"elementor-column elementor-col-33 elementor-top-column elementor-element elementor-element-95aa9c6\" data-id=\"95aa9c6\" data-element_type=\"column\" data-e-type=\"column\">\n\t\t\t<div class=\"elementor-widget-wrap\">\n\t\t\t\t\t\t\t<\/div>\n\t\t<\/div>\n\t\t\t\t<div class=\"elementor-column elementor-col-33 elementor-top-column elementor-element elementor-element-588b0a9\" data-id=\"588b0a9\" data-element_type=\"column\" data-e-type=\"column\">\n\t\t\t<div class=\"elementor-widget-wrap elementor-element-populated\">\n\t\t\t\t\t\t<div class=\"elementor-element elementor-element-964848b elementor-widget elementor-widget-heading\" data-id=\"964848b\" data-element_type=\"widget\" data-e-type=\"widget\" data-widget_type=\"heading.default\">\n\t\t\t\t<div class=\"elementor-widget-container\">\n\t\t\t\t\t<h2 class=\"elementor-heading-title elementor-size-default\">Zweitens: Die Idee weiterentwickeln und ausbauen!<\/h2>\t\t\t\t<\/div>\n\t\t\t\t<\/div>\n\t\t\t\t\t<\/div>\n\t\t<\/div>\n\t\t\t\t<div class=\"elementor-column elementor-col-33 elementor-top-column elementor-element elementor-element-f5df407 elementor-hidden-phone\" data-id=\"f5df407\" data-element_type=\"column\" data-e-type=\"column\">\n\t\t\t<div class=\"elementor-widget-wrap\">\n\t\t\t\t\t\t\t<\/div>\n\t\t<\/div>\n\t\t\t\t\t<\/div>\n\t\t<\/section>\n\t\t\t\t<section class=\"elementor-section elementor-top-section elementor-element elementor-element-56422ba elementor-reverse-mobile elementor-section-full_width elementor-section-height-default elementor-section-height-default\" data-id=\"56422ba\" data-element_type=\"section\" data-e-type=\"section\" data-settings=\"{&quot;background_background&quot;:&quot;classic&quot;}\">\n\t\t\t\t\t\t<div class=\"elementor-container elementor-column-gap-default\">\n\t\t\t\t\t<div class=\"elementor-column elementor-col-25 elementor-top-column elementor-element elementor-element-bd48717\" data-id=\"bd48717\" data-element_type=\"column\" data-e-type=\"column\">\n\t\t\t<div class=\"elementor-widget-wrap\">\n\t\t\t\t\t\t\t<\/div>\n\t\t<\/div>\n\t\t\t\t<div class=\"elementor-column elementor-col-25 elementor-top-column elementor-element elementor-element-66a407d\" data-id=\"66a407d\" data-element_type=\"column\" data-e-type=\"column\">\n\t\t\t<div class=\"elementor-widget-wrap elementor-element-populated\">\n\t\t\t\t\t\t<div class=\"elementor-element elementor-element-48b776c elementor-widget elementor-widget-text-editor\" data-id=\"48b776c\" data-element_type=\"widget\" data-e-type=\"widget\" data-widget_type=\"text-editor.default\">\n\t\t\t\t<div class=\"elementor-widget-container\">\n\t\t\t\t\t\t\t\t\t<div class=\"page\" title=\"Page 1\"><div class=\"section\"><div class=\"layoutArea\"><div class=\"column\"><div class=\"page\" title=\"Page 1\"><div class=\"section\"><div class=\"layoutArea\"><div class=\"column\"><p>Und jetzt kommt ihr ins Spiel: Um unseren NachbarInnen endlich sagen zu ko\u0308nnen, dass es weiter geht, brauchen wir Eure Unterstu\u0308tzung. Mit unserer vollfunktionsfa\u0308higen und individuell gestalteten mobilen Ku\u0308che, welche auf einem Anha\u0308nger aufsitzt und mit einem E-Bike gezogen wird, brodelt die Veedelsku\u0308che wieder in der Nachbarschaft. An unterschiedlichen Pla\u0308tzen werden wir gemeinsam mit einer Ko\u0308chin oder einem Koch einmal pro Woche mit und fu\u0308r unsere Nachbarinnen und Nachbarn eine einfache und gesunde Mahlzeit zubereiten. Der Preis ist fair gestaltet &#8211; die Einen zahlen mehr, die Anderen weniger. Natu\u0308rlich wird das Essen mit Ab- stand und vorliegendem Hygienekonzept verteilt.<\/p><\/div><\/div><\/div><\/div><\/div><\/div><\/div><\/div>\t\t\t\t\t\t\t\t<\/div>\n\t\t\t\t<\/div>\n\t\t\t\t\t<\/div>\n\t\t<\/div>\n\t\t\t\t<div class=\"elementor-column elementor-col-25 elementor-top-column elementor-element elementor-element-c72a0e5 elementor-hidden-tablet\" data-id=\"c72a0e5\" data-element_type=\"column\" data-e-type=\"column\">\n\t\t\t<div class=\"elementor-widget-wrap elementor-element-populated\">\n\t\t\t\t\t\t<div class=\"elementor-element elementor-element-4dbfa26 elementor-widget elementor-widget-image\" data-id=\"4dbfa26\" data-element_type=\"widget\" data-e-type=\"widget\" data-widget_type=\"image.default\">\n\t\t\t\t<div class=\"elementor-widget-container\">\n\t\t\t\t\t\t\t\t\t\t\t\t<figure class=\"wp-caption\">\n\t\t\t\t\t\t\t\t\t\t<img loading=\"lazy\" decoding=\"async\" width=\"1024\" height=\"684\" src=\"https:\/\/www.wir-im-nordquartier.de\/wp-content\/uploads\/2021\/03\/210218_WGK_Bearbeitet19-1024x684.jpg\" class=\"attachment-large size-large wp-image-405\" alt=\"\" srcset=\"https:\/\/www.wir-im-nordquartier.de\/wp-content\/uploads\/2021\/03\/210218_WGK_Bearbeitet19-1024x684.jpg 1024w, https:\/\/www.wir-im-nordquartier.de\/wp-content\/uploads\/2021\/03\/210218_WGK_Bearbeitet19-300x200.jpg 300w, https:\/\/www.wir-im-nordquartier.de\/wp-content\/uploads\/2021\/03\/210218_WGK_Bearbeitet19-768x513.jpg 768w, https:\/\/www.wir-im-nordquartier.de\/wp-content\/uploads\/2021\/03\/210218_WGK_Bearbeitet19-1536x1025.jpg 1536w, https:\/\/www.wir-im-nordquartier.de\/wp-content\/uploads\/2021\/03\/210218_WGK_Bearbeitet19-2048x1367.jpg 2048w\" sizes=\"(max-width: 1024px) 100vw, 1024px\" \/>\t\t\t\t\t\t\t\t\t\t\t<figcaption class=\"widget-image-caption wp-caption-text\">Fotos: Heike Towae<\/figcaption>\n\t\t\t\t\t\t\t\t\t\t<\/figure>\n\t\t\t\t\t\t\t\t\t<\/div>\n\t\t\t\t<\/div>\n\t\t\t\t\t<\/div>\n\t\t<\/div>\n\t\t\t\t<div class=\"elementor-column elementor-col-25 elementor-top-column elementor-element elementor-element-fddca1a elementor-hidden-tablet\" data-id=\"fddca1a\" data-element_type=\"column\" data-e-type=\"column\">\n\t\t\t<div class=\"elementor-widget-wrap elementor-element-populated\">\n\t\t\t\t\t\t<div class=\"elementor-element elementor-element-a3ea726 elementor-widget elementor-widget-image\" data-id=\"a3ea726\" data-element_type=\"widget\" data-e-type=\"widget\" data-widget_type=\"image.default\">\n\t\t\t\t<div class=\"elementor-widget-container\">\n\t\t\t\t\t\t\t\t\t\t\t\t\t\t\t<img loading=\"lazy\" decoding=\"async\" width=\"1673\" height=\"2342\" src=\"https:\/\/www.wir-im-nordquartier.de\/wp-content\/uploads\/2021\/03\/WGK_weiterentwickeln.jpg\" class=\"attachment-full size-full wp-image-422\" alt=\"\" srcset=\"https:\/\/www.wir-im-nordquartier.de\/wp-content\/uploads\/2021\/03\/WGK_weiterentwickeln.jpg 1673w, https:\/\/www.wir-im-nordquartier.de\/wp-content\/uploads\/2021\/03\/WGK_weiterentwickeln-214x300.jpg 214w, https:\/\/www.wir-im-nordquartier.de\/wp-content\/uploads\/2021\/03\/WGK_weiterentwickeln-731x1024.jpg 731w, https:\/\/www.wir-im-nordquartier.de\/wp-content\/uploads\/2021\/03\/WGK_weiterentwickeln-768x1075.jpg 768w, https:\/\/www.wir-im-nordquartier.de\/wp-content\/uploads\/2021\/03\/WGK_weiterentwickeln-1097x1536.jpg 1097w, https:\/\/www.wir-im-nordquartier.de\/wp-content\/uploads\/2021\/03\/WGK_weiterentwickeln-1463x2048.jpg 1463w\" sizes=\"(max-width: 1673px) 100vw, 1673px\" \/>\t\t\t\t\t\t\t\t\t\t\t\t\t\t\t<\/div>\n\t\t\t\t<\/div>\n\t\t\t\t\t<\/div>\n\t\t<\/div>\n\t\t\t\t\t<\/div>\n\t\t<\/section>\n\t\t\t\t<section class=\"elementor-section elementor-top-section elementor-element elementor-element-36bf05a elementor-hidden-desktop elementor-hidden-phone elementor-section-boxed elementor-section-height-default elementor-section-height-default\" data-id=\"36bf05a\" data-element_type=\"section\" data-e-type=\"section\" data-settings=\"{&quot;background_background&quot;:&quot;classic&quot;}\">\n\t\t\t\t\t\t<div class=\"elementor-container elementor-column-gap-default\">\n\t\t\t\t\t<div class=\"elementor-column elementor-col-100 elementor-top-column elementor-element elementor-element-268c74d\" data-id=\"268c74d\" data-element_type=\"column\" data-e-type=\"column\">\n\t\t\t<div class=\"elementor-widget-wrap elementor-element-populated\">\n\t\t\t\t\t\t<div class=\"elementor-element elementor-element-7779ee0 elementor-widget elementor-widget-image\" data-id=\"7779ee0\" data-element_type=\"widget\" data-e-type=\"widget\" data-widget_type=\"image.default\">\n\t\t\t\t<div class=\"elementor-widget-container\">\n\t\t\t\t\t\t\t\t\t\t\t\t<figure class=\"wp-caption\">\n\t\t\t\t\t\t\t\t\t\t<img loading=\"lazy\" decoding=\"async\" width=\"1696\" height=\"2560\" src=\"https:\/\/www.wir-im-nordquartier.de\/wp-content\/uploads\/2021\/03\/210218_WGK_Bearbeitet71-scaled.jpg\" class=\"attachment-full size-full wp-image-407\" alt=\"\" srcset=\"https:\/\/www.wir-im-nordquartier.de\/wp-content\/uploads\/2021\/03\/210218_WGK_Bearbeitet71-scaled.jpg 1696w, https:\/\/www.wir-im-nordquartier.de\/wp-content\/uploads\/2021\/03\/210218_WGK_Bearbeitet71-199x300.jpg 199w, https:\/\/www.wir-im-nordquartier.de\/wp-content\/uploads\/2021\/03\/210218_WGK_Bearbeitet71-678x1024.jpg 678w, https:\/\/www.wir-im-nordquartier.de\/wp-content\/uploads\/2021\/03\/210218_WGK_Bearbeitet71-768x1160.jpg 768w, https:\/\/www.wir-im-nordquartier.de\/wp-content\/uploads\/2021\/03\/210218_WGK_Bearbeitet71-1017x1536.jpg 1017w, https:\/\/www.wir-im-nordquartier.de\/wp-content\/uploads\/2021\/03\/210218_WGK_Bearbeitet71-1356x2048.jpg 1356w\" sizes=\"(max-width: 1696px) 100vw, 1696px\" \/>\t\t\t\t\t\t\t\t\t\t\t<figcaption class=\"widget-image-caption wp-caption-text\">Fotos: Heike Towae<\/figcaption>\n\t\t\t\t\t\t\t\t\t\t<\/figure>\n\t\t\t\t\t\t\t\t\t<\/div>\n\t\t\t\t<\/div>\n\t\t\t\t<div class=\"elementor-element elementor-element-82bfcd2 elementor-widget elementor-widget-image\" data-id=\"82bfcd2\" data-element_type=\"widget\" data-e-type=\"widget\" data-widget_type=\"image.default\">\n\t\t\t\t<div class=\"elementor-widget-container\">\n\t\t\t\t\t\t\t\t\t\t\t\t\t\t\t<img loading=\"lazy\" decoding=\"async\" width=\"2560\" height=\"2359\" src=\"https:\/\/www.wir-im-nordquartier.de\/wp-content\/uploads\/2021\/03\/210218_WGK_Bearbeitet88-scaled.jpg\" class=\"attachment-full size-full wp-image-406\" alt=\"\" srcset=\"https:\/\/www.wir-im-nordquartier.de\/wp-content\/uploads\/2021\/03\/210218_WGK_Bearbeitet88-scaled.jpg 2560w, https:\/\/www.wir-im-nordquartier.de\/wp-content\/uploads\/2021\/03\/210218_WGK_Bearbeitet88-300x276.jpg 300w, https:\/\/www.wir-im-nordquartier.de\/wp-content\/uploads\/2021\/03\/210218_WGK_Bearbeitet88-1024x943.jpg 1024w, https:\/\/www.wir-im-nordquartier.de\/wp-content\/uploads\/2021\/03\/210218_WGK_Bearbeitet88-768x708.jpg 768w, https:\/\/www.wir-im-nordquartier.de\/wp-content\/uploads\/2021\/03\/210218_WGK_Bearbeitet88-1536x1415.jpg 1536w, https:\/\/www.wir-im-nordquartier.de\/wp-content\/uploads\/2021\/03\/210218_WGK_Bearbeitet88-2048x1887.jpg 2048w\" sizes=\"(max-width: 2560px) 100vw, 2560px\" \/>\t\t\t\t\t\t\t\t\t\t\t\t\t\t\t<\/div>\n\t\t\t\t<\/div>\n\t\t\t\t\t<\/div>\n\t\t<\/div>\n\t\t\t\t\t<\/div>\n\t\t<\/section>\n\t\t\t\t<section class=\"elementor-section elementor-top-section elementor-element elementor-element-c0a0981 elementor-section-full_width elementor-section-height-default elementor-section-height-default\" data-id=\"c0a0981\" data-element_type=\"section\" data-e-type=\"section\" data-settings=\"{&quot;background_background&quot;:&quot;classic&quot;}\">\n\t\t\t\t\t\t<div class=\"elementor-container elementor-column-gap-default\">\n\t\t\t\t\t<div class=\"elementor-column elementor-col-33 elementor-top-column elementor-element elementor-element-0a7b6b7\" data-id=\"0a7b6b7\" data-element_type=\"column\" data-e-type=\"column\">\n\t\t\t<div class=\"elementor-widget-wrap\">\n\t\t\t\t\t\t\t<\/div>\n\t\t<\/div>\n\t\t\t\t<div class=\"elementor-column elementor-col-33 elementor-top-column elementor-element elementor-element-61f6035\" data-id=\"61f6035\" data-element_type=\"column\" data-e-type=\"column\">\n\t\t\t<div class=\"elementor-widget-wrap elementor-element-populated\">\n\t\t\t\t\t\t<div class=\"elementor-element elementor-element-c93df54 elementor-widget elementor-widget-heading\" data-id=\"c93df54\" data-element_type=\"widget\" data-e-type=\"widget\" data-widget_type=\"heading.default\">\n\t\t\t\t<div class=\"elementor-widget-container\">\n\t\t\t\t\t<h2 class=\"elementor-heading-title elementor-size-default\">Drittens: Mittendrin sein, dort wo die Menschen sind und sich wohlfu\u0308hlen!<\/h2>\t\t\t\t<\/div>\n\t\t\t\t<\/div>\n\t\t\t\t\t<\/div>\n\t\t<\/div>\n\t\t\t\t<div class=\"elementor-column elementor-col-33 elementor-top-column elementor-element elementor-element-bcbef02\" data-id=\"bcbef02\" data-element_type=\"column\" data-e-type=\"column\">\n\t\t\t<div class=\"elementor-widget-wrap\">\n\t\t\t\t\t\t\t<\/div>\n\t\t<\/div>\n\t\t\t\t\t<\/div>\n\t\t<\/section>\n\t\t\t\t<section class=\"elementor-section elementor-top-section elementor-element elementor-element-d31ef87 elementor-section-full_width elementor-reverse-tablet elementor-section-height-default elementor-section-height-default\" data-id=\"d31ef87\" data-element_type=\"section\" data-e-type=\"section\" data-settings=\"{&quot;background_background&quot;:&quot;classic&quot;}\">\n\t\t\t\t\t\t<div class=\"elementor-container elementor-column-gap-default\">\n\t\t\t\t\t<div class=\"elementor-column elementor-col-25 elementor-top-column elementor-element elementor-element-21ae8ad elementor-hidden-tablet\" data-id=\"21ae8ad\" data-element_type=\"column\" data-e-type=\"column\">\n\t\t\t<div class=\"elementor-widget-wrap elementor-element-populated\">\n\t\t\t\t\t\t<div class=\"elementor-element elementor-element-e14adbe elementor-widget elementor-widget-image\" data-id=\"e14adbe\" data-element_type=\"widget\" data-e-type=\"widget\" data-widget_type=\"image.default\">\n\t\t\t\t<div class=\"elementor-widget-container\">\n\t\t\t\t\t\t\t\t\t\t\t\t<figure class=\"wp-caption\">\n\t\t\t\t\t\t\t\t\t\t<img loading=\"lazy\" decoding=\"async\" width=\"678\" height=\"1024\" src=\"https:\/\/www.wir-im-nordquartier.de\/wp-content\/uploads\/2021\/03\/210218_WGK_Bearbeitet71-678x1024.jpg\" class=\"attachment-large size-large wp-image-407\" alt=\"\" srcset=\"https:\/\/www.wir-im-nordquartier.de\/wp-content\/uploads\/2021\/03\/210218_WGK_Bearbeitet71-678x1024.jpg 678w, https:\/\/www.wir-im-nordquartier.de\/wp-content\/uploads\/2021\/03\/210218_WGK_Bearbeitet71-199x300.jpg 199w, https:\/\/www.wir-im-nordquartier.de\/wp-content\/uploads\/2021\/03\/210218_WGK_Bearbeitet71-768x1160.jpg 768w, https:\/\/www.wir-im-nordquartier.de\/wp-content\/uploads\/2021\/03\/210218_WGK_Bearbeitet71-1017x1536.jpg 1017w, https:\/\/www.wir-im-nordquartier.de\/wp-content\/uploads\/2021\/03\/210218_WGK_Bearbeitet71-1356x2048.jpg 1356w, https:\/\/www.wir-im-nordquartier.de\/wp-content\/uploads\/2021\/03\/210218_WGK_Bearbeitet71-scaled.jpg 1696w\" sizes=\"(max-width: 678px) 100vw, 678px\" \/>\t\t\t\t\t\t\t\t\t\t\t<figcaption class=\"widget-image-caption wp-caption-text\">Fotos: Heike Towae<\/figcaption>\n\t\t\t\t\t\t\t\t\t\t<\/figure>\n\t\t\t\t\t\t\t\t\t<\/div>\n\t\t\t\t<\/div>\n\t\t\t\t\t<\/div>\n\t\t<\/div>\n\t\t\t\t<div class=\"elementor-column elementor-col-25 elementor-top-column elementor-element elementor-element-6eea433 elementor-hidden-tablet\" data-id=\"6eea433\" data-element_type=\"column\" data-e-type=\"column\">\n\t\t\t<div class=\"elementor-widget-wrap elementor-element-populated\">\n\t\t\t\t\t\t<div class=\"elementor-element elementor-element-7c74226 elementor-widget elementor-widget-image\" data-id=\"7c74226\" data-element_type=\"widget\" data-e-type=\"widget\" data-widget_type=\"image.default\">\n\t\t\t\t<div class=\"elementor-widget-container\">\n\t\t\t\t\t\t\t\t\t\t\t\t\t\t\t<img loading=\"lazy\" decoding=\"async\" width=\"1024\" height=\"943\" src=\"https:\/\/www.wir-im-nordquartier.de\/wp-content\/uploads\/2021\/03\/210218_WGK_Bearbeitet88-1024x943.jpg\" class=\"attachment-large size-large wp-image-406\" alt=\"\" srcset=\"https:\/\/www.wir-im-nordquartier.de\/wp-content\/uploads\/2021\/03\/210218_WGK_Bearbeitet88-1024x943.jpg 1024w, https:\/\/www.wir-im-nordquartier.de\/wp-content\/uploads\/2021\/03\/210218_WGK_Bearbeitet88-300x276.jpg 300w, https:\/\/www.wir-im-nordquartier.de\/wp-content\/uploads\/2021\/03\/210218_WGK_Bearbeitet88-768x708.jpg 768w, https:\/\/www.wir-im-nordquartier.de\/wp-content\/uploads\/2021\/03\/210218_WGK_Bearbeitet88-1536x1415.jpg 1536w, https:\/\/www.wir-im-nordquartier.de\/wp-content\/uploads\/2021\/03\/210218_WGK_Bearbeitet88-2048x1887.jpg 2048w\" sizes=\"(max-width: 1024px) 100vw, 1024px\" \/>\t\t\t\t\t\t\t\t\t\t\t\t\t\t\t<\/div>\n\t\t\t\t<\/div>\n\t\t\t\t\t<\/div>\n\t\t<\/div>\n\t\t\t\t<div class=\"elementor-column elementor-col-25 elementor-top-column elementor-element elementor-element-95c86b0\" data-id=\"95c86b0\" data-element_type=\"column\" data-e-type=\"column\">\n\t\t\t<div class=\"elementor-widget-wrap elementor-element-populated\">\n\t\t\t\t\t\t<div class=\"elementor-element elementor-element-7f005b2 elementor-widget elementor-widget-text-editor\" data-id=\"7f005b2\" data-element_type=\"widget\" data-e-type=\"widget\" data-widget_type=\"text-editor.default\">\n\t\t\t\t<div class=\"elementor-widget-container\">\n\t\t\t\t\t\t\t\t\t<div class=\"page\" title=\"Page 1\"><div class=\"section\"><div class=\"layoutArea\"><div class=\"column\"><div class=\"page\" title=\"Page 1\"><div class=\"section\"><div class=\"layoutArea\"><div class=\"column\"><p>U\u0308blicherweise finden Kochkurse in Schulku\u0308chen oder geschlossenen Ra\u0308umen statt. Fu\u0308r unser gemeinwesenorientiertes Projekt sind die Stra\u00dfen, Parks und o\u0308ffentlichen Pla\u0308tze Dreh- und Angelpunkt, eben dort, wo sich unsere Nachbarinnen und Nachbarn tagta\u0308glich aufhalten. Mit unserem Kochrad schaffen wir ein niederschwelliges Angebot, das sich an die gesamte Bewohnerschaft richtet. Unser Ku\u0308chenmobil ist bewusst nicht an eine Ma\u00dfnahme der Sozialpolitik gebunden &#8211; sondern wir erga\u0308nzen die Daseinsvorsorge. Frei nach dem Motto: Von Nachbarn &#8211; fu\u0308r Nachbarn!<\/p><\/div><\/div><\/div><\/div><\/div><\/div><\/div><\/div>\t\t\t\t\t\t\t\t<\/div>\n\t\t\t\t<\/div>\n\t\t\t\t\t<\/div>\n\t\t<\/div>\n\t\t\t\t<div class=\"elementor-column elementor-col-25 elementor-top-column elementor-element elementor-element-2d8e3d8\" data-id=\"2d8e3d8\" data-element_type=\"column\" data-e-type=\"column\">\n\t\t\t<div class=\"elementor-widget-wrap\">\n\t\t\t\t\t\t\t<\/div>\n\t\t<\/div>\n\t\t\t\t\t<\/div>\n\t\t<\/section>\n\t\t\t\t<section class=\"elementor-section elementor-top-section elementor-element elementor-element-2fe5964 elementor-section-full_width elementor-section-height-default elementor-section-height-default\" data-id=\"2fe5964\" data-element_type=\"section\" data-e-type=\"section\" data-settings=\"{&quot;background_background&quot;:&quot;classic&quot;}\">\n\t\t\t\t\t\t<div class=\"elementor-container elementor-column-gap-default\">\n\t\t\t\t\t<div class=\"elementor-column elementor-col-33 elementor-top-column elementor-element elementor-element-ed9c5ab\" data-id=\"ed9c5ab\" data-element_type=\"column\" data-e-type=\"column\">\n\t\t\t<div class=\"elementor-widget-wrap\">\n\t\t\t\t\t\t\t<\/div>\n\t\t<\/div>\n\t\t\t\t<div class=\"elementor-column elementor-col-33 elementor-top-column elementor-element elementor-element-34dd9be\" data-id=\"34dd9be\" data-element_type=\"column\" data-e-type=\"column\">\n\t\t\t<div class=\"elementor-widget-wrap elementor-element-populated\">\n\t\t\t\t\t\t<div class=\"elementor-element elementor-element-c6c6e23 elementor-widget elementor-widget-heading\" data-id=\"c6c6e23\" data-element_type=\"widget\" data-e-type=\"widget\" data-widget_type=\"heading.default\">\n\t\t\t\t<div class=\"elementor-widget-container\">\n\t\t\t\t\t<h2 class=\"elementor-heading-title elementor-size-default\">\u201eWir drehen den Spie\u00df um, denn wir machen Quartiersentwicklung von unten. Wir haben den Blick der BewohnerInnen. Wir setzen uns ein fu\u0308r ein lebenswertes Mu\u0308lheim-Nord!\u201c<\/h2>\t\t\t\t<\/div>\n\t\t\t\t<\/div>\n\t\t\t\t\t<\/div>\n\t\t<\/div>\n\t\t\t\t<div class=\"elementor-column elementor-col-33 elementor-top-column elementor-element elementor-element-80f41ee\" data-id=\"80f41ee\" data-element_type=\"column\" data-e-type=\"column\">\n\t\t\t<div class=\"elementor-widget-wrap\">\n\t\t\t\t\t\t\t<\/div>\n\t\t<\/div>\n\t\t\t\t\t<\/div>\n\t\t<\/section>\n\t\t\t\t<section class=\"elementor-section elementor-top-section elementor-element elementor-element-dc543c4 elementor-section-full_width elementor-section-height-default elementor-section-height-default\" data-id=\"dc543c4\" data-element_type=\"section\" data-e-type=\"section\" data-settings=\"{&quot;background_background&quot;:&quot;classic&quot;}\">\n\t\t\t\t\t\t<div class=\"elementor-container elementor-column-gap-default\">\n\t\t\t\t\t<div class=\"elementor-column elementor-col-100 elementor-top-column elementor-element elementor-element-3762a0e\" data-id=\"3762a0e\" data-element_type=\"column\" data-e-type=\"column\">\n\t\t\t<div class=\"elementor-widget-wrap elementor-element-populated\">\n\t\t\t\t\t\t<div class=\"elementor-element elementor-element-339933b elementor-widget elementor-widget-image\" data-id=\"339933b\" data-element_type=\"widget\" data-e-type=\"widget\" data-widget_type=\"image.default\">\n\t\t\t\t<div class=\"elementor-widget-container\">\n\t\t\t\t\t\t\t\t\t\t\t\t\t\t\t<img loading=\"lazy\" decoding=\"async\" width=\"245\" height=\"227\" src=\"https:\/\/www.wir-im-nordquartier.de\/wp-content\/uploads\/2021\/03\/WGK_Nachbarinnen-02.png\" class=\"attachment-full size-full wp-image-562\" alt=\"\" \/>\t\t\t\t\t\t\t\t\t\t\t\t\t\t\t<\/div>\n\t\t\t\t<\/div>\n\t\t\t\t\t<\/div>\n\t\t<\/div>\n\t\t\t\t\t<\/div>\n\t\t<\/section>\n\t\t\t\t<section class=\"elementor-section elementor-top-section elementor-element elementor-element-63475a8 elementor-section-boxed elementor-section-height-default elementor-section-height-default\" data-id=\"63475a8\" data-element_type=\"section\" data-e-type=\"section\" id=\"Ziele\" data-settings=\"{&quot;background_background&quot;:&quot;classic&quot;}\">\n\t\t\t\t\t\t<div class=\"elementor-container elementor-column-gap-default\">\n\t\t\t\t\t<div class=\"elementor-column elementor-col-33 elementor-top-column elementor-element elementor-element-82406a1\" data-id=\"82406a1\" data-element_type=\"column\" data-e-type=\"column\">\n\t\t\t<div class=\"elementor-widget-wrap\">\n\t\t\t\t\t\t\t<\/div>\n\t\t<\/div>\n\t\t\t\t<div class=\"elementor-column elementor-col-33 elementor-top-column elementor-element elementor-element-5b2acd3\" data-id=\"5b2acd3\" data-element_type=\"column\" data-e-type=\"column\">\n\t\t\t<div class=\"elementor-widget-wrap elementor-element-populated\">\n\t\t\t\t\t\t<div class=\"elementor-element elementor-element-fc58e98 gallery-spacing-custom elementor-widget elementor-widget-image-gallery\" data-id=\"fc58e98\" data-element_type=\"widget\" data-e-type=\"widget\" data-widget_type=\"image-gallery.default\">\n\t\t\t\t<div class=\"elementor-widget-container\">\n\t\t\t\t\t\t\t<div class=\"elementor-image-gallery\">\n\t\t\t<div id='gallery-1' class='gallery galleryid-5 gallery-columns-3 gallery-size-medium'><figure class='gallery-item'>\n\t\t\t<div class='gallery-icon landscape'>\n\t\t\t\t<a data-elementor-open-lightbox=\"yes\" data-elementor-lightbox-slideshow=\"fc58e98\" data-elementor-lightbox-title=\"WGK_Instagram_Sprechblase_Template-01\" data-e-action-hash=\"#elementor-action%3Aaction%3Dlightbox%26settings%3DeyJpZCI6NDcxLCJ1cmwiOiJodHRwczpcL1wvd3d3Lndpci1pbS1ub3JkcXVhcnRpZXIuZGVcL3dwLWNvbnRlbnRcL3VwbG9hZHNcLzIwMjFcLzAzXC9XR0tfSW5zdGFncmFtX1NwcmVjaGJsYXNlX1RlbXBsYXRlLTAxLmpwZyIsInNsaWRlc2hvdyI6ImZjNThlOTgifQ%3D%3D\" href='https:\/\/www.wir-im-nordquartier.de\/wp-content\/uploads\/2021\/03\/WGK_Instagram_Sprechblase_Template-01.jpg'><img loading=\"lazy\" decoding=\"async\" width=\"300\" height=\"289\" src=\"https:\/\/www.wir-im-nordquartier.de\/wp-content\/uploads\/2021\/03\/WGK_Instagram_Sprechblase_Template-01-300x289.jpg\" class=\"attachment-medium size-medium\" alt=\"\" srcset=\"https:\/\/www.wir-im-nordquartier.de\/wp-content\/uploads\/2021\/03\/WGK_Instagram_Sprechblase_Template-01-300x289.jpg 300w, https:\/\/www.wir-im-nordquartier.de\/wp-content\/uploads\/2021\/03\/WGK_Instagram_Sprechblase_Template-01.jpg 625w\" sizes=\"(max-width: 300px) 100vw, 300px\" \/><\/a>\n\t\t\t<\/div><\/figure><figure class='gallery-item'>\n\t\t\t<div class='gallery-icon landscape'>\n\t\t\t\t<a data-elementor-open-lightbox=\"yes\" data-elementor-lightbox-slideshow=\"fc58e98\" data-elementor-lightbox-title=\"WGK_Instagram_Sprechblase_Ziele-01-01-02\" data-e-action-hash=\"#elementor-action%3Aaction%3Dlightbox%26settings%3DeyJpZCI6NDcyLCJ1cmwiOiJodHRwczpcL1wvd3d3Lndpci1pbS1ub3JkcXVhcnRpZXIuZGVcL3dwLWNvbnRlbnRcL3VwbG9hZHNcLzIwMjFcLzAzXC9XR0tfSW5zdGFncmFtX1NwcmVjaGJsYXNlX1ppZWxlLTAxLTAxLTAyLmpwZyIsInNsaWRlc2hvdyI6ImZjNThlOTgifQ%3D%3D\" href='https:\/\/www.wir-im-nordquartier.de\/wp-content\/uploads\/2021\/03\/WGK_Instagram_Sprechblase_Ziele-01-01-02.jpg'><img loading=\"lazy\" decoding=\"async\" width=\"300\" height=\"300\" src=\"https:\/\/www.wir-im-nordquartier.de\/wp-content\/uploads\/2021\/03\/WGK_Instagram_Sprechblase_Ziele-01-01-02-300x300.jpg\" class=\"attachment-medium size-medium\" alt=\"\" srcset=\"https:\/\/www.wir-im-nordquartier.de\/wp-content\/uploads\/2021\/03\/WGK_Instagram_Sprechblase_Ziele-01-01-02-300x300.jpg 300w, https:\/\/www.wir-im-nordquartier.de\/wp-content\/uploads\/2021\/03\/WGK_Instagram_Sprechblase_Ziele-01-01-02-150x150.jpg 150w, https:\/\/www.wir-im-nordquartier.de\/wp-content\/uploads\/2021\/03\/WGK_Instagram_Sprechblase_Ziele-01-01-02.jpg 625w\" sizes=\"(max-width: 300px) 100vw, 300px\" \/><\/a>\n\t\t\t<\/div><\/figure><figure class='gallery-item'>\n\t\t\t<div class='gallery-icon landscape'>\n\t\t\t\t<a data-elementor-open-lightbox=\"yes\" data-elementor-lightbox-slideshow=\"fc58e98\" data-elementor-lightbox-title=\"WGK_Instagram_Sprechblase_Ziele-01-01-03\" data-e-action-hash=\"#elementor-action%3Aaction%3Dlightbox%26settings%3DeyJpZCI6NDczLCJ1cmwiOiJodHRwczpcL1wvd3d3Lndpci1pbS1ub3JkcXVhcnRpZXIuZGVcL3dwLWNvbnRlbnRcL3VwbG9hZHNcLzIwMjFcLzAzXC9XR0tfSW5zdGFncmFtX1NwcmVjaGJsYXNlX1ppZWxlLTAxLTAxLTAzLmpwZyIsInNsaWRlc2hvdyI6ImZjNThlOTgifQ%3D%3D\" href='https:\/\/www.wir-im-nordquartier.de\/wp-content\/uploads\/2021\/03\/WGK_Instagram_Sprechblase_Ziele-01-01-03.jpg'><img loading=\"lazy\" decoding=\"async\" width=\"300\" height=\"300\" src=\"https:\/\/www.wir-im-nordquartier.de\/wp-content\/uploads\/2021\/03\/WGK_Instagram_Sprechblase_Ziele-01-01-03-300x300.jpg\" class=\"attachment-medium size-medium\" alt=\"\" srcset=\"https:\/\/www.wir-im-nordquartier.de\/wp-content\/uploads\/2021\/03\/WGK_Instagram_Sprechblase_Ziele-01-01-03-300x300.jpg 300w, https:\/\/www.wir-im-nordquartier.de\/wp-content\/uploads\/2021\/03\/WGK_Instagram_Sprechblase_Ziele-01-01-03-150x150.jpg 150w, https:\/\/www.wir-im-nordquartier.de\/wp-content\/uploads\/2021\/03\/WGK_Instagram_Sprechblase_Ziele-01-01-03.jpg 625w\" sizes=\"(max-width: 300px) 100vw, 300px\" \/><\/a>\n\t\t\t<\/div><\/figure><figure class='gallery-item'>\n\t\t\t<div class='gallery-icon landscape'>\n\t\t\t\t<a data-elementor-open-lightbox=\"yes\" data-elementor-lightbox-slideshow=\"fc58e98\" data-elementor-lightbox-title=\"WGK_Instagram_Sprechblase_Ziele-01-01-04\" data-e-action-hash=\"#elementor-action%3Aaction%3Dlightbox%26settings%3DeyJpZCI6NDc0LCJ1cmwiOiJodHRwczpcL1wvd3d3Lndpci1pbS1ub3JkcXVhcnRpZXIuZGVcL3dwLWNvbnRlbnRcL3VwbG9hZHNcLzIwMjFcLzAzXC9XR0tfSW5zdGFncmFtX1NwcmVjaGJsYXNlX1ppZWxlLTAxLTAxLTA0LmpwZyIsInNsaWRlc2hvdyI6ImZjNThlOTgifQ%3D%3D\" href='https:\/\/www.wir-im-nordquartier.de\/wp-content\/uploads\/2021\/03\/WGK_Instagram_Sprechblase_Ziele-01-01-04.jpg'><img loading=\"lazy\" decoding=\"async\" width=\"300\" height=\"300\" src=\"https:\/\/www.wir-im-nordquartier.de\/wp-content\/uploads\/2021\/03\/WGK_Instagram_Sprechblase_Ziele-01-01-04-300x300.jpg\" class=\"attachment-medium size-medium\" alt=\"\" srcset=\"https:\/\/www.wir-im-nordquartier.de\/wp-content\/uploads\/2021\/03\/WGK_Instagram_Sprechblase_Ziele-01-01-04-300x300.jpg 300w, https:\/\/www.wir-im-nordquartier.de\/wp-content\/uploads\/2021\/03\/WGK_Instagram_Sprechblase_Ziele-01-01-04-150x150.jpg 150w, https:\/\/www.wir-im-nordquartier.de\/wp-content\/uploads\/2021\/03\/WGK_Instagram_Sprechblase_Ziele-01-01-04.jpg 625w\" sizes=\"(max-width: 300px) 100vw, 300px\" \/><\/a>\n\t\t\t<\/div><\/figure><figure class='gallery-item'>\n\t\t\t<div class='gallery-icon landscape'>\n\t\t\t\t<a data-elementor-open-lightbox=\"yes\" data-elementor-lightbox-slideshow=\"fc58e98\" data-elementor-lightbox-title=\"WGK_Instagram_Sprechblase_Ziele-01-01-05\" data-e-action-hash=\"#elementor-action%3Aaction%3Dlightbox%26settings%3DeyJpZCI6NDc1LCJ1cmwiOiJodHRwczpcL1wvd3d3Lndpci1pbS1ub3JkcXVhcnRpZXIuZGVcL3dwLWNvbnRlbnRcL3VwbG9hZHNcLzIwMjFcLzAzXC9XR0tfSW5zdGFncmFtX1NwcmVjaGJsYXNlX1ppZWxlLTAxLTAxLTA1LmpwZyIsInNsaWRlc2hvdyI6ImZjNThlOTgifQ%3D%3D\" href='https:\/\/www.wir-im-nordquartier.de\/wp-content\/uploads\/2021\/03\/WGK_Instagram_Sprechblase_Ziele-01-01-05.jpg'><img loading=\"lazy\" decoding=\"async\" width=\"300\" height=\"300\" src=\"https:\/\/www.wir-im-nordquartier.de\/wp-content\/uploads\/2021\/03\/WGK_Instagram_Sprechblase_Ziele-01-01-05-300x300.jpg\" class=\"attachment-medium size-medium\" alt=\"\" srcset=\"https:\/\/www.wir-im-nordquartier.de\/wp-content\/uploads\/2021\/03\/WGK_Instagram_Sprechblase_Ziele-01-01-05-300x300.jpg 300w, https:\/\/www.wir-im-nordquartier.de\/wp-content\/uploads\/2021\/03\/WGK_Instagram_Sprechblase_Ziele-01-01-05-150x150.jpg 150w, https:\/\/www.wir-im-nordquartier.de\/wp-content\/uploads\/2021\/03\/WGK_Instagram_Sprechblase_Ziele-01-01-05.jpg 625w\" sizes=\"(max-width: 300px) 100vw, 300px\" \/><\/a>\n\t\t\t<\/div><\/figure><figure class='gallery-item'>\n\t\t\t<div class='gallery-icon landscape'>\n\t\t\t\t<a data-elementor-open-lightbox=\"yes\" data-elementor-lightbox-slideshow=\"fc58e98\" data-elementor-lightbox-title=\"WGK_Instagram_Sprechblase_Ziele-01-01-06\" data-e-action-hash=\"#elementor-action%3Aaction%3Dlightbox%26settings%3DeyJpZCI6NDc2LCJ1cmwiOiJodHRwczpcL1wvd3d3Lndpci1pbS1ub3JkcXVhcnRpZXIuZGVcL3dwLWNvbnRlbnRcL3VwbG9hZHNcLzIwMjFcLzAzXC9XR0tfSW5zdGFncmFtX1NwcmVjaGJsYXNlX1ppZWxlLTAxLTAxLTA2LmpwZyIsInNsaWRlc2hvdyI6ImZjNThlOTgifQ%3D%3D\" href='https:\/\/www.wir-im-nordquartier.de\/wp-content\/uploads\/2021\/03\/WGK_Instagram_Sprechblase_Ziele-01-01-06.jpg'><img loading=\"lazy\" decoding=\"async\" width=\"300\" height=\"300\" src=\"https:\/\/www.wir-im-nordquartier.de\/wp-content\/uploads\/2021\/03\/WGK_Instagram_Sprechblase_Ziele-01-01-06-300x300.jpg\" class=\"attachment-medium size-medium\" alt=\"\" srcset=\"https:\/\/www.wir-im-nordquartier.de\/wp-content\/uploads\/2021\/03\/WGK_Instagram_Sprechblase_Ziele-01-01-06-300x300.jpg 300w, https:\/\/www.wir-im-nordquartier.de\/wp-content\/uploads\/2021\/03\/WGK_Instagram_Sprechblase_Ziele-01-01-06-150x150.jpg 150w, https:\/\/www.wir-im-nordquartier.de\/wp-content\/uploads\/2021\/03\/WGK_Instagram_Sprechblase_Ziele-01-01-06.jpg 625w\" sizes=\"(max-width: 300px) 100vw, 300px\" \/><\/a>\n\t\t\t<\/div><\/figure><figure class='gallery-item'>\n\t\t\t<div class='gallery-icon landscape'>\n\t\t\t\t<a data-elementor-open-lightbox=\"yes\" data-elementor-lightbox-slideshow=\"fc58e98\" data-elementor-lightbox-title=\"WGK_Instagram_Sprechblase_Ziele-01-01-07\" data-e-action-hash=\"#elementor-action%3Aaction%3Dlightbox%26settings%3DeyJpZCI6NDc3LCJ1cmwiOiJodHRwczpcL1wvd3d3Lndpci1pbS1ub3JkcXVhcnRpZXIuZGVcL3dwLWNvbnRlbnRcL3VwbG9hZHNcLzIwMjFcLzAzXC9XR0tfSW5zdGFncmFtX1NwcmVjaGJsYXNlX1ppZWxlLTAxLTAxLTA3LmpwZyIsInNsaWRlc2hvdyI6ImZjNThlOTgifQ%3D%3D\" href='https:\/\/www.wir-im-nordquartier.de\/wp-content\/uploads\/2021\/03\/WGK_Instagram_Sprechblase_Ziele-01-01-07.jpg'><img loading=\"lazy\" decoding=\"async\" width=\"300\" height=\"300\" src=\"https:\/\/www.wir-im-nordquartier.de\/wp-content\/uploads\/2021\/03\/WGK_Instagram_Sprechblase_Ziele-01-01-07-300x300.jpg\" class=\"attachment-medium size-medium\" alt=\"\" srcset=\"https:\/\/www.wir-im-nordquartier.de\/wp-content\/uploads\/2021\/03\/WGK_Instagram_Sprechblase_Ziele-01-01-07-300x300.jpg 300w, https:\/\/www.wir-im-nordquartier.de\/wp-content\/uploads\/2021\/03\/WGK_Instagram_Sprechblase_Ziele-01-01-07-150x150.jpg 150w, https:\/\/www.wir-im-nordquartier.de\/wp-content\/uploads\/2021\/03\/WGK_Instagram_Sprechblase_Ziele-01-01-07.jpg 625w\" sizes=\"(max-width: 300px) 100vw, 300px\" \/><\/a>\n\t\t\t<\/div><\/figure><figure class='gallery-item'>\n\t\t\t<div class='gallery-icon landscape'>\n\t\t\t\t<a data-elementor-open-lightbox=\"yes\" data-elementor-lightbox-slideshow=\"fc58e98\" data-elementor-lightbox-title=\"WGK_Instagram_Sprechblase_Ziele-01-01-08\" data-e-action-hash=\"#elementor-action%3Aaction%3Dlightbox%26settings%3DeyJpZCI6NDc4LCJ1cmwiOiJodHRwczpcL1wvd3d3Lndpci1pbS1ub3JkcXVhcnRpZXIuZGVcL3dwLWNvbnRlbnRcL3VwbG9hZHNcLzIwMjFcLzAzXC9XR0tfSW5zdGFncmFtX1NwcmVjaGJsYXNlX1ppZWxlLTAxLTAxLTA4LmpwZyIsInNsaWRlc2hvdyI6ImZjNThlOTgifQ%3D%3D\" href='https:\/\/www.wir-im-nordquartier.de\/wp-content\/uploads\/2021\/03\/WGK_Instagram_Sprechblase_Ziele-01-01-08.jpg'><img loading=\"lazy\" decoding=\"async\" width=\"300\" height=\"300\" src=\"https:\/\/www.wir-im-nordquartier.de\/wp-content\/uploads\/2021\/03\/WGK_Instagram_Sprechblase_Ziele-01-01-08-300x300.jpg\" class=\"attachment-medium size-medium\" alt=\"\" srcset=\"https:\/\/www.wir-im-nordquartier.de\/wp-content\/uploads\/2021\/03\/WGK_Instagram_Sprechblase_Ziele-01-01-08-300x300.jpg 300w, https:\/\/www.wir-im-nordquartier.de\/wp-content\/uploads\/2021\/03\/WGK_Instagram_Sprechblase_Ziele-01-01-08-150x150.jpg 150w, https:\/\/www.wir-im-nordquartier.de\/wp-content\/uploads\/2021\/03\/WGK_Instagram_Sprechblase_Ziele-01-01-08.jpg 625w\" sizes=\"(max-width: 300px) 100vw, 300px\" \/><\/a>\n\t\t\t<\/div><\/figure><figure class='gallery-item'>\n\t\t\t<div class='gallery-icon landscape'>\n\t\t\t\t<a data-elementor-open-lightbox=\"yes\" data-elementor-lightbox-slideshow=\"fc58e98\" data-elementor-lightbox-title=\"WGK_Instagram_Sprechblase_Ziele-01-01-09\" data-e-action-hash=\"#elementor-action%3Aaction%3Dlightbox%26settings%3DeyJpZCI6NDc5LCJ1cmwiOiJodHRwczpcL1wvd3d3Lndpci1pbS1ub3JkcXVhcnRpZXIuZGVcL3dwLWNvbnRlbnRcL3VwbG9hZHNcLzIwMjFcLzAzXC9XR0tfSW5zdGFncmFtX1NwcmVjaGJsYXNlX1ppZWxlLTAxLTAxLTA5LmpwZyIsInNsaWRlc2hvdyI6ImZjNThlOTgifQ%3D%3D\" href='https:\/\/www.wir-im-nordquartier.de\/wp-content\/uploads\/2021\/03\/WGK_Instagram_Sprechblase_Ziele-01-01-09.jpg'><img loading=\"lazy\" decoding=\"async\" width=\"300\" height=\"300\" src=\"https:\/\/www.wir-im-nordquartier.de\/wp-content\/uploads\/2021\/03\/WGK_Instagram_Sprechblase_Ziele-01-01-09-300x300.jpg\" class=\"attachment-medium size-medium\" alt=\"\" srcset=\"https:\/\/www.wir-im-nordquartier.de\/wp-content\/uploads\/2021\/03\/WGK_Instagram_Sprechblase_Ziele-01-01-09-300x300.jpg 300w, https:\/\/www.wir-im-nordquartier.de\/wp-content\/uploads\/2021\/03\/WGK_Instagram_Sprechblase_Ziele-01-01-09-150x150.jpg 150w, https:\/\/www.wir-im-nordquartier.de\/wp-content\/uploads\/2021\/03\/WGK_Instagram_Sprechblase_Ziele-01-01-09.jpg 625w\" sizes=\"(max-width: 300px) 100vw, 300px\" \/><\/a>\n\t\t\t<\/div><\/figure>\n\t\t<\/div>\n\t\t<\/div>\n\t\t\t\t\t\t<\/div>\n\t\t\t\t<\/div>\n\t\t\t\t\t<\/div>\n\t\t<\/div>\n\t\t\t\t<div class=\"elementor-column elementor-col-33 elementor-top-column elementor-element elementor-element-af5c8c6\" data-id=\"af5c8c6\" data-element_type=\"column\" data-e-type=\"column\">\n\t\t\t<div class=\"elementor-widget-wrap\">\n\t\t\t\t\t\t\t<\/div>\n\t\t<\/div>\n\t\t\t\t\t<\/div>\n\t\t<\/section>\n\t\t\t\t<section class=\"elementor-section elementor-top-section elementor-element elementor-element-22cee48 elementor-section-boxed elementor-section-height-default elementor-section-height-default\" data-id=\"22cee48\" data-element_type=\"section\" data-e-type=\"section\" data-settings=\"{&quot;background_background&quot;:&quot;classic&quot;}\">\n\t\t\t\t\t\t<div class=\"elementor-container elementor-column-gap-default\">\n\t\t\t\t\t<div class=\"elementor-column elementor-col-100 elementor-top-column elementor-element elementor-element-3a9c6b4 elementor-hidden-desktop elementor-hidden-phone\" data-id=\"3a9c6b4\" data-element_type=\"column\" data-e-type=\"column\">\n\t\t\t<div class=\"elementor-widget-wrap elementor-element-populated\">\n\t\t\t\t\t\t<div class=\"elementor-element elementor-element-a8f64d0 elementor-widget elementor-widget-image\" data-id=\"a8f64d0\" data-element_type=\"widget\" data-e-type=\"widget\" data-widget_type=\"image.default\">\n\t\t\t\t<div class=\"elementor-widget-container\">\n\t\t\t\t\t\t\t\t\t\t\t\t\t\t\t<img loading=\"lazy\" decoding=\"async\" width=\"300\" height=\"289\" src=\"https:\/\/www.wir-im-nordquartier.de\/wp-content\/uploads\/2021\/03\/WGK_Instagram_Sprechblase_wer-01-300x289.png\" class=\"attachment-medium size-medium wp-image-482\" alt=\"\" srcset=\"https:\/\/www.wir-im-nordquartier.de\/wp-content\/uploads\/2021\/03\/WGK_Instagram_Sprechblase_wer-01-300x289.png 300w, https:\/\/www.wir-im-nordquartier.de\/wp-content\/uploads\/2021\/03\/WGK_Instagram_Sprechblase_wer-01.png 625w\" sizes=\"(max-width: 300px) 100vw, 300px\" \/>\t\t\t\t\t\t\t\t\t\t\t\t\t\t\t<\/div>\n\t\t\t\t<\/div>\n\t\t\t\t\t<\/div>\n\t\t<\/div>\n\t\t\t\t\t<\/div>\n\t\t<\/section>\n\t\t\t\t<section class=\"elementor-section elementor-top-section elementor-element elementor-element-baa8383 elementor-section-boxed elementor-section-height-default elementor-section-height-default\" data-id=\"baa8383\" data-element_type=\"section\" data-e-type=\"section\" data-settings=\"{&quot;background_background&quot;:&quot;classic&quot;}\">\n\t\t\t\t\t\t<div class=\"elementor-container elementor-column-gap-default\">\n\t\t\t\t\t<div class=\"elementor-column elementor-col-100 elementor-top-column elementor-element elementor-element-b2a00d8\" data-id=\"b2a00d8\" data-element_type=\"column\" data-e-type=\"column\">\n\t\t\t<div class=\"elementor-widget-wrap elementor-element-populated\">\n\t\t\t\t\t\t<div class=\"elementor-element elementor-element-d8e6d24 elementor-widget elementor-widget-image\" data-id=\"d8e6d24\" data-element_type=\"widget\" data-e-type=\"widget\" data-widget_type=\"image.default\">\n\t\t\t\t<div class=\"elementor-widget-container\">\n\t\t\t\t\t\t\t\t\t\t\t\t<figure class=\"wp-caption\">\n\t\t\t\t\t\t\t\t\t\t<img loading=\"lazy\" decoding=\"async\" width=\"1024\" height=\"768\" src=\"https:\/\/www.wir-im-nordquartier.de\/wp-content\/uploads\/2023\/02\/IMG_3071-1024x768.jpg\" class=\"attachment-large size-large wp-image-804\" alt=\"\" srcset=\"https:\/\/www.wir-im-nordquartier.de\/wp-content\/uploads\/2023\/02\/IMG_3071-1024x768.jpg 1024w, https:\/\/www.wir-im-nordquartier.de\/wp-content\/uploads\/2023\/02\/IMG_3071-300x225.jpg 300w, https:\/\/www.wir-im-nordquartier.de\/wp-content\/uploads\/2023\/02\/IMG_3071-768x576.jpg 768w, https:\/\/www.wir-im-nordquartier.de\/wp-content\/uploads\/2023\/02\/IMG_3071-1536x1152.jpg 1536w, https:\/\/www.wir-im-nordquartier.de\/wp-content\/uploads\/2023\/02\/IMG_3071-2048x1536.jpg 2048w\" sizes=\"(max-width: 1024px) 100vw, 1024px\" \/>\t\t\t\t\t\t\t\t\t\t\t<figcaption class=\"widget-image-caption wp-caption-text\">Foto: Vereinsfr\u00fchst\u00fcck im Caf\u00e9 Vreiheit<\/figcaption>\n\t\t\t\t\t\t\t\t\t\t<\/figure>\n\t\t\t\t\t\t\t\t\t<\/div>\n\t\t\t\t<\/div>\n\t\t\t\t\t<\/div>\n\t\t<\/div>\n\t\t\t\t\t<\/div>\n\t\t<\/section>\n\t\t\t\t<section class=\"elementor-section elementor-top-section elementor-element elementor-element-ddabbf1 elementor-section-boxed elementor-section-height-default elementor-section-height-default\" data-id=\"ddabbf1\" data-element_type=\"section\" data-e-type=\"section\" data-settings=\"{&quot;background_background&quot;:&quot;classic&quot;}\">\n\t\t\t\t\t\t<div class=\"elementor-container elementor-column-gap-default\">\n\t\t\t\t\t<div class=\"elementor-column elementor-col-33 elementor-top-column elementor-element elementor-element-bd03a62\" data-id=\"bd03a62\" data-element_type=\"column\" data-e-type=\"column\">\n\t\t\t<div class=\"elementor-widget-wrap elementor-element-populated\">\n\t\t\t\t\t\t<div class=\"elementor-element elementor-element-ec5119f elementor-hidden-tablet elementor-hidden-phone elementor-widget elementor-widget-image\" data-id=\"ec5119f\" data-element_type=\"widget\" data-e-type=\"widget\" data-widget_type=\"image.default\">\n\t\t\t\t<div class=\"elementor-widget-container\">\n\t\t\t\t\t\t\t\t\t\t\t\t\t\t\t<img loading=\"lazy\" decoding=\"async\" width=\"300\" height=\"289\" src=\"https:\/\/www.wir-im-nordquartier.de\/wp-content\/uploads\/2021\/03\/WGK_Instagram_Sprechblase_wer-01-300x289.png\" class=\"attachment-medium size-medium wp-image-482\" alt=\"\" srcset=\"https:\/\/www.wir-im-nordquartier.de\/wp-content\/uploads\/2021\/03\/WGK_Instagram_Sprechblase_wer-01-300x289.png 300w, https:\/\/www.wir-im-nordquartier.de\/wp-content\/uploads\/2021\/03\/WGK_Instagram_Sprechblase_wer-01.png 625w\" sizes=\"(max-width: 300px) 100vw, 300px\" \/>\t\t\t\t\t\t\t\t\t\t\t\t\t\t\t<\/div>\n\t\t\t\t<\/div>\n\t\t\t\t\t<\/div>\n\t\t<\/div>\n\t\t\t\t<div class=\"elementor-column elementor-col-33 elementor-top-column elementor-element elementor-element-e9aec92\" data-id=\"e9aec92\" data-element_type=\"column\" data-e-type=\"column\">\n\t\t\t<div class=\"elementor-widget-wrap elementor-element-populated\">\n\t\t\t\t\t\t<div class=\"elementor-element elementor-element-02cf07c elementor-widget elementor-widget-text-editor\" data-id=\"02cf07c\" data-element_type=\"widget\" data-e-type=\"widget\" data-widget_type=\"text-editor.default\">\n\t\t\t\t<div class=\"elementor-widget-container\">\n\t\t\t\t\t\t\t\t\t<div class=\"page\" title=\"Page 1\"><div class=\"section\"><div class=\"layoutArea\"><div class=\"column\"><p>Mit M\u00fclheimer Anwohner*innen verwirklichen wir unsere Vereinsarbeit. Angefangen haben die drei Vereinsgr\u00fcnderinnen Gabi, Cora und Julia als Nachbarinnen. Heute z\u00e4hlen wir eine Vielzahl an Mitgliedern und Verb\u00fcndeten, dank ihnen wir tolle Aktionen im Veedel umsetzen k\u00f6nnen. Wir sind offen f\u00fcr Ideen und Kooperationen &#8211; schreibt uns an, wenn Ihr Interesse habt!<\/p><\/div><\/div><\/div><\/div>\t\t\t\t\t\t\t\t<\/div>\n\t\t\t\t<\/div>\n\t\t\t\t\t<\/div>\n\t\t<\/div>\n\t\t\t\t<div class=\"elementor-column elementor-col-33 elementor-top-column elementor-element elementor-element-436990d elementor-hidden-phone\" data-id=\"436990d\" data-element_type=\"column\" data-e-type=\"column\">\n\t\t\t<div class=\"elementor-widget-wrap\">\n\t\t\t\t\t\t\t<\/div>\n\t\t<\/div>\n\t\t\t\t\t<\/div>\n\t\t<\/section>\n\t\t\t\t<section class=\"elementor-section elementor-top-section elementor-element elementor-element-d3d255e elementor-section-full_width elementor-reverse-mobile elementor-hidden-phone elementor-section-height-default elementor-section-height-default\" data-id=\"d3d255e\" data-element_type=\"section\" data-e-type=\"section\" id=\"Wir\" data-settings=\"{&quot;background_background&quot;:&quot;classic&quot;}\">\n\t\t\t\t\t\t<div class=\"elementor-container elementor-column-gap-default\">\n\t\t\t\t\t<div class=\"elementor-column elementor-col-33 elementor-top-column elementor-element elementor-element-9803858\" data-id=\"9803858\" data-element_type=\"column\" data-e-type=\"column\">\n\t\t\t<div class=\"elementor-widget-wrap\">\n\t\t\t\t\t\t\t<\/div>\n\t\t<\/div>\n\t\t\t\t<div class=\"elementor-column elementor-col-33 elementor-top-column elementor-element elementor-element-900cedb\" data-id=\"900cedb\" data-element_type=\"column\" data-e-type=\"column\">\n\t\t\t<div class=\"elementor-widget-wrap elementor-element-populated\">\n\t\t\t\t\t\t<div class=\"elementor-element elementor-element-b24c437 elementor-widget elementor-widget-heading\" data-id=\"b24c437\" data-element_type=\"widget\" data-e-type=\"widget\" data-widget_type=\"heading.default\">\n\t\t\t\t<div class=\"elementor-widget-container\">\n\t\t\t\t\t<h2 class=\"elementor-heading-title elementor-size-default\">Die drei Gr\u00fcnderinnen<\/h2>\t\t\t\t<\/div>\n\t\t\t\t<\/div>\n\t\t\t\t\t<\/div>\n\t\t<\/div>\n\t\t\t\t<div class=\"elementor-column elementor-col-33 elementor-top-column elementor-element elementor-element-b234732\" data-id=\"b234732\" data-element_type=\"column\" data-e-type=\"column\">\n\t\t\t<div class=\"elementor-widget-wrap\">\n\t\t\t\t\t\t\t<\/div>\n\t\t<\/div>\n\t\t\t\t\t<\/div>\n\t\t<\/section>\n\t\t\t\t<section class=\"elementor-section elementor-top-section elementor-element elementor-element-55b449e elementor-section-full_width elementor-section-height-default elementor-section-height-default\" data-id=\"55b449e\" data-element_type=\"section\" data-e-type=\"section\" data-settings=\"{&quot;background_background&quot;:&quot;classic&quot;}\">\n\t\t\t\t\t\t<div class=\"elementor-container elementor-column-gap-default\">\n\t\t\t\t\t<div class=\"elementor-column elementor-col-33 elementor-top-column elementor-element elementor-element-da44f5e\" data-id=\"da44f5e\" data-element_type=\"column\" data-e-type=\"column\">\n\t\t\t<div class=\"elementor-widget-wrap\">\n\t\t\t\t\t\t\t<\/div>\n\t\t<\/div>\n\t\t\t\t<div class=\"elementor-column elementor-col-33 elementor-top-column elementor-element elementor-element-429d899\" data-id=\"429d899\" data-element_type=\"column\" data-e-type=\"column\">\n\t\t\t<div class=\"elementor-widget-wrap elementor-element-populated\">\n\t\t\t\t\t\t<div class=\"elementor-element elementor-element-ce3724a elementor-widget elementor-widget-heading\" data-id=\"ce3724a\" data-element_type=\"widget\" data-e-type=\"widget\" data-widget_type=\"heading.default\">\n\t\t\t\t<div class=\"elementor-widget-container\">\n\t\t\t\t\t<h2 class=\"elementor-heading-title elementor-size-default\">Gabriele Scho\u0308nau <br>Dipl. O\u0308kotrophologin<\/h2>\t\t\t\t<\/div>\n\t\t\t\t<\/div>\n\t\t\t\t\t<\/div>\n\t\t<\/div>\n\t\t\t\t<div class=\"elementor-column elementor-col-33 elementor-top-column elementor-element elementor-element-b7bbc7c elementor-hidden-phone\" data-id=\"b7bbc7c\" data-element_type=\"column\" data-e-type=\"column\">\n\t\t\t<div class=\"elementor-widget-wrap\">\n\t\t\t\t\t\t\t<\/div>\n\t\t<\/div>\n\t\t\t\t\t<\/div>\n\t\t<\/section>\n\t\t\t\t<section class=\"elementor-section elementor-top-section elementor-element elementor-element-3a2273b elementor-section-full_width elementor-section-height-default elementor-section-height-default\" data-id=\"3a2273b\" data-element_type=\"section\" data-e-type=\"section\" data-settings=\"{&quot;background_background&quot;:&quot;classic&quot;}\">\n\t\t\t\t\t\t<div class=\"elementor-container elementor-column-gap-default\">\n\t\t\t\t\t<div class=\"elementor-column elementor-col-25 elementor-top-column elementor-element elementor-element-5390070\" data-id=\"5390070\" data-element_type=\"column\" data-e-type=\"column\">\n\t\t\t<div class=\"elementor-widget-wrap elementor-element-populated\">\n\t\t\t\t\t\t<div class=\"elementor-element elementor-element-7f1a563 elementor-widget elementor-widget-image\" data-id=\"7f1a563\" data-element_type=\"widget\" data-e-type=\"widget\" data-widget_type=\"image.default\">\n\t\t\t\t<div class=\"elementor-widget-container\">\n\t\t\t\t\t\t\t\t\t\t\t\t\t\t\t<img loading=\"lazy\" decoding=\"async\" width=\"491\" height=\"455\" src=\"https:\/\/www.wir-im-nordquartier.de\/wp-content\/uploads\/2021\/03\/WGK_Nachbarinnen-02-1.png\" class=\"attachment-full size-full wp-image-617\" alt=\"\" srcset=\"https:\/\/www.wir-im-nordquartier.de\/wp-content\/uploads\/2021\/03\/WGK_Nachbarinnen-02-1.png 491w, https:\/\/www.wir-im-nordquartier.de\/wp-content\/uploads\/2021\/03\/WGK_Nachbarinnen-02-1-300x278.png 300w\" sizes=\"(max-width: 491px) 100vw, 491px\" \/>\t\t\t\t\t\t\t\t\t\t\t\t\t\t\t<\/div>\n\t\t\t\t<\/div>\n\t\t\t\t\t<\/div>\n\t\t<\/div>\n\t\t\t\t<div class=\"elementor-column elementor-col-25 elementor-top-column elementor-element elementor-element-32b6aeb elementor-hidden-tablet\" data-id=\"32b6aeb\" data-element_type=\"column\" data-e-type=\"column\">\n\t\t\t<div class=\"elementor-widget-wrap elementor-element-populated\">\n\t\t\t\t\t\t<div class=\"elementor-element elementor-element-a88d9d9 elementor-widget elementor-widget-image\" data-id=\"a88d9d9\" data-element_type=\"widget\" data-e-type=\"widget\" data-widget_type=\"image.default\">\n\t\t\t\t<div class=\"elementor-widget-container\">\n\t\t\t\t\t\t\t\t\t\t\t\t<figure class=\"wp-caption\">\n\t\t\t\t\t\t\t\t\t\t<img loading=\"lazy\" decoding=\"async\" width=\"1165\" height=\"874\" src=\"https:\/\/www.wir-im-nordquartier.de\/wp-content\/uploads\/2021\/03\/Gabi.jpg\" class=\"attachment-full size-full wp-image-490\" alt=\"\" srcset=\"https:\/\/www.wir-im-nordquartier.de\/wp-content\/uploads\/2021\/03\/Gabi.jpg 1165w, https:\/\/www.wir-im-nordquartier.de\/wp-content\/uploads\/2021\/03\/Gabi-300x225.jpg 300w, https:\/\/www.wir-im-nordquartier.de\/wp-content\/uploads\/2021\/03\/Gabi-1024x768.jpg 1024w, https:\/\/www.wir-im-nordquartier.de\/wp-content\/uploads\/2021\/03\/Gabi-768x576.jpg 768w\" sizes=\"(max-width: 1165px) 100vw, 1165px\" \/>\t\t\t\t\t\t\t\t\t\t\t<figcaption class=\"widget-image-caption wp-caption-text\">Foto: Heike Towae<\/figcaption>\n\t\t\t\t\t\t\t\t\t\t<\/figure>\n\t\t\t\t\t\t\t\t\t<\/div>\n\t\t\t\t<\/div>\n\t\t\t\t\t<\/div>\n\t\t<\/div>\n\t\t\t\t<div class=\"elementor-column elementor-col-25 elementor-top-column elementor-element elementor-element-2e04a36\" data-id=\"2e04a36\" data-element_type=\"column\" data-e-type=\"column\">\n\t\t\t<div class=\"elementor-widget-wrap elementor-element-populated\">\n\t\t\t\t\t\t<div class=\"elementor-element elementor-element-0c709d1 elementor-widget elementor-widget-text-editor\" data-id=\"0c709d1\" data-element_type=\"widget\" data-e-type=\"widget\" data-widget_type=\"text-editor.default\">\n\t\t\t\t<div class=\"elementor-widget-container\">\n\t\t\t\t\t\t\t\t\t<div class=\"page\" title=\"Page 1\"><div class=\"section\"><div class=\"layoutArea\"><div class=\"column\"><div class=\"page\" title=\"Page 1\"><div class=\"section\"><div class=\"layoutArea\"><div class=\"column\"><div class=\"page\" title=\"Page 1\"><div class=\"section\"><div class=\"layoutArea\"><div class=\"column\"><p>Gabriele Scho\u0308nau, Dipl. O\u0308kotrophologin und Mitglied des Vereins \u201eWir im Nordquartier e.V.\u201c engagiert sich seit u\u0308ber drei\u00dfig Jahren beruflich und perso\u0308nlich fu\u0308r ein lebenswertes Mu\u0308lheim-Nord. Mit ihren sozialen, umweltpolitschen und kulturellen Aktionen<br \/>im o\u0308ffentlichen Raum, sozusagen drau\u00dfen vor ihrer Tu\u0308re, wurde Gabi zu einer wichtigen Treibkraft in der Quartiersentwicklung. Fu\u0308r das Umweltpilotprojekt 2011 \u201eHallo Nachbar, danke scho\u0308n!\u201c war sie Ansprechpartnerin vor Ort fu\u0308r die Bewohnerschaft und deren Belange. Seit 2009 ist sie im Vorstand des Vereins \u201enachbarschaft ko\u0308ln-mu\u0308lheim-nord e.V.\u201c, welcher sich u.a. in Zusammenarbeit mit weiteren Multiplikatorinnen und Multiplikatoren aktiv fu\u0308r die Pflege und Entwicklung der Umwelt, Bildung, Kunst und Kultur im Veedel einsetzt. Angetrieben von ihrem, wie es scheint, unermu\u0308dlichen Engagement und gro\u00dfem Einfu\u0308hlungsvermo\u0308gen fu\u0308r die Bedu\u0308rfnisse ihrer Mitmenschen, entwickelte die 60-Ja\u0308hrige die Projektidee fu\u0308r das Kochrad. Ihre tiefe Verankerung im Veedel und ihr weitreichendes Netzwerk ist ein wichtiger Grundstein fu\u0308r das Projekt.<\/p><\/div><\/div><\/div><\/div><\/div><\/div><\/div><\/div><\/div><\/div><\/div><\/div>\t\t\t\t\t\t\t\t<\/div>\n\t\t\t\t<\/div>\n\t\t\t\t\t<\/div>\n\t\t<\/div>\n\t\t\t\t<div class=\"elementor-column elementor-col-25 elementor-top-column elementor-element elementor-element-2c3bd01\" data-id=\"2c3bd01\" data-element_type=\"column\" data-e-type=\"column\">\n\t\t\t<div class=\"elementor-widget-wrap\">\n\t\t\t\t\t\t\t<\/div>\n\t\t<\/div>\n\t\t\t\t\t<\/div>\n\t\t<\/section>\n\t\t\t\t<section class=\"elementor-section elementor-top-section elementor-element elementor-element-f589384 elementor-hidden-desktop elementor-hidden-phone elementor-section-boxed elementor-section-height-default elementor-section-height-default\" data-id=\"f589384\" data-element_type=\"section\" data-e-type=\"section\" data-settings=\"{&quot;background_background&quot;:&quot;classic&quot;}\">\n\t\t\t\t\t\t<div class=\"elementor-container elementor-column-gap-default\">\n\t\t\t\t\t<div class=\"elementor-column elementor-col-100 elementor-top-column elementor-element elementor-element-a570ba2\" data-id=\"a570ba2\" data-element_type=\"column\" data-e-type=\"column\">\n\t\t\t<div class=\"elementor-widget-wrap elementor-element-populated\">\n\t\t\t\t\t\t<div class=\"elementor-element elementor-element-04c7f8a elementor-widget elementor-widget-image\" data-id=\"04c7f8a\" data-element_type=\"widget\" data-e-type=\"widget\" data-widget_type=\"image.default\">\n\t\t\t\t<div class=\"elementor-widget-container\">\n\t\t\t\t\t\t\t\t\t\t\t\t<figure class=\"wp-caption\">\n\t\t\t\t\t\t\t\t\t\t<img loading=\"lazy\" decoding=\"async\" width=\"1024\" height=\"768\" src=\"https:\/\/www.wir-im-nordquartier.de\/wp-content\/uploads\/2021\/03\/cora-1024x768.jpg\" class=\"attachment-large size-large wp-image-489\" alt=\"\" srcset=\"https:\/\/www.wir-im-nordquartier.de\/wp-content\/uploads\/2021\/03\/cora-1024x768.jpg 1024w, https:\/\/www.wir-im-nordquartier.de\/wp-content\/uploads\/2021\/03\/cora-300x225.jpg 300w, https:\/\/www.wir-im-nordquartier.de\/wp-content\/uploads\/2021\/03\/cora-768x576.jpg 768w, https:\/\/www.wir-im-nordquartier.de\/wp-content\/uploads\/2021\/03\/cora.jpg 1165w\" sizes=\"(max-width: 1024px) 100vw, 1024px\" \/>\t\t\t\t\t\t\t\t\t\t\t<figcaption class=\"widget-image-caption wp-caption-text\">Foto: Heike Towae<\/figcaption>\n\t\t\t\t\t\t\t\t\t\t<\/figure>\n\t\t\t\t\t\t\t\t\t<\/div>\n\t\t\t\t<\/div>\n\t\t\t\t\t<\/div>\n\t\t<\/div>\n\t\t\t\t\t<\/div>\n\t\t<\/section>\n\t\t\t\t<section class=\"elementor-section elementor-top-section elementor-element elementor-element-5c84b7c elementor-section-full_width elementor-section-height-default elementor-section-height-default\" data-id=\"5c84b7c\" data-element_type=\"section\" data-e-type=\"section\" data-settings=\"{&quot;background_background&quot;:&quot;classic&quot;}\">\n\t\t\t\t\t\t<div class=\"elementor-container elementor-column-gap-default\">\n\t\t\t\t\t<div class=\"elementor-column elementor-col-33 elementor-top-column elementor-element elementor-element-670c90f\" data-id=\"670c90f\" data-element_type=\"column\" data-e-type=\"column\">\n\t\t\t<div class=\"elementor-widget-wrap\">\n\t\t\t\t\t\t\t<\/div>\n\t\t<\/div>\n\t\t\t\t<div class=\"elementor-column elementor-col-33 elementor-top-column elementor-element elementor-element-472ba8f\" data-id=\"472ba8f\" data-element_type=\"column\" data-e-type=\"column\">\n\t\t\t<div class=\"elementor-widget-wrap elementor-element-populated\">\n\t\t\t\t\t\t<div class=\"elementor-element elementor-element-bb915f3 elementor-widget elementor-widget-heading\" data-id=\"bb915f3\" data-element_type=\"widget\" data-e-type=\"widget\" data-widget_type=\"heading.default\">\n\t\t\t\t<div class=\"elementor-widget-container\">\n\t\t\t\t\t<h2 class=\"elementor-heading-title elementor-size-default\">Cora Pohl <br>Mediengestalterin und Mutter\n<\/h2>\t\t\t\t<\/div>\n\t\t\t\t<\/div>\n\t\t\t\t\t<\/div>\n\t\t<\/div>\n\t\t\t\t<div class=\"elementor-column elementor-col-33 elementor-top-column elementor-element elementor-element-f5f3281 elementor-hidden-phone\" data-id=\"f5f3281\" data-element_type=\"column\" data-e-type=\"column\">\n\t\t\t<div class=\"elementor-widget-wrap\">\n\t\t\t\t\t\t\t<\/div>\n\t\t<\/div>\n\t\t\t\t\t<\/div>\n\t\t<\/section>\n\t\t\t\t<section class=\"elementor-section elementor-top-section elementor-element elementor-element-3d1315b elementor-reverse-mobile elementor-section-full_width elementor-section-height-default elementor-section-height-default\" data-id=\"3d1315b\" data-element_type=\"section\" data-e-type=\"section\" data-settings=\"{&quot;background_background&quot;:&quot;classic&quot;}\">\n\t\t\t\t\t\t<div class=\"elementor-container elementor-column-gap-default\">\n\t\t\t\t\t<div class=\"elementor-column elementor-col-25 elementor-top-column elementor-element elementor-element-3f6b7f4\" data-id=\"3f6b7f4\" data-element_type=\"column\" data-e-type=\"column\">\n\t\t\t<div class=\"elementor-widget-wrap\">\n\t\t\t\t\t\t\t<\/div>\n\t\t<\/div>\n\t\t\t\t<div class=\"elementor-column elementor-col-25 elementor-top-column elementor-element elementor-element-775e0ee\" data-id=\"775e0ee\" data-element_type=\"column\" data-e-type=\"column\">\n\t\t\t<div class=\"elementor-widget-wrap elementor-element-populated\">\n\t\t\t\t\t\t<div class=\"elementor-element elementor-element-283682c elementor-widget elementor-widget-text-editor\" data-id=\"283682c\" data-element_type=\"widget\" data-e-type=\"widget\" data-widget_type=\"text-editor.default\">\n\t\t\t\t<div class=\"elementor-widget-container\">\n\t\t\t\t\t\t\t\t\t<div class=\"page\" title=\"Page 1\"><div class=\"section\"><div class=\"layoutArea\"><div class=\"column\"><div class=\"page\" title=\"Page 1\"><div class=\"section\"><div class=\"layoutArea\"><div class=\"column\"><div class=\"page\" title=\"Page 1\"><div class=\"section\"><div class=\"layoutArea\"><div class=\"column\"><p>Cora Pohl, Mutter von zwei Kindern, Mediengestal- terin und Mitglied des Vereins \u201eWir imNordquartier e.V.\u201c wohnt mit ihrer Familie seit u\u0308ber vier Jahren in Mu\u0308lheim-Nord. Ihre ersten Beru\u0308hrungspunkte mit der Quartiersarbeit machte sie in Zusammenarbeit mit Gabi und vereinzelten Aktionen in der Nachbarschaft. Dort und mit ihrer Mutterschaft erkannte sie, wie wichtig es ist, ein funktionierendes Umfeld um sich zu haben und welchen Mehrwert dieses bietet. Nicht nur fu\u0308r das eigene Familienleben, sondern auch fu\u0308r ihre Mitmenschen. Fu\u0308r Cora war das ein entscheidender Wendepunkt und sie stellte sich die Frage: \u201eWie kann ich mich in Zukunft perso\u0308nlich und auch beruflich fu\u0308r einen sta\u0308rkeren sozialen und gesellschaftlichen Zusammenhalt hier im Quartier einsetzen?\u201c Fu\u0308r die 32-Ja\u0308hrige ist das Kochrad ein zukunftsfa\u0308higes Projekt, mit dem mehrere soziale, gesundheitliche und gesellschaftliche Aspekte gleichzeitig verbunden sind: Wissensvermittlung von gesunder Erna\u0308hrung an unsere ju\u0308ngere Generation, Pra\u0308senz im Veedel, Anlaufstelle in der Nachbarschaft fu\u0308r offene Gespra\u0308che und nicht zuletzt unseren Kindern eine lebenswerte Umgebung fu\u0308r die Zukunft zu schaffen.<\/p><\/div><\/div><\/div><\/div><\/div><\/div><\/div><\/div><\/div><\/div><\/div><\/div>\t\t\t\t\t\t\t\t<\/div>\n\t\t\t\t<\/div>\n\t\t\t\t\t<\/div>\n\t\t<\/div>\n\t\t\t\t<div class=\"elementor-column elementor-col-25 elementor-top-column elementor-element elementor-element-1ffae48 elementor-hidden-tablet\" data-id=\"1ffae48\" data-element_type=\"column\" data-e-type=\"column\">\n\t\t\t<div class=\"elementor-widget-wrap elementor-element-populated\">\n\t\t\t\t\t\t<div class=\"elementor-element elementor-element-899e597 elementor-widget elementor-widget-image\" data-id=\"899e597\" data-element_type=\"widget\" data-e-type=\"widget\" data-widget_type=\"image.default\">\n\t\t\t\t<div class=\"elementor-widget-container\">\n\t\t\t\t\t\t\t\t\t\t\t\t<figure class=\"wp-caption\">\n\t\t\t\t\t\t\t\t\t\t<img loading=\"lazy\" decoding=\"async\" width=\"1165\" height=\"874\" src=\"https:\/\/www.wir-im-nordquartier.de\/wp-content\/uploads\/2021\/03\/cora.jpg\" class=\"attachment-full size-full wp-image-489\" alt=\"\" srcset=\"https:\/\/www.wir-im-nordquartier.de\/wp-content\/uploads\/2021\/03\/cora.jpg 1165w, https:\/\/www.wir-im-nordquartier.de\/wp-content\/uploads\/2021\/03\/cora-300x225.jpg 300w, https:\/\/www.wir-im-nordquartier.de\/wp-content\/uploads\/2021\/03\/cora-1024x768.jpg 1024w, https:\/\/www.wir-im-nordquartier.de\/wp-content\/uploads\/2021\/03\/cora-768x576.jpg 768w\" sizes=\"(max-width: 1165px) 100vw, 1165px\" \/>\t\t\t\t\t\t\t\t\t\t\t<figcaption class=\"widget-image-caption wp-caption-text\">Foto: Heike Towae<\/figcaption>\n\t\t\t\t\t\t\t\t\t\t<\/figure>\n\t\t\t\t\t\t\t\t\t<\/div>\n\t\t\t\t<\/div>\n\t\t\t\t\t<\/div>\n\t\t<\/div>\n\t\t\t\t<div class=\"elementor-column elementor-col-25 elementor-top-column elementor-element elementor-element-205e256\" data-id=\"205e256\" data-element_type=\"column\" data-e-type=\"column\">\n\t\t\t<div class=\"elementor-widget-wrap elementor-element-populated\">\n\t\t\t\t\t\t<div class=\"elementor-element elementor-element-18766d0 elementor-widget elementor-widget-image\" data-id=\"18766d0\" data-element_type=\"widget\" data-e-type=\"widget\" data-widget_type=\"image.default\">\n\t\t\t\t<div class=\"elementor-widget-container\">\n\t\t\t\t\t\t\t\t\t\t\t\t\t\t\t<img loading=\"lazy\" decoding=\"async\" width=\"459\" height=\"526\" src=\"https:\/\/www.wir-im-nordquartier.de\/wp-content\/uploads\/2021\/03\/WGK_Nachbarinnen-03-1.png\" class=\"attachment-full size-full wp-image-618\" alt=\"\" srcset=\"https:\/\/www.wir-im-nordquartier.de\/wp-content\/uploads\/2021\/03\/WGK_Nachbarinnen-03-1.png 459w, https:\/\/www.wir-im-nordquartier.de\/wp-content\/uploads\/2021\/03\/WGK_Nachbarinnen-03-1-262x300.png 262w\" sizes=\"(max-width: 459px) 100vw, 459px\" \/>\t\t\t\t\t\t\t\t\t\t\t\t\t\t\t<\/div>\n\t\t\t\t<\/div>\n\t\t\t\t\t<\/div>\n\t\t<\/div>\n\t\t\t\t\t<\/div>\n\t\t<\/section>\n\t\t\t\t<section class=\"elementor-section elementor-top-section elementor-element elementor-element-d051ea9 elementor-hidden-desktop elementor-hidden-phone elementor-section-boxed elementor-section-height-default elementor-section-height-default\" data-id=\"d051ea9\" data-element_type=\"section\" data-e-type=\"section\" data-settings=\"{&quot;background_background&quot;:&quot;classic&quot;}\">\n\t\t\t\t\t\t<div class=\"elementor-container elementor-column-gap-default\">\n\t\t\t\t\t<div class=\"elementor-column elementor-col-100 elementor-top-column elementor-element elementor-element-845137b\" data-id=\"845137b\" data-element_type=\"column\" data-e-type=\"column\">\n\t\t\t<div class=\"elementor-widget-wrap elementor-element-populated\">\n\t\t\t\t\t\t<div class=\"elementor-element elementor-element-e6e7456 elementor-widget elementor-widget-image\" data-id=\"e6e7456\" data-element_type=\"widget\" data-e-type=\"widget\" data-widget_type=\"image.default\">\n\t\t\t\t<div class=\"elementor-widget-container\">\n\t\t\t\t\t\t\t\t\t\t\t\t<figure class=\"wp-caption\">\n\t\t\t\t\t\t\t\t\t\t<img loading=\"lazy\" decoding=\"async\" width=\"1024\" height=\"768\" src=\"https:\/\/www.wir-im-nordquartier.de\/wp-content\/uploads\/2021\/03\/Julia-1024x768.jpg\" class=\"attachment-large size-large wp-image-491\" alt=\"\" srcset=\"https:\/\/www.wir-im-nordquartier.de\/wp-content\/uploads\/2021\/03\/Julia-1024x768.jpg 1024w, https:\/\/www.wir-im-nordquartier.de\/wp-content\/uploads\/2021\/03\/Julia-300x225.jpg 300w, https:\/\/www.wir-im-nordquartier.de\/wp-content\/uploads\/2021\/03\/Julia-768x576.jpg 768w, https:\/\/www.wir-im-nordquartier.de\/wp-content\/uploads\/2021\/03\/Julia.jpg 1165w\" sizes=\"(max-width: 1024px) 100vw, 1024px\" \/>\t\t\t\t\t\t\t\t\t\t\t<figcaption class=\"widget-image-caption wp-caption-text\">Foto: Heike Towae<\/figcaption>\n\t\t\t\t\t\t\t\t\t\t<\/figure>\n\t\t\t\t\t\t\t\t\t<\/div>\n\t\t\t\t<\/div>\n\t\t\t\t\t<\/div>\n\t\t<\/div>\n\t\t\t\t\t<\/div>\n\t\t<\/section>\n\t\t\t\t<section class=\"elementor-section elementor-top-section elementor-element elementor-element-177e2c8 elementor-section-full_width elementor-section-height-default elementor-section-height-default\" data-id=\"177e2c8\" data-element_type=\"section\" data-e-type=\"section\" data-settings=\"{&quot;background_background&quot;:&quot;classic&quot;}\">\n\t\t\t\t\t\t<div class=\"elementor-container elementor-column-gap-default\">\n\t\t\t\t\t<div class=\"elementor-column elementor-col-33 elementor-top-column elementor-element elementor-element-f886089\" data-id=\"f886089\" data-element_type=\"column\" data-e-type=\"column\">\n\t\t\t<div class=\"elementor-widget-wrap\">\n\t\t\t\t\t\t\t<\/div>\n\t\t<\/div>\n\t\t\t\t<div class=\"elementor-column elementor-col-33 elementor-top-column elementor-element elementor-element-6186b51\" data-id=\"6186b51\" data-element_type=\"column\" data-e-type=\"column\">\n\t\t\t<div class=\"elementor-widget-wrap elementor-element-populated\">\n\t\t\t\t\t\t<div class=\"elementor-element elementor-element-7bad51c elementor-widget elementor-widget-heading\" data-id=\"7bad51c\" data-element_type=\"widget\" data-e-type=\"widget\" data-widget_type=\"heading.default\">\n\t\t\t\t<div class=\"elementor-widget-container\">\n\t\t\t\t\t<h2 class=\"elementor-heading-title elementor-size-default\">Julia Scherzl <br>Social Designerin<\/h2>\t\t\t\t<\/div>\n\t\t\t\t<\/div>\n\t\t\t\t\t<\/div>\n\t\t<\/div>\n\t\t\t\t<div class=\"elementor-column elementor-col-33 elementor-top-column elementor-element elementor-element-b186b15 elementor-hidden-phone\" data-id=\"b186b15\" data-element_type=\"column\" data-e-type=\"column\">\n\t\t\t<div class=\"elementor-widget-wrap\">\n\t\t\t\t\t\t\t<\/div>\n\t\t<\/div>\n\t\t\t\t\t<\/div>\n\t\t<\/section>\n\t\t\t\t<section class=\"elementor-section elementor-top-section elementor-element elementor-element-6847b3c elementor-section-full_width elementor-section-height-default elementor-section-height-default\" data-id=\"6847b3c\" data-element_type=\"section\" data-e-type=\"section\" data-settings=\"{&quot;background_background&quot;:&quot;classic&quot;}\">\n\t\t\t\t\t\t<div class=\"elementor-container elementor-column-gap-default\">\n\t\t\t\t\t<div class=\"elementor-column elementor-col-25 elementor-top-column elementor-element elementor-element-5a5f511\" data-id=\"5a5f511\" data-element_type=\"column\" data-e-type=\"column\">\n\t\t\t<div class=\"elementor-widget-wrap elementor-element-populated\">\n\t\t\t\t\t\t<div class=\"elementor-element elementor-element-f7b271d elementor-widget elementor-widget-image\" data-id=\"f7b271d\" data-element_type=\"widget\" data-e-type=\"widget\" data-widget_type=\"image.default\">\n\t\t\t\t<div class=\"elementor-widget-container\">\n\t\t\t\t\t\t\t\t\t\t\t\t\t\t\t<img loading=\"lazy\" decoding=\"async\" width=\"459\" height=\"455\" src=\"https:\/\/www.wir-im-nordquartier.de\/wp-content\/uploads\/2021\/03\/WGK_Nachbarinnen-04-1.png\" class=\"attachment-full size-full wp-image-613\" alt=\"\" srcset=\"https:\/\/www.wir-im-nordquartier.de\/wp-content\/uploads\/2021\/03\/WGK_Nachbarinnen-04-1.png 459w, https:\/\/www.wir-im-nordquartier.de\/wp-content\/uploads\/2021\/03\/WGK_Nachbarinnen-04-1-300x297.png 300w, https:\/\/www.wir-im-nordquartier.de\/wp-content\/uploads\/2021\/03\/WGK_Nachbarinnen-04-1-150x150.png 150w\" sizes=\"(max-width: 459px) 100vw, 459px\" \/>\t\t\t\t\t\t\t\t\t\t\t\t\t\t\t<\/div>\n\t\t\t\t<\/div>\n\t\t\t\t\t<\/div>\n\t\t<\/div>\n\t\t\t\t<div class=\"elementor-column elementor-col-25 elementor-top-column elementor-element elementor-element-5ac652d elementor-hidden-tablet\" data-id=\"5ac652d\" data-element_type=\"column\" data-e-type=\"column\">\n\t\t\t<div class=\"elementor-widget-wrap elementor-element-populated\">\n\t\t\t\t\t\t<div class=\"elementor-element elementor-element-35e79a6 elementor-widget elementor-widget-image\" data-id=\"35e79a6\" data-element_type=\"widget\" data-e-type=\"widget\" data-widget_type=\"image.default\">\n\t\t\t\t<div class=\"elementor-widget-container\">\n\t\t\t\t\t\t\t\t\t\t\t\t<figure class=\"wp-caption\">\n\t\t\t\t\t\t\t\t\t\t<img loading=\"lazy\" decoding=\"async\" width=\"1024\" height=\"768\" src=\"https:\/\/www.wir-im-nordquartier.de\/wp-content\/uploads\/2021\/03\/Julia-1024x768.jpg\" class=\"attachment-large size-large wp-image-491\" alt=\"\" srcset=\"https:\/\/www.wir-im-nordquartier.de\/wp-content\/uploads\/2021\/03\/Julia-1024x768.jpg 1024w, https:\/\/www.wir-im-nordquartier.de\/wp-content\/uploads\/2021\/03\/Julia-300x225.jpg 300w, https:\/\/www.wir-im-nordquartier.de\/wp-content\/uploads\/2021\/03\/Julia-768x576.jpg 768w, https:\/\/www.wir-im-nordquartier.de\/wp-content\/uploads\/2021\/03\/Julia.jpg 1165w\" sizes=\"(max-width: 1024px) 100vw, 1024px\" \/>\t\t\t\t\t\t\t\t\t\t\t<figcaption class=\"widget-image-caption wp-caption-text\">Foto: Heike Towae<\/figcaption>\n\t\t\t\t\t\t\t\t\t\t<\/figure>\n\t\t\t\t\t\t\t\t\t<\/div>\n\t\t\t\t<\/div>\n\t\t\t\t\t<\/div>\n\t\t<\/div>\n\t\t\t\t<div class=\"elementor-column elementor-col-25 elementor-top-column elementor-element elementor-element-f249b53\" data-id=\"f249b53\" data-element_type=\"column\" data-e-type=\"column\">\n\t\t\t<div class=\"elementor-widget-wrap elementor-element-populated\">\n\t\t\t\t\t\t<div class=\"elementor-element elementor-element-4dab871 elementor-widget elementor-widget-text-editor\" data-id=\"4dab871\" data-element_type=\"widget\" data-e-type=\"widget\" data-widget_type=\"text-editor.default\">\n\t\t\t\t<div class=\"elementor-widget-container\">\n\t\t\t\t\t\t\t\t\t<div class=\"page\" title=\"Page 1\"><div class=\"section\"><div class=\"layoutArea\"><div class=\"column\"><div class=\"page\" title=\"Page 1\"><div class=\"section\"><div class=\"layoutArea\"><div class=\"column\"><div class=\"page\" title=\"Page 1\"><div class=\"section\"><div class=\"layoutArea\"><div class=\"column\"><div class=\"page\" title=\"Page 1\"><div class=\"section\"><div class=\"layoutArea\"><div class=\"column\"><p>Julia Scherzl, Social Designerin und Mitglied des Vereins \u201eWir im Nordquartier e.V.\u201c, urspru\u0308nglich aus einem Mini-Dorf in Oberbayern, zog vor zwei Jahren nach Mu\u0308lheim-Nord. Die 27-Ja\u0308hrige Designerin setzt einen Schwerpunkt auf stadtentwicklungspolitische Themen. Ihr ist es ein Anliegen, den Bewohnerinnen und Bewohnern zu zeigen, dass sta\u0308dtischer Raum von Menschenhand gemacht ist und dass er vera\u0308nder- und gestaltbar ist. Julia entwickelte 2020 das Kunst- und Partizipationsprojekt \u201eSunflower Evolution\u201c fu\u0308r die Kinder aus Mu\u0308lheim-Nord mit. Die Designerin verwandelte gemeinsam mit den Kindern eine triste Stra\u00dfe in ein Blumenmeer aus 1000 Sonnenblumen. Das Projekt wurde gefo\u0308rdert vom Verfu\u0308gungsfonds \u201eStarke Veedel &#8211; Starkes Ko\u0308ln\u201c. Fu\u0308r Julia ist das Ku\u0308chenmobil \u201eWie geht\u2019s?\u201c eine Chance fu\u0308r das Veedel und deren Bewohnerschaft. Es braucht positive Impulse und ein inspirierendes Umfeld fu\u0308r die Entwicklung eines Stadtviertels. Das muss auf Augenho\u0308he mit den Nachbarinnen und Nachbarn geschehen.<\/p><\/div><\/div><\/div><\/div><\/div><\/div><\/div><\/div><\/div><\/div><\/div><\/div><\/div><\/div><\/div><\/div>\t\t\t\t\t\t\t\t<\/div>\n\t\t\t\t<\/div>\n\t\t\t\t\t<\/div>\n\t\t<\/div>\n\t\t\t\t<div class=\"elementor-column elementor-col-25 elementor-top-column elementor-element elementor-element-61c3afb\" data-id=\"61c3afb\" data-element_type=\"column\" data-e-type=\"column\">\n\t\t\t<div class=\"elementor-widget-wrap\">\n\t\t\t\t\t\t\t<\/div>\n\t\t<\/div>\n\t\t\t\t\t<\/div>\n\t\t<\/section>\n\t\t\t\t<section class=\"elementor-section elementor-top-section elementor-element elementor-element-d7e7279 elementor-section-full_width elementor-section-height-default elementor-section-height-default\" data-id=\"d7e7279\" data-element_type=\"section\" data-e-type=\"section\" id=\"Spendenkonto\" data-settings=\"{&quot;background_background&quot;:&quot;classic&quot;}\">\n\t\t\t\t\t\t<div class=\"elementor-container elementor-column-gap-default\">\n\t\t\t\t\t<div class=\"elementor-column elementor-col-33 elementor-top-column elementor-element elementor-element-2961bd0\" data-id=\"2961bd0\" data-element_type=\"column\" data-e-type=\"column\">\n\t\t\t<div class=\"elementor-widget-wrap\">\n\t\t\t\t\t\t\t<\/div>\n\t\t<\/div>\n\t\t\t\t<div class=\"elementor-column elementor-col-33 elementor-top-column elementor-element elementor-element-ab44273\" data-id=\"ab44273\" data-element_type=\"column\" data-e-type=\"column\">\n\t\t\t<div class=\"elementor-widget-wrap elementor-element-populated\">\n\t\t\t\t\t\t<div class=\"elementor-element elementor-element-3a1469e elementor-widget elementor-widget-heading\" data-id=\"3a1469e\" data-element_type=\"widget\" data-e-type=\"widget\" data-widget_type=\"heading.default\">\n\t\t\t\t<div class=\"elementor-widget-container\">\n\t\t\t\t\t<h2 class=\"elementor-heading-title elementor-size-default\">Unser Spendenkonto\n\nWir im Nordquartier e.V.\nPSD Bank West\nIBAN: DE55 3706 0993 4939 2236 00\nBIC: GENO DEF1 P13<\/h2>\t\t\t\t<\/div>\n\t\t\t\t<\/div>\n\t\t\t\t\t<\/div>\n\t\t<\/div>\n\t\t\t\t<div class=\"elementor-column elementor-col-33 elementor-top-column elementor-element elementor-element-0cbeab8\" data-id=\"0cbeab8\" data-element_type=\"column\" data-e-type=\"column\">\n\t\t\t<div class=\"elementor-widget-wrap\">\n\t\t\t\t\t\t\t<\/div>\n\t\t<\/div>\n\t\t\t\t\t<\/div>\n\t\t<\/section>\n\t\t\t\t<section class=\"elementor-section elementor-top-section elementor-element elementor-element-0ce3bb4 elementor-section-full_width elementor-section-height-default elementor-section-height-default\" data-id=\"0ce3bb4\" data-element_type=\"section\" data-e-type=\"section\" data-settings=\"{&quot;background_background&quot;:&quot;classic&quot;}\">\n\t\t\t\t\t\t<div class=\"elementor-container elementor-column-gap-default\">\n\t\t\t\t\t<div class=\"elementor-column elementor-col-100 elementor-top-column elementor-element elementor-element-7d83f78\" data-id=\"7d83f78\" data-element_type=\"column\" data-e-type=\"column\">\n\t\t\t<div class=\"elementor-widget-wrap elementor-element-populated\">\n\t\t\t\t\t\t<div class=\"elementor-element elementor-element-a445ec5 elementor-widget elementor-widget-image\" data-id=\"a445ec5\" data-element_type=\"widget\" data-e-type=\"widget\" data-widget_type=\"image.default\">\n\t\t\t\t<div class=\"elementor-widget-container\">\n\t\t\t\t\t\t\t\t\t\t\t\t\t\t\t<img loading=\"lazy\" decoding=\"async\" width=\"245\" height=\"227\" src=\"https:\/\/www.wir-im-nordquartier.de\/wp-content\/uploads\/2021\/03\/WGK_Nachbarinnen-02.png\" class=\"attachment-full size-full wp-image-562\" alt=\"\" \/>\t\t\t\t\t\t\t\t\t\t\t\t\t\t\t<\/div>\n\t\t\t\t<\/div>\n\t\t\t\t\t<\/div>\n\t\t<\/div>\n\t\t\t\t\t<\/div>\n\t\t<\/section>\n\t\t\t\t<section class=\"elementor-section elementor-top-section elementor-element elementor-element-be8ede7 elementor-section-full_width elementor-section-height-default elementor-section-height-default\" data-id=\"be8ede7\" data-element_type=\"section\" data-e-type=\"section\" id=\"Crowdfunding Kampagne\" data-settings=\"{&quot;background_background&quot;:&quot;classic&quot;}\">\n\t\t\t\t\t\t<div class=\"elementor-container elementor-column-gap-default\">\n\t\t\t\t\t<div class=\"elementor-column elementor-col-33 elementor-top-column elementor-element elementor-element-c27dc78\" data-id=\"c27dc78\" data-element_type=\"column\" data-e-type=\"column\">\n\t\t\t<div class=\"elementor-widget-wrap\">\n\t\t\t\t\t\t\t<\/div>\n\t\t<\/div>\n\t\t\t\t<div class=\"elementor-column elementor-col-33 elementor-top-column elementor-element elementor-element-0c48b8e\" data-id=\"0c48b8e\" data-element_type=\"column\" data-e-type=\"column\">\n\t\t\t<div class=\"elementor-widget-wrap elementor-element-populated\">\n\t\t\t\t\t\t<div class=\"elementor-element elementor-element-ea5ba04 elementor-widget elementor-widget-heading\" data-id=\"ea5ba04\" data-element_type=\"widget\" data-e-type=\"widget\" data-widget_type=\"heading.default\">\n\t\t\t\t<div class=\"elementor-widget-container\">\n\t\t\t\t\t<h2 class=\"elementor-heading-title elementor-size-default\">Folge uns auf Instagram und Facebook und erfahre noch mehr u\u0308ber Mu\u0308lheim-Nord, das Ku\u0308chenmobil und uns.<\/h2>\t\t\t\t<\/div>\n\t\t\t\t<\/div>\n\t\t\t\t\t<\/div>\n\t\t<\/div>\n\t\t\t\t<div class=\"elementor-column elementor-col-33 elementor-top-column elementor-element elementor-element-cb101e5\" data-id=\"cb101e5\" data-element_type=\"column\" data-e-type=\"column\">\n\t\t\t<div class=\"elementor-widget-wrap\">\n\t\t\t\t\t\t\t<\/div>\n\t\t<\/div>\n\t\t\t\t\t<\/div>\n\t\t<\/section>\n\t\t\t\t<section class=\"elementor-section elementor-top-section elementor-element elementor-element-3dfc7ab elementor-section-full_width elementor-section-content-middle elementor-section-height-default elementor-section-height-default\" data-id=\"3dfc7ab\" data-element_type=\"section\" data-e-type=\"section\" data-settings=\"{&quot;background_background&quot;:&quot;classic&quot;}\">\n\t\t\t\t\t\t<div class=\"elementor-container elementor-column-gap-default\">\n\t\t\t\t\t<div class=\"elementor-column elementor-col-100 elementor-top-column elementor-element elementor-element-7aeb389\" data-id=\"7aeb389\" data-element_type=\"column\" data-e-type=\"column\">\n\t\t\t<div class=\"elementor-widget-wrap elementor-element-populated\">\n\t\t\t\t\t\t<div class=\"elementor-element elementor-element-99b789b elementor-shape-circle elementor-grid-mobile-0 e-grid-align-mobile-center elementor-grid-0 e-grid-align-center elementor-widget elementor-widget-social-icons\" data-id=\"99b789b\" data-element_type=\"widget\" data-e-type=\"widget\" data-widget_type=\"social-icons.default\">\n\t\t\t\t<div class=\"elementor-widget-container\">\n\t\t\t\t\t\t\t<div class=\"elementor-social-icons-wrapper elementor-grid\" role=\"list\">\n\t\t\t\t\t\t\t<span class=\"elementor-grid-item\" role=\"listitem\">\n\t\t\t\t\t<a class=\"elementor-icon elementor-social-icon elementor-social-icon-facebook elementor-animation-pulse elementor-repeater-item-2cfe639\" href=\"https:\/\/www.facebook.com\/wirimnordquartier\" target=\"_blank\">\n\t\t\t\t\t\t<span class=\"elementor-screen-only\">Facebook<\/span>\n\t\t\t\t\t\t<i aria-hidden=\"true\" class=\"fab fa-facebook\"><\/i>\t\t\t\t\t<\/a>\n\t\t\t\t<\/span>\n\t\t\t\t\t\t\t<span class=\"elementor-grid-item\" role=\"listitem\">\n\t\t\t\t\t<a class=\"elementor-icon elementor-social-icon elementor-social-icon-instagram elementor-animation-pulse elementor-repeater-item-598dff8\" href=\"https:\/\/www.instagram.com\/wir_im_nordquartier\/\" target=\"_blank\">\n\t\t\t\t\t\t<span class=\"elementor-screen-only\">Instagram<\/span>\n\t\t\t\t\t\t<i aria-hidden=\"true\" class=\"fab fa-instagram\"><\/i>\t\t\t\t\t<\/a>\n\t\t\t\t<\/span>\n\t\t\t\t\t<\/div>\n\t\t\t\t\t\t<\/div>\n\t\t\t\t<\/div>\n\t\t\t\t\t<\/div>\n\t\t<\/div>\n\t\t\t\t\t<\/div>\n\t\t<\/section>\n\t\t\t\t<section class=\"elementor-section elementor-top-section elementor-element elementor-element-3a4b922 elementor-section-full_width elementor-section-height-default elementor-section-height-default\" data-id=\"3a4b922\" data-element_type=\"section\" data-e-type=\"section\" data-settings=\"{&quot;background_background&quot;:&quot;classic&quot;}\">\n\t\t\t\t\t\t<div class=\"elementor-container elementor-column-gap-default\">\n\t\t\t\t\t<div class=\"elementor-column elementor-col-16 elementor-top-column elementor-element elementor-element-8ca20f4\" data-id=\"8ca20f4\" data-element_type=\"column\" data-e-type=\"column\">\n\t\t\t<div class=\"elementor-widget-wrap\">\n\t\t\t\t\t\t\t<\/div>\n\t\t<\/div>\n\t\t\t\t<div class=\"elementor-column elementor-col-66 elementor-top-column elementor-element elementor-element-cddc30f\" data-id=\"cddc30f\" data-element_type=\"column\" data-e-type=\"column\">\n\t\t\t<div class=\"elementor-widget-wrap elementor-element-populated\">\n\t\t\t\t\t\t<div class=\"elementor-element elementor-element-8d19b6a elementor-widget elementor-widget-text-editor\" data-id=\"8d19b6a\" data-element_type=\"widget\" data-e-type=\"widget\" data-widget_type=\"text-editor.default\">\n\t\t\t\t<div class=\"elementor-widget-container\">\n\t\t\t\t\t\t\t\t\t<p>Bisher konnten wir folgende KooperrationspartnerInnen f\u00fcr unser Projekt gewinnen: Die GAG Immobilien AG, das Kolpingwerk im Erzbistum K\u00f6ln e.V. und die Sozialraumkoordination M\u00fclheim-Nord\/Keupstra\u00dfe.<\/p><p>Unser Projekt wird unterst\u00fctzt von: gesundheitsladen k\u00f6ln e.V.<\/p>\t\t\t\t\t\t\t\t<\/div>\n\t\t\t\t<\/div>\n\t\t\t\t\t<\/div>\n\t\t<\/div>\n\t\t\t\t<div class=\"elementor-column elementor-col-16 elementor-top-column elementor-element elementor-element-134234a\" data-id=\"134234a\" data-element_type=\"column\" data-e-type=\"column\">\n\t\t\t<div class=\"elementor-widget-wrap\">\n\t\t\t\t\t\t\t<\/div>\n\t\t<\/div>\n\t\t\t\t\t<\/div>\n\t\t<\/section>\n\t\t\t\t<section class=\"elementor-section elementor-top-section elementor-element elementor-element-142d2ea elementor-section-boxed elementor-section-height-default elementor-section-height-default\" data-id=\"142d2ea\" data-element_type=\"section\" data-e-type=\"section\">\n\t\t\t\t\t\t<div class=\"elementor-container elementor-column-gap-default\">\n\t\t\t\t\t<div class=\"elementor-column elementor-col-100 elementor-top-column elementor-element elementor-element-8403fe3\" data-id=\"8403fe3\" data-element_type=\"column\" data-e-type=\"column\">\n\t\t\t<div class=\"elementor-widget-wrap elementor-element-populated\">\n\t\t\t\t\t\t<div class=\"elementor-element elementor-element-3c56bbb elementor-widget elementor-widget-image\" data-id=\"3c56bbb\" data-element_type=\"widget\" data-e-type=\"widget\" data-widget_type=\"image.default\">\n\t\t\t\t<div class=\"elementor-widget-container\">\n\t\t\t\t\t\t\t\t\t\t\t\t\t\t\t<img decoding=\"async\" src=\"https:\/\/www.wir-im-nordquartier.de\/wp-content\/plugins\/elementor\/assets\/images\/placeholder.png\" title=\"\" alt=\"\" loading=\"lazy\" \/>\t\t\t\t\t\t\t\t\t\t\t\t\t\t\t<\/div>\n\t\t\t\t<\/div>\n\t\t\t\t\t<\/div>\n\t\t<\/div>\n\t\t\t\t\t<\/div>\n\t\t<\/section>\n\t\t\t\t<\/div>\n\t\t","protected":false},"excerpt":{"rendered":"<p>K\u00f6ln M\u00fclheim-Nord Regelm\u00e4\u00dfig K\u00fcchenmobil Aktuelle Angebote Frische K\u00fcche 3-5 Euro pro Mahlzeit optional vegetarisch alle zwei Wochen kostenlos F\u00fcr Familien der Grundschule Langema\u00df jeden 2. und 4. Freitag. Kostenlos Nur [&hellip;]<\/p>\n","protected":false},"author":1,"featured_media":0,"parent":0,"menu_order":0,"comment_status":"closed","ping_status":"closed","template":"elementor_header_footer","meta":{"_EventAllDay":false,"_EventTimezone":"","_EventStartDate":"","_EventEndDate":"","_EventStartDateUTC":"","_EventEndDateUTC":"","_EventShowMap":false,"_EventShowMapLink":false,"_EventURL":"","_EventCost":"","_EventCostDescription":"","_EventCurrencySymbol":"","_EventCurrencyCode":"","_EventCurrencyPosition":"","_EventDateTimeSeparator":"","_EventTimeRangeSeparator":"","_EventOrganizerID":[],"_EventVenueID":[],"_OrganizerEmail":"","_OrganizerPhone":"","_OrganizerWebsite":"","_VenueAddress":"","_VenueCity":"","_VenueCountry":"","_VenueProvince":"","_VenueState":"","_VenueZip":"","_VenuePhone":"","_VenueURL":"","_VenueStateProvince":"","_VenueLat":"","_VenueLng":"","_VenueShowMap":false,"_VenueShowMapLink":false,"footnotes":""},"class_list":["post-5","page","type-page","status-publish","hentry","entry"],"_links":{"self":[{"href":"https:\/\/www.wir-im-nordquartier.de\/index.php?rest_route=\/wp\/v2\/pages\/5","targetHints":{"allow":["GET"]}}],"collection":[{"href":"https:\/\/www.wir-im-nordquartier.de\/index.php?rest_route=\/wp\/v2\/pages"}],"about":[{"href":"https:\/\/www.wir-im-nordquartier.de\/index.php?rest_route=\/wp\/v2\/types\/page"}],"author":[{"embeddable":true,"href":"https:\/\/www.wir-im-nordquartier.de\/index.php?rest_route=\/wp\/v2\/users\/1"}],"replies":[{"embeddable":true,"href":"https:\/\/www.wir-im-nordquartier.de\/index.php?rest_route=%2Fwp%2Fv2%2Fcomments&post=5"}],"version-history":[{"count":10,"href":"https:\/\/www.wir-im-nordquartier.de\/index.php?rest_route=\/wp\/v2\/pages\/5\/revisions"}],"predecessor-version":[{"id":1682,"href":"https:\/\/www.wir-im-nordquartier.de\/index.php?rest_route=\/wp\/v2\/pages\/5\/revisions\/1682"}],"wp:attachment":[{"href":"https:\/\/www.wir-im-nordquartier.de\/index.php?rest_route=%2Fwp%2Fv2%2Fmedia&parent=5"}],"curies":[{"name":"wp","href":"https:\/\/api.w.org\/{rel}","templated":true}]}}